{"id":13355,"date":"2018-09-12T13:53:26","date_gmt":"2018-09-12T13:53:26","guid":{"rendered":"https:\/\/en-desarrollo.eu\/southcamper\/datenschutz\/"},"modified":"2023-02-05T09:16:05","modified_gmt":"2023-02-05T09:16:05","slug":"datenschutz","status":"publish","type":"page","link":"https:\/\/southcamper.com\/de\/datenschutz\/","title":{"rendered":"DATENSCHUTZ"},"content":{"rendered":"\t\t<div data-elementor-type=\"wp-page\" data-elementor-id=\"13355\" class=\"elementor elementor-13355 elementor-978\" data-elementor-post-type=\"page\">\n\t\t\t\t<div class=\"elementor-element elementor-element-c9d05b4 e-con-full e-flex e-con e-parent\" data-id=\"c9d05b4\" data-element_type=\"container\" data-e-type=\"container\">\n\t\t<div class=\"elementor-element elementor-element-a580453 e-con-full e-flex e-con e-parent\" data-id=\"a580453\" data-element_type=\"container\" data-e-type=\"container\">\n\t\t\t\t<div class=\"elementor-element elementor-element-2514909 elementor-widget elementor-widget-image\" data-id=\"2514909\" data-element_type=\"widget\" data-e-type=\"widget\" data-widget_type=\"image.default\">\n\t\t\t\t<div class=\"elementor-widget-container\">\n\t\t\t\t\t\t\t\t\t\t\t\t\t\t\t<img fetchpriority=\"high\" decoding=\"async\" width=\"2000\" height=\"462\" src=\"https:\/\/southcamper.com\/wp-content\/uploads\/2022\/11\/sobre-nosotros.jpg\" class=\"attachment-full size-full wp-image-11260\" alt=\"\" srcset=\"https:\/\/southcamper.com\/wp-content\/uploads\/2022\/11\/sobre-nosotros.jpg 2000w, https:\/\/southcamper.com\/wp-content\/uploads\/2022\/11\/sobre-nosotros-500x116.jpg 500w, https:\/\/southcamper.com\/wp-content\/uploads\/2022\/11\/sobre-nosotros-1024x237.jpg 1024w, https:\/\/southcamper.com\/wp-content\/uploads\/2022\/11\/sobre-nosotros-768x177.jpg 768w, https:\/\/southcamper.com\/wp-content\/uploads\/2022\/11\/sobre-nosotros-1536x355.jpg 1536w\" sizes=\"(max-width: 2000px) 100vw, 2000px\" \/>\t\t\t\t\t\t\t\t\t\t\t\t\t\t\t<\/div>\n\t\t\t\t<\/div>\n\t\t\t\t<\/div>\n\t\t\t\t<\/div>\n\t\t\t\t<section class=\"elementor-section elementor-top-section elementor-element elementor-element-21d4265 elementor-section-boxed elementor-section-height-default elementor-section-height-default\" data-id=\"21d4265\" data-element_type=\"section\" data-e-type=\"section\">\n\t\t\t\t\t\t<div class=\"elementor-container elementor-column-gap-default\">\n\t\t\t\t\t<div class=\"elementor-column elementor-col-100 elementor-top-column elementor-element elementor-element-4c9bf27\" data-id=\"4c9bf27\" data-element_type=\"column\" data-e-type=\"column\">\n\t\t\t<div class=\"elementor-widget-wrap elementor-element-populated\">\n\t\t\t\t\t\t<div class=\"elementor-element elementor-element-6d361c0 elementor-widget elementor-widget-heading\" data-id=\"6d361c0\" data-element_type=\"widget\" data-e-type=\"widget\" data-widget_type=\"heading.default\">\n\t\t\t\t<div class=\"elementor-widget-container\">\n\t\t\t\t\t<h2 class=\"elementor-heading-title elementor-size-default\">DATENSCHUTZHINWEIS<\/h2>\t\t\t\t<\/div>\n\t\t\t\t<\/div>\n\t\t\t\t<div class=\"elementor-element elementor-element-fe8fbbb elementor-widget elementor-widget-heading\" data-id=\"fe8fbbb\" data-element_type=\"widget\" data-e-type=\"widget\" data-widget_type=\"heading.default\">\n\t\t\t\t<div class=\"elementor-widget-container\">\n\t\t\t\t\t<h4 class=\"elementor-heading-title elementor-size-default\"><b>DATENSCHUTZ<\/b><\/h4>\t\t\t\t<\/div>\n\t\t\t\t<\/div>\n\t\t\t\t<div class=\"elementor-element elementor-element-72c535c elementor-widget elementor-widget-text-editor\" data-id=\"72c535c\" data-element_type=\"widget\" data-e-type=\"widget\" data-widget_type=\"text-editor.default\">\n\t\t\t\t<div class=\"elementor-widget-container\">\n\t\t\t\t\t\t\t\t\t<p style=\"font-weight: 400;\">In \u00dcbereinstimmung mit dem Gesetz 34\/2002 vom 11. Juli und anderen \u00fcbereinstimmenden Gesetzen gibt Southcamp Experience SL. an, dass seine Umsatzsteuer-Identifikationsnummer B72209125 ist, mit eingetragenem Sitz in c\/ Amargura, 147 \u2013 11510 Puerto Real, C\u00e1diz und Kontakt-E-Mail: info@southcamper.com<\/p>\n<p style=\"font-weight: 400;\">Die vorliegenden rechtlichen Bedingungen regeln die Nutzungs- und Zugriffsbedingungen der Website https:\/\/southcamper.com\/ (nachfolgend die \u201cWebsite\u201d). Die Nutzung oder der Zugriff auf diese Website setzt voraus, dass Sie (nachfolgend \u201cNutzer\u201d) anerkennen, dass Sie diese Informationen vollst\u00e4ndig gelesen und verstanden haben. Wenn Sie als Nutzer mit einer der vorliegenden Bedingungen nicht einverstanden sind, m\u00fcssen Sie den Zugriff auf diese Website einstellen.<\/p>\n\t\t\t\t\t\t\t\t<\/div>\n\t\t\t\t<\/div>\n\t\t\t\t<div class=\"elementor-element elementor-element-1141e13 elementor-widget elementor-widget-heading\" data-id=\"1141e13\" data-element_type=\"widget\" data-e-type=\"widget\" data-widget_type=\"heading.default\">\n\t\t\t\t<div class=\"elementor-widget-container\">\n\t\t\t\t\t<h4 class=\"elementor-heading-title elementor-size-default\"><b>DATENSCHUTZPOLITIK<\/b><\/h4>\t\t\t\t<\/div>\n\t\t\t\t<\/div>\n\t\t\t\t<div class=\"elementor-element elementor-element-46d1644 elementor-widget elementor-widget-text-editor\" data-id=\"46d1644\" data-element_type=\"widget\" data-e-type=\"widget\" data-widget_type=\"text-editor.default\">\n\t\t\t\t<div class=\"elementor-widget-container\">\n\t\t\t\t\t\t\t\t\t<h5 style=\"font-weight: 500;\">A) VERTRAULICHE INFORMATIONEN: \u201cVertrauliche Informationen\u201d sind alle Informationen oder Daten, die von Ihnen auf unserer Website zur Verf\u00fcgung gestellt werden.<\/h5>\n<p style=\"font-weight: 400;\">So werden als vertrauliche Informationen beispielsweise, aber nicht ausschlie\u00dflich, alle pers\u00f6nlichen Informationen in nicht einschr\u00e4nkender Weise verstanden: Telefonnummern, Faxnummern, E-Mail-Adressen, Wohnadressen, Unterschriften, Kopien von Reisep\u00e4ssen oder nationalen Identit\u00e4tsdokumenten, Kredit-\/Debitkartendaten, pers\u00f6nliche Vorlieben, Besonderheiten oder alle anderen Informationen, die Ihnen geh\u00f6ren und f\u00fcr die Anmietung oder Bezahlung der Reservierung von Ihnen oder der Gruppe, in deren Namen Sie mieten, relevant sind.<\/p>\n<p style=\"font-weight: 400;\">Unter keinen Umst\u00e4nden werden Informationen, die sich auf die folgenden Punkte beziehen, als vertraulich betrachtet:<\/p>\n<ul>\n<li style=\"font-weight: 400;\"><span style=\"font-weight: var( --e-global-typography-text-font-weight );\">Jede Angelegenheit, die \u00f6ffentlich erscheint oder \u00f6ffentlich bekannt wird, es sei denn, sie ist durch das Verschulden einer Partei \u00f6ffentlich bekannt geworden.<\/span><\/li>\n<li style=\"font-weight: 400;\"><span style=\"font-weight: var( --e-global-typography-text-font-weight );\">Informationen oder Know-how, die von Dritten erworben wurden.<\/span><\/li>\n<li style=\"font-weight: 400;\"><span style=\"font-weight: var( --e-global-typography-text-font-weight );\">Gesetzlich vorgeschriebene Offenlegung.<\/span><\/li>\n<li style=\"font-weight: 400;\"><span style=\"font-weight: var( --e-global-typography-text-font-weight );\">Offenlegung von Informationen auf Anfrage von Richtern oder Gerichten.<\/span><\/li>\n<li style=\"font-weight: 400;\"><span style=\"font-weight: var( --e-global-typography-text-font-weight );\">Informationen, die sich auf wirtschaftliche oder andere Daten beziehen, die aufgrund von steuerlichen, arbeitsrechtlichen oder verwaltungstechnischen Anforderungen an die staatliche, lokale oder regionale Verwaltung \u00fcbermittelt werden m\u00fcssen.<\/span><\/li>\n<\/ul>\n<h5 style=\"font-weight: 500;\">B) ZUGANG ZU PERSONENBEZOGENEN DATEN<\/h5>\n<h5 style=\"font-weight: 500;\">INFORMATIONEN<\/h5>\n<ul>\n<li style=\"font-weight: 400;\"><span style=\"font-weight: var( --e-global-typography-text-font-weight );\">Data Controller: Southcamp Experience SL.<\/span><\/li>\n<li style=\"font-weight: 400;\"><span style=\"font-weight: var( --e-global-typography-text-font-weight );\">E-Mail: info@southcamper.com<\/span><\/li>\n<li style=\"font-weight: 400;\"><span style=\"font-weight: var( --e-global-typography-text-font-weight );\">Datenschutzbeauftragter: Mentora Growth, S.L.L. <\/span><\/li>\n<li style=\"font-weight: 400;\"><span style=\"font-weight: var( --e-global-typography-text-font-weight );\">DSB-Kontakt: dpo@mentora.es<\/span><\/li>\n<\/ul>\n\t\t\t\t\t\t\t\t<\/div>\n\t\t\t\t<\/div>\n\t\t\t\t<div class=\"elementor-element elementor-element-69d2807 elementor-widget elementor-widget-heading\" data-id=\"69d2807\" data-element_type=\"widget\" data-e-type=\"widget\" data-widget_type=\"heading.default\">\n\t\t\t\t<div class=\"elementor-widget-container\">\n\t\t\t\t\t<h4 class=\"elementor-heading-title elementor-size-default\"><b>ZWECK<\/b><\/h4>\t\t\t\t<\/div>\n\t\t\t\t<\/div>\n\t\t\t\t<div class=\"elementor-element elementor-element-9a81a76 elementor-widget elementor-widget-text-editor\" data-id=\"9a81a76\" data-element_type=\"widget\" data-e-type=\"widget\" data-widget_type=\"text-editor.default\">\n\t\t\t\t<div class=\"elementor-widget-container\">\n\t\t\t\t\t\t\t\t\t<h5 style=\"font-weight: 500;\">HAUPTAKTIVIT\u00c4T: WOHNMOBILVERMIETUNG<\/h5>\n<p style=\"font-weight: 400;\">Die Informationen, die im Kontaktformular oder gegebenenfalls bei der Registrierung als Benutzer zur Verf\u00fcgung gestellt werden, werden als wahrheitsgem\u00e4\u00dfe Angaben des Webbenutzers verstanden und werden nur in angemessener, relevanter und nicht \u00fcbertriebener Weise gesammelt, um Sie als Kunden zu bedienen und Ihnen ordnungsgem\u00e4\u00df vertraglich vereinbarte Dienstleistungen zu erbringen, aber auch, wenn Sie Ihre ausdr\u00fcckliche Zustimmung erteilen, die am Ende dieses Dokuments erteilt werden kann, um die Abonnementliste zu verwalten, die Nachverfolgung, den Versand von Newslettern, Werbeaktionen und Sonderangeboten. Ebenso die Moderation und Beantwortung von Kommentaren der Nutzer der Website.<\/p>\n<p style=\"font-weight: 400;\">Die Informationen werden nicht f\u00fcr Zwecke verwendet, die mit denen, f\u00fcr die sie uns zur Verf\u00fcgung gestellt wurden, unvereinbar sind. Sollten sie f\u00fcr einen unvereinbaren Zweck verwendet werden, werden wir Sie informieren und um Ihre Zustimmung bitten.<\/p>\n<p style=\"font-weight: 400;\">\u00a0Wir verwenden Ihre personenbezogenen Daten nicht, um Entscheidungen zu treffen, die ausschlie\u00dflich auf der automatisierten Verarbeitung Ihrer Daten beruhen und eine rechtliche Wirkung entfalten k\u00f6nnen, es sei denn, sie sind f\u00fcr den Abschluss eines Vertrages erforderlich, Sie willigen ausdr\u00fccklich ein oder es ist gesetzlich erlaubt. Wir garantieren, dass wir die gesetzlich festgelegten Nutzungsbedingungen einhalten und wir k\u00f6nnen Tools und Algorithmen entwickeln, die der Website helfen, die Vertraulichkeit der gesammelten Daten zu gew\u00e4hrleisten.<\/p>\n<p style=\"font-weight: 400;\">Personenbezogene Daten werden in der Regel auf verschiedenen Wegen in Papier- oder elektronischer Form gesammelt. Sollten wir \u00fcber Informationen verf\u00fcgen, die von Dritten stammen k\u00f6nnten, werden wir Sie bei der ersten Mitteilung oder sp\u00e4testens innerhalb eines Monats informieren. Um Ihnen Produkte und Dienstleistungen entsprechend Ihrer Interessen anbieten zu k\u00f6nnen, k\u00f6nnen wir auf der Grundlage dieser Informationen ein kommerzielles Profil erstellen. Alle Ihre Informationen werden auf unseren Servern gespeichert und sind Teil unserer Aufzeichnungen \u00fcber die Verarbeitungst\u00e4tigkeit.<\/p>\n\t\t\t\t\t\t\t\t<\/div>\n\t\t\t\t<\/div>\n\t\t\t\t<div class=\"elementor-element elementor-element-27f0b4d elementor-widget elementor-widget-heading\" data-id=\"27f0b4d\" data-element_type=\"widget\" data-e-type=\"widget\" data-widget_type=\"heading.default\">\n\t\t\t\t<div class=\"elementor-widget-container\">\n\t\t\t\t\t<h4 class=\"elementor-heading-title elementor-size-default\"><b>LEGITIMATION<\/b><\/h4>\t\t\t\t<\/div>\n\t\t\t\t<\/div>\n\t\t\t\t<div class=\"elementor-element elementor-element-9906719 elementor-widget elementor-widget-text-editor\" data-id=\"9906719\" data-element_type=\"widget\" data-e-type=\"widget\" data-widget_type=\"text-editor.default\">\n\t\t\t\t<div class=\"elementor-widget-container\">\n\t\t\t\t\t\t\t\t\t<ul>\n<li style=\"font-weight: 400;\"><span style=\"font-weight: var( --e-global-typography-text-font-weight );\">Zustimmung der betroffenen Person<\/span><\/li>\n<li style=\"font-weight: 400;\"><span style=\"font-weight: var( --e-global-typography-text-font-weight );\">Ausf\u00fchrung eines Vertrages<\/span><\/li>\n<li style=\"font-weight: 400;\"><span style=\"font-weight: var( --e-global-typography-text-font-weight );\">Erf\u00fcllung einer gesetzlichen Verpflichtung<\/span><\/li>\n<li style=\"font-weight: 400;\"><span style=\"font-weight: var( --e-global-typography-text-font-weight );\">Alles andere, was sich aus der Ausf\u00fchrung des Vertrages ergibt.<\/span><\/li>\n<li style=\"font-weight: 400;\"><span style=\"font-weight: var( --e-global-typography-text-font-weight );\">\u00d6ffentliches Interesse oder Aus\u00fcbung \u00f6ffentlicher Befugnisse<\/span><\/li>\n<li style=\"font-weight: 400;\"><span style=\"font-weight: var( --e-global-typography-text-font-weight );\">Legitimes Interesse des Datenverantwortlichen oder eines Dritten<\/span><\/li>\n<li style=\"font-weight: 400;\"><span style=\"font-weight: var( --e-global-typography-text-font-weight );\">Schutz der lebenswichtigen Interessen der betroffenen oder einer anderen Person.<\/span><\/li>\n<\/ul>\n\t\t\t\t\t\t\t\t<\/div>\n\t\t\t\t<\/div>\n\t\t\t\t<div class=\"elementor-element elementor-element-571d731 elementor-widget elementor-widget-heading\" data-id=\"571d731\" data-element_type=\"widget\" data-e-type=\"widget\" data-widget_type=\"heading.default\">\n\t\t\t\t<div class=\"elementor-widget-container\">\n\t\t\t\t\t<h4 class=\"elementor-heading-title elementor-size-default\"><b>AUFBEWAHRUNG<\/b><\/h4>\t\t\t\t<\/div>\n\t\t\t\t<\/div>\n\t\t\t\t<div class=\"elementor-element elementor-element-876a9e9 elementor-widget elementor-widget-text-editor\" data-id=\"876a9e9\" data-element_type=\"widget\" data-e-type=\"widget\" data-widget_type=\"text-editor.default\">\n\t\t\t\t<div class=\"elementor-widget-container\">\n\t\t\t\t\t\t\t\t\t<p>Ihre Daten werden so lange aufbewahrt, wie es f\u00fcr die Erf\u00fcllung der angeforderten Dienstleistung notwendig ist. Sobald dieser Zweck erf\u00fcllt ist, werden Ihre Daten ordnungsgem\u00e4\u00df gesperrt, um den Verpflichtungen nachzukommen, die dem f\u00fcr die Datenverarbeitung Verantwortlichen durch die geltende Gesetzgebung auferlegt werden. Nach Ablauf dieser Fristen werden Ihre Daten endg\u00fcltig gel\u00f6scht, es sei denn, Sie fordern uns ausdr\u00fccklich auf, sie an Dritte zu \u00fcbermitteln.<\/p>\n\t\t\t\t\t\t\t\t<\/div>\n\t\t\t\t<\/div>\n\t\t\t\t<div class=\"elementor-element elementor-element-f4986d6 elementor-widget elementor-widget-heading\" data-id=\"f4986d6\" data-element_type=\"widget\" data-e-type=\"widget\" data-widget_type=\"heading.default\">\n\t\t\t\t<div class=\"elementor-widget-container\">\n\t\t\t\t\t<h4 class=\"elementor-heading-title elementor-size-default\"><b>EMPF\u00c4NGER\/ KOMMUNIKATION<\/b><\/h4>\t\t\t\t<\/div>\n\t\t\t\t<\/div>\n\t\t\t\t<div class=\"elementor-element elementor-element-946013d elementor-widget elementor-widget-text-editor\" data-id=\"946013d\" data-element_type=\"widget\" data-e-type=\"widget\" data-widget_type=\"text-editor.default\">\n\t\t\t\t<div class=\"elementor-widget-container\">\n\t\t\t\t\t\t\t\t\t<ul>\n<li style=\"font-weight: 400;\"><span style=\"font-weight: var( --e-global-typography-text-font-weight );\">\u00d6ffentliche Kasse, allgemeine Kasse der Sozialversicherung oder kollaborierende Einrichtungen oder andere, da es eine gesetzliche Anforderung ist.<\/span><\/li>\n<li style=\"font-weight: 400;\"><span style=\"font-weight: var( --e-global-typography-text-font-weight );\">Gerichte, Staatsanwaltschaft oder Staatssicherheitskr\u00e4fte und -korps oder andere, da es eine gesetzliche Vorschrift ist.<\/span><\/li>\n<li style=\"font-weight: 400;\"><span style=\"font-weight: var( --e-global-typography-text-font-weight );\">Steuer- und Arbeitsdienstleistungen<\/span><\/li>\n<li style=\"font-weight: 400;\"><span style=\"font-weight: var( --e-global-typography-text-font-weight );\">Beratungsleistungen<\/span><\/li>\n<li style=\"font-weight: 400;\"><span style=\"font-weight: var( --e-global-typography-text-font-weight );\">Computer Dienstleistungen<\/span><\/li>\n<li style=\"font-weight: 400;\"><span style=\"font-weight: var( --e-global-typography-text-font-weight );\">Internationale \u00dcberweisungen<\/span><\/li>\n<\/ul>\n\t\t\t\t\t\t\t\t<\/div>\n\t\t\t\t<\/div>\n\t\t\t\t<div class=\"elementor-element elementor-element-52f3238 elementor-widget elementor-widget-heading\" data-id=\"52f3238\" data-element_type=\"widget\" data-e-type=\"widget\" data-widget_type=\"heading.default\">\n\t\t\t\t<div class=\"elementor-widget-container\">\n\t\t\t\t\t<h4 class=\"elementor-heading-title elementor-size-default\"><b>RECHTE<\/b><\/h4>\t\t\t\t<\/div>\n\t\t\t\t<\/div>\n\t\t\t\t<div class=\"elementor-element elementor-element-727681d elementor-widget elementor-widget-text-editor\" data-id=\"727681d\" data-element_type=\"widget\" data-e-type=\"widget\" data-widget_type=\"text-editor.default\">\n\t\t\t\t<div class=\"elementor-widget-container\">\n\t\t\t\t\t\t\t\t\t<p>Sie k\u00f6nnen Ihre Rechte auf Zugang, Berichtigung, L\u00f6schung und \u00dcbertragbarkeit Ihrer Daten, sowie die Einschr\u00e4nkung oder den Widerspruch gegen die Behandlung aus\u00fcben in: c\/ Torre del Mar, 48 \u2013 29004 Malaga.<\/p>\n<p>Ebenso haben Sie das Recht, sich bei der Kontrollstelle zu beschweren, wenn Sie mit der Verwaltung der Informationen nicht einverstanden sind: www.agpd.es<\/p>\n\t\t\t\t\t\t\t\t<\/div>\n\t\t\t\t<\/div>\n\t\t\t\t<div class=\"elementor-element elementor-element-dd61ca3 elementor-widget elementor-widget-heading\" data-id=\"dd61ca3\" data-element_type=\"widget\" data-e-type=\"widget\" data-widget_type=\"heading.default\">\n\t\t\t\t<div class=\"elementor-widget-container\">\n\t\t\t\t\t<h4 class=\"elementor-heading-title elementor-size-default\"><b>PROVENIENZ<\/b><\/h4>\t\t\t\t<\/div>\n\t\t\t\t<\/div>\n\t\t\t\t<div class=\"elementor-element elementor-element-3da9db9 elementor-widget elementor-widget-text-editor\" data-id=\"3da9db9\" data-element_type=\"widget\" data-e-type=\"widget\" data-widget_type=\"text-editor.default\">\n\t\t\t\t<div class=\"elementor-widget-container\">\n\t\t\t\t\t\t\t\t\t<p>Das Datenobjekt der Behandlung kommt vom Interessenten.<\/p>\n\t\t\t\t\t\t\t\t<\/div>\n\t\t\t\t<\/div>\n\t\t\t\t<div class=\"elementor-element elementor-element-27889de elementor-widget elementor-widget-heading\" data-id=\"27889de\" data-element_type=\"widget\" data-e-type=\"widget\" data-widget_type=\"heading.default\">\n\t\t\t\t<div class=\"elementor-widget-container\">\n\t\t\t\t\t<h4 class=\"elementor-heading-title elementor-size-default\"><b>REGELUNG<\/b><\/h4>\t\t\t\t<\/div>\n\t\t\t\t<\/div>\n\t\t\t\t<div class=\"elementor-element elementor-element-8eee854 elementor-widget elementor-widget-text-editor\" data-id=\"8eee854\" data-element_type=\"widget\" data-e-type=\"widget\" data-widget_type=\"text-editor.default\">\n\t\t\t\t<div class=\"elementor-widget-container\">\n\t\t\t\t\t\t\t\t\t<ul>\n<li style=\"font-weight: 400;\"><span style=\"font-weight: var( --e-global-typography-text-font-weight );\">General Data Protection Regulation 2016\/679<\/span><\/li>\n<li style=\"font-weight: 400;\"><span style=\"font-weight: var( --e-global-typography-text-font-weight );\">Organisches Gesetz 3\/2018 zum Datenschutz<\/span><\/li>\n<\/ul>\n\t\t\t\t\t\t\t\t<\/div>\n\t\t\t\t<\/div>\n\t\t\t\t\t<\/div>\n\t\t<\/div>\n\t\t\t\t\t<\/div>\n\t\t<\/section>\n\t\t\t\t<\/div>\n\t\t","protected":false},"excerpt":{"rendered":"<p>DATENSCHUTZHINWEIS DATENSCHUTZ In \u00dcbereinstimmung mit dem Gesetz 34\/2002 vom 11. Juli und anderen \u00fcbereinstimmenden Gesetzen gibt Southcamp Experience SL. an, dass seine Umsatzsteuer-Identifikationsnummer B72209125 ist, mit eingetragenem Sitz in c\/ Amargura, 147 \u2013 11510 Puerto Real, C\u00e1diz und Kontakt-E-Mail: info@southcamper.com Die vorliegenden rechtlichen Bedingungen regeln die Nutzungs- und Zugriffsbedingungen der Website https:\/\/southcamper.com\/ (nachfolgend die \u201cWebsite\u201d). &#8230; <a title=\"DATENSCHUTZ\" class=\"read-more\" href=\"https:\/\/southcamper.com\/de\/datenschutz\/\" aria-label=\"Mehr Informationen \u00fcber DATENSCHUTZ\">Weiterlesen<\/a><\/p>\n","protected":false},"author":9,"featured_media":0,"parent":0,"menu_order":0,"comment_status":"closed","ping_status":"closed","template":"elementor_header_footer","meta":{"_acf_changed":false,"footnotes":""},"class_list":["post-13355","page","type-page","status-publish"],"acf":[],"yoast_head":"<!-- This site is optimized with the Yoast SEO plugin v27.4 - https:\/\/yoast.com\/product\/yoast-seo-wordpress\/ -->\n<title>DATENSCHUTZ &#187; Alquiler Autocaravanas SouthCamper<\/title>\n<meta name=\"robots\" content=\"noindex, follow\" \/>\n<meta property=\"og:locale\" content=\"de_DE\" \/>\n<meta property=\"og:type\" content=\"article\" \/>\n<meta property=\"og:title\" content=\"DATENSCHUTZ &#187; Alquiler Autocaravanas SouthCamper\" \/>\n<meta property=\"og:description\" content=\"DATENSCHUTZHINWEIS DATENSCHUTZ In \u00dcbereinstimmung mit dem Gesetz 34\/2002 vom 11. Juli und anderen \u00fcbereinstimmenden Gesetzen gibt Southcamp Experience SL. an, dass seine Umsatzsteuer-Identifikationsnummer B72209125 ist, mit eingetragenem Sitz in c\/ Amargura, 147 \u2013 11510 Puerto Real, C\u00e1diz und Kontakt-E-Mail: info@southcamper.com Die vorliegenden rechtlichen Bedingungen regeln die Nutzungs- und Zugriffsbedingungen der Website https:\/\/southcamper.com\/ (nachfolgend die \u201cWebsite\u201d). ... Weiterlesen\" \/>\n<meta property=\"og:url\" content=\"https:\/\/southcamper.com\/de\/datenschutz\/\" \/>\n<meta property=\"og:site_name\" content=\"Alquiler Autocaravanas SouthCamper\" \/>\n<meta property=\"article:publisher\" content=\"https:\/\/www.facebook.com\/southcampexperience\" \/>\n<meta property=\"article:modified_time\" content=\"2023-02-05T09:16:05+00:00\" \/>\n<meta property=\"og:image\" content=\"https:\/\/southcamper.com\/wp-content\/uploads\/2022\/11\/sobre-nosotros.jpg\" \/>\n<meta name=\"twitter:card\" content=\"summary_large_image\" \/>\n<meta name=\"twitter:label1\" content=\"Gesch\u00e4tzte Lesezeit\" \/>\n\t<meta name=\"twitter:data1\" content=\"4\u00a0Minuten\" \/>\n<!-- \/ Yoast SEO plugin. -->","yoast_head_json":{"title":"DATENSCHUTZ &#187; Alquiler Autocaravanas SouthCamper","robots":{"index":"noindex","follow":"follow"},"og_locale":"de_DE","og_type":"article","og_title":"DATENSCHUTZ &#187; Alquiler Autocaravanas SouthCamper","og_description":"DATENSCHUTZHINWEIS DATENSCHUTZ In \u00dcbereinstimmung mit dem Gesetz 34\/2002 vom 11. Juli und anderen \u00fcbereinstimmenden Gesetzen gibt Southcamp Experience SL. an, dass seine Umsatzsteuer-Identifikationsnummer B72209125 ist, mit eingetragenem Sitz in c\/ Amargura, 147 \u2013 11510 Puerto Real, C\u00e1diz und Kontakt-E-Mail: info@southcamper.com Die vorliegenden rechtlichen Bedingungen regeln die Nutzungs- und Zugriffsbedingungen der Website https:\/\/southcamper.com\/ (nachfolgend die \u201cWebsite\u201d). ... Weiterlesen","og_url":"https:\/\/southcamper.com\/de\/datenschutz\/","og_site_name":"Alquiler Autocaravanas SouthCamper","article_publisher":"https:\/\/www.facebook.com\/southcampexperience","article_modified_time":"2023-02-05T09:16:05+00:00","og_image":[{"url":"https:\/\/southcamper.com\/wp-content\/uploads\/2022\/11\/sobre-nosotros.jpg","type":"","width":"","height":""}],"twitter_card":"summary_large_image","twitter_misc":{"Gesch\u00e4tzte Lesezeit":"4\u00a0Minuten"},"schema":{"@context":"https:\/\/schema.org","@graph":[{"@type":"WebPage","@id":"https:\/\/southcamper.com\/de\/datenschutz\/","url":"https:\/\/southcamper.com\/de\/datenschutz\/","name":"DATENSCHUTZ &#187; Alquiler Autocaravanas SouthCamper","isPartOf":{"@id":"https:\/\/southcamper.com\/de\/#website"},"primaryImageOfPage":{"@id":"https:\/\/southcamper.com\/de\/datenschutz\/#primaryimage"},"image":{"@id":"https:\/\/southcamper.com\/de\/datenschutz\/#primaryimage"},"thumbnailUrl":"https:\/\/southcamper.com\/wp-content\/uploads\/2022\/11\/sobre-nosotros.jpg","datePublished":"2018-09-12T13:53:26+00:00","dateModified":"2023-02-05T09:16:05+00:00","breadcrumb":{"@id":"https:\/\/southcamper.com\/de\/datenschutz\/#breadcrumb"},"inLanguage":"de","potentialAction":[{"@type":"ReadAction","target":["https:\/\/southcamper.com\/de\/datenschutz\/"]}]},{"@type":"ImageObject","inLanguage":"de","@id":"https:\/\/southcamper.com\/de\/datenschutz\/#primaryimage","url":"https:\/\/southcamper.com\/wp-content\/uploads\/2022\/11\/sobre-nosotros.jpg","contentUrl":"https:\/\/southcamper.com\/wp-content\/uploads\/2022\/11\/sobre-nosotros.jpg"},{"@type":"BreadcrumbList","@id":"https:\/\/southcamper.com\/de\/datenschutz\/#breadcrumb","itemListElement":[{"@type":"ListItem","position":1,"name":"Portada","item":"https:\/\/southcamper.com\/de\/home\/"},{"@type":"ListItem","position":2,"name":"DATENSCHUTZ"}]},{"@type":"WebSite","@id":"https:\/\/southcamper.com\/de\/#website","url":"https:\/\/southcamper.com\/de\/","name":"Alquiler Autocaravanas SouthCamper","description":"Alquiler Autocaravanas y Campers en M\u00e1laga","publisher":{"@id":"https:\/\/southcamper.com\/de\/#organization"},"potentialAction":[{"@type":"SearchAction","target":{"@type":"EntryPoint","urlTemplate":"https:\/\/southcamper.com\/de\/?s={search_term_string}"},"query-input":{"@type":"PropertyValueSpecification","valueRequired":true,"valueName":"search_term_string"}}],"inLanguage":"de"},{"@type":"Organization","@id":"https:\/\/southcamper.com\/de\/#organization","name":"Southcamper","url":"https:\/\/southcamper.com\/de\/","logo":{"@type":"ImageObject","inLanguage":"de","@id":"https:\/\/southcamper.com\/de\/#\/schema\/logo\/image\/","url":"https:\/\/southcamper.com\/wp-content\/uploads\/2020\/09\/logo-southcamp-02.png","contentUrl":"https:\/\/southcamper.com\/wp-content\/uploads\/2020\/09\/logo-southcamp-02.png","width":2049,"height":522,"caption":"Southcamper"},"image":{"@id":"https:\/\/southcamper.com\/de\/#\/schema\/logo\/image\/"},"sameAs":["https:\/\/www.facebook.com\/southcampexperience","https:\/\/www.instagram.com\/southcamper.experience\/"]}]}},"_links":{"self":[{"href":"https:\/\/southcamper.com\/de\/wp-json\/wp\/v2\/pages\/13355","targetHints":{"allow":["GET"]}}],"collection":[{"href":"https:\/\/southcamper.com\/de\/wp-json\/wp\/v2\/pages"}],"about":[{"href":"https:\/\/southcamper.com\/de\/wp-json\/wp\/v2\/types\/page"}],"author":[{"embeddable":true,"href":"https:\/\/southcamper.com\/de\/wp-json\/wp\/v2\/users\/9"}],"replies":[{"embeddable":true,"href":"https:\/\/southcamper.com\/de\/wp-json\/wp\/v2\/comments?post=13355"}],"version-history":[{"count":0,"href":"https:\/\/southcamper.com\/de\/wp-json\/wp\/v2\/pages\/13355\/revisions"}],"wp:attachment":[{"href":"https:\/\/southcamper.com\/de\/wp-json\/wp\/v2\/media?parent=13355"}],"curies":[{"name":"wp","href":"https:\/\/api.w.org\/{rel}","templated":true}]}}