{"id":13444,"date":"2020-09-18T07:35:30","date_gmt":"2020-09-18T07:35:30","guid":{"rendered":"https:\/\/en-desarrollo.eu\/southcamper\/sevilla\/"},"modified":"2023-02-12T17:44:58","modified_gmt":"2023-02-12T17:44:58","slug":"sevilla","status":"publish","type":"page","link":"https:\/\/southcamper.com\/de\/sevilla\/","title":{"rendered":"Sevilla"},"content":{"rendered":"\t\t<div data-elementor-type=\"wp-page\" data-elementor-id=\"13444\" class=\"elementor elementor-13444 elementor-4394\" data-elementor-post-type=\"page\">\n\t\t\t\t<div class=\"elementor-element elementor-element-c022f08 e-con-full e-flex e-con e-parent\" data-id=\"c022f08\" data-element_type=\"container\" data-e-type=\"container\">\n\t\t<div class=\"elementor-element elementor-element-f408d63 e-con-full e-flex e-con e-parent\" data-id=\"f408d63\" data-element_type=\"container\" data-e-type=\"container\">\n\t\t\t\t<div class=\"elementor-element elementor-element-a74fd32 elementor-widget elementor-widget-image\" data-id=\"a74fd32\" data-element_type=\"widget\" data-e-type=\"widget\" data-widget_type=\"image.default\">\n\t\t\t\t<div class=\"elementor-widget-container\">\n\t\t\t\t\t\t\t\t\t\t\t\t\t\t\t<img fetchpriority=\"high\" decoding=\"async\" width=\"2000\" height=\"462\" src=\"https:\/\/southcamper.com\/wp-content\/uploads\/2023\/01\/cabecera-sevilla.jpg\" class=\"attachment-full size-full wp-image-13098\" alt=\"\" srcset=\"https:\/\/southcamper.com\/wp-content\/uploads\/2023\/01\/cabecera-sevilla.jpg 2000w, https:\/\/southcamper.com\/wp-content\/uploads\/2023\/01\/cabecera-sevilla-500x116.jpg 500w, https:\/\/southcamper.com\/wp-content\/uploads\/2023\/01\/cabecera-sevilla-1024x237.jpg 1024w, https:\/\/southcamper.com\/wp-content\/uploads\/2023\/01\/cabecera-sevilla-768x177.jpg 768w, https:\/\/southcamper.com\/wp-content\/uploads\/2023\/01\/cabecera-sevilla-1536x355.jpg 1536w\" sizes=\"(max-width: 2000px) 100vw, 2000px\" \/>\t\t\t\t\t\t\t\t\t\t\t\t\t\t\t<\/div>\n\t\t\t\t<\/div>\n\t\t\t\t<\/div>\n\t\t\t\t<\/div>\n\t\t<div class=\"elementor-element elementor-element-65eeaff e-flex e-con-boxed e-con e-parent\" data-id=\"65eeaff\" data-element_type=\"container\" data-e-type=\"container\">\n\t\t\t\t\t<div class=\"e-con-inner\">\n\t\t\t\t<div class=\"elementor-element elementor-element-bd06fb3 elementor-widget elementor-widget-heading\" data-id=\"bd06fb3\" data-element_type=\"widget\" data-e-type=\"widget\" data-widget_type=\"heading.default\">\n\t\t\t\t<div class=\"elementor-widget-container\">\n\t\t\t\t\t<h1 class=\"elementor-heading-title elementor-size-default\">Reisetipps f\u00fcr Sevilla mit dem Wohnmobil<\/h1>\t\t\t\t<\/div>\n\t\t\t\t<\/div>\n\t\t\t\t\t<\/div>\n\t\t\t\t<\/div>\n\t\t<div class=\"elementor-element elementor-element-769853a e-flex e-con-boxed e-con e-parent\" data-id=\"769853a\" data-element_type=\"container\" data-e-type=\"container\">\n\t\t\t\t\t<div class=\"e-con-inner\">\n\t\t<div class=\"elementor-element elementor-element-781febc e-con-full e-flex e-con e-parent\" data-id=\"781febc\" data-element_type=\"container\" data-e-type=\"container\">\n\t\t\t\t<div class=\"elementor-element elementor-element-3adbe79 elementor-widget elementor-widget-image\" data-id=\"3adbe79\" data-element_type=\"widget\" data-e-type=\"widget\" data-widget_type=\"image.default\">\n\t\t\t\t<div class=\"elementor-widget-container\">\n\t\t\t\t\t\t\t\t\t\t\t\t\t\t\t<img decoding=\"async\" width=\"2560\" height=\"1707\" src=\"https:\/\/southcamper.com\/wp-content\/uploads\/2020\/09\/seville-plaza-de-espana-spain-square-P2BBUWF-scaled.jpg\" class=\"attachment-full size-full wp-image-4415\" alt=\"\" srcset=\"https:\/\/southcamper.com\/wp-content\/uploads\/2020\/09\/seville-plaza-de-espana-spain-square-P2BBUWF-scaled.jpg 2560w, https:\/\/southcamper.com\/wp-content\/uploads\/2020\/09\/seville-plaza-de-espana-spain-square-P2BBUWF-scaled-1000x667.jpg 1000w, https:\/\/southcamper.com\/wp-content\/uploads\/2020\/09\/seville-plaza-de-espana-spain-square-P2BBUWF-300x200.jpg 300w, https:\/\/southcamper.com\/wp-content\/uploads\/2020\/09\/seville-plaza-de-espana-spain-square-P2BBUWF-1024x683.jpg 1024w, https:\/\/southcamper.com\/wp-content\/uploads\/2020\/09\/seville-plaza-de-espana-spain-square-P2BBUWF-768x512.jpg 768w, https:\/\/southcamper.com\/wp-content\/uploads\/2020\/09\/seville-plaza-de-espana-spain-square-P2BBUWF-1536x1024.jpg 1536w, https:\/\/southcamper.com\/wp-content\/uploads\/2020\/09\/seville-plaza-de-espana-spain-square-P2BBUWF-2048x1365.jpg 2048w\" sizes=\"(max-width: 2560px) 100vw, 2560px\" \/>\t\t\t\t\t\t\t\t\t\t\t\t\t\t\t<\/div>\n\t\t\t\t<\/div>\n\t\t\t\t<\/div>\n\t\t<div class=\"elementor-element elementor-element-96d3853 e-con-full e-flex e-con e-parent\" data-id=\"96d3853\" data-element_type=\"container\" data-e-type=\"container\">\n\t\t\t\t<div class=\"elementor-element elementor-element-f15ea4a elementor-widget elementor-widget-heading\" data-id=\"f15ea4a\" data-element_type=\"widget\" data-e-type=\"widget\" data-widget_type=\"heading.default\">\n\t\t\t\t<div class=\"elementor-widget-container\">\n\t\t\t\t\t<h2 class=\"elementor-heading-title elementor-size-default\">Sevilla<\/h2>\t\t\t\t<\/div>\n\t\t\t\t<\/div>\n\t\t\t\t<div class=\"elementor-element elementor-element-a1c4185 elementor-widget elementor-widget-text-editor\" data-id=\"a1c4185\" data-element_type=\"widget\" data-e-type=\"widget\" data-widget_type=\"text-editor.default\">\n\t\t\t\t<div class=\"elementor-widget-container\">\n\t\t\t\t\t\t\t\t\t<p>In Sevilla gibt es unendlich viel zu sehen, zu den bekanntesten Sehensw\u00fcrdigkeiten z\u00e4hlen: Der Torre de Oro (Goldturm), die Plaza Espa\u00f1a, die Giralda, die Kathedrale, die Viertel Santa Cruz und Triana, die Reales Alc\u00e1zares, der Mar\u00eda Luisa Park, die Setas de la Encarnaci\u00f3n und das Museo de Bellas Artes. Sevilla hat eine grossse Flamenco-Tradition. Konzerte kann man das ganze Jahr \u00fcber besuchen.<\/p>\n<p>Wenn man Sevilla mit dem Wohnmobil besuchen m\u00f6chte, ist es wichtig zu wissen, dass die Monate Juni bis September sehr hei\u00df sind. F\u00fcr Wohnmobile ist dies keine ideale Reisezeit. Wenn man sich die Prozessionen w\u00e4hrend der Karwoche oder die Feria von Sevilla anschauen\u00a0 m\u00f6chte, sollte man bedenken, dass zu dieser Zeit auch die bewachten Parkpl\u00e4tze und Wohnmobilstellpl\u00e4tze sehr voll sein k\u00f6nnen.<\/p>\n\t\t\t\t\t\t\t\t<\/div>\n\t\t\t\t<\/div>\n\t\t\t\t<\/div>\n\t\t\t\t\t<\/div>\n\t\t\t\t<\/div>\n\t\t\t\t<section class=\"elementor-section elementor-top-section elementor-element elementor-element-2df44a75 elementor-section-boxed elementor-section-height-default elementor-section-height-default\" data-id=\"2df44a75\" data-element_type=\"section\" data-e-type=\"section\">\n\t\t\t\t\t\t<div class=\"elementor-container elementor-column-gap-default\">\n\t\t\t\t\t<div class=\"elementor-column elementor-col-100 elementor-top-column elementor-element elementor-element-5c32c7c\" data-id=\"5c32c7c\" data-element_type=\"column\" data-e-type=\"column\">\n\t\t\t<div class=\"elementor-widget-wrap elementor-element-populated\">\n\t\t\t\t\t\t<div class=\"elementor-element elementor-element-6d15764c elementor-widget elementor-widget-heading\" data-id=\"6d15764c\" data-element_type=\"widget\" data-e-type=\"widget\" data-widget_type=\"heading.default\">\n\t\t\t\t<div class=\"elementor-widget-container\">\n\t\t\t\t\t<h2 class=\"elementor-heading-title elementor-size-default\">Wo kann man in Sevilla im Wohnmobil parken und \u00fcbernachten?\u200b<\/h2>\t\t\t\t<\/div>\n\t\t\t\t<\/div>\n\t\t\t\t<div class=\"elementor-element elementor-element-4aa072cb elementor-widget elementor-widget-text-editor\" data-id=\"4aa072cb\" data-element_type=\"widget\" data-e-type=\"widget\" data-widget_type=\"text-editor.default\">\n\t\t\t\t<div class=\"elementor-widget-container\">\n\t\t\t\t\t\t\t\t\t<p>Wir weisen darauf hin, dass es in Sevilla nicht ratsam ist, das Wohnmobil unbeaufsichtigt abzustellen. Es gibt jedoch eine Vielzahl von bewachten Stellpl\u00e4tzen f\u00fcr Wohnmobile.<\/p>\n\t\t\t\t\t\t\t\t<\/div>\n\t\t\t\t<\/div>\n\t\t\t\t\t<\/div>\n\t\t<\/div>\n\t\t\t\t\t<\/div>\n\t\t<\/section>\n\t\t<div class=\"elementor-element elementor-element-f8dcb8c e-flex e-con-boxed e-con e-parent\" data-id=\"f8dcb8c\" data-element_type=\"container\" data-e-type=\"container\">\n\t\t\t\t\t<div class=\"e-con-inner\">\n\t\t<div class=\"elementor-element elementor-element-33f4b3b e-con-full e-flex e-con e-parent\" data-id=\"33f4b3b\" data-element_type=\"container\" data-e-type=\"container\">\n\t\t\t\t<div class=\"elementor-element elementor-element-ec5ec19 elementor-position-inline-start elementor-view-default elementor-mobile-position-block-start elementor-widget elementor-widget-icon-box\" data-id=\"ec5ec19\" data-element_type=\"widget\" data-e-type=\"widget\" data-widget_type=\"icon-box.default\">\n\t\t\t\t<div class=\"elementor-widget-container\">\n\t\t\t\t\t\t\t<div class=\"elementor-icon-box-wrapper\">\n\n\t\t\t\t\t\t<div class=\"elementor-icon-box-icon\">\n\t\t\t\t<a href=\"http:\/\/areasautocaravanas.com\/area-de-sevilla\/\" target=\"_blank\" class=\"elementor-icon\" tabindex=\"-1\" aria-label=\"Wohnmobilstellplatz Sevilla Hafen\">\n\t\t\t\t<i aria-hidden=\"true\" class=\"fas fa-map-marked-alt\"><\/i>\t\t\t\t<\/a>\n\t\t\t<\/div>\n\t\t\t\n\t\t\t\t\t\t<div class=\"elementor-icon-box-content\">\n\n\t\t\t\t\t\t\t\t\t<h3 class=\"elementor-icon-box-title\">\n\t\t\t\t\t\t<a href=\"http:\/\/areasautocaravanas.com\/area-de-sevilla\/\" target=\"_blank\" >\n\t\t\t\t\t\t\tWohnmobilstellplatz Sevilla Hafen\t\t\t\t\t\t<\/a>\n\t\t\t\t\t<\/h3>\n\t\t\t\t\n\t\t\t\t\t\t\t\t\t<p class=\"elementor-icon-box-description\">\n\t\t\t\t\t\tAvenida Maestranza A\u00e9rea S\/N (Puerto de Sevilla) 41011 Sevilla\r\n<br><br>\r\nEs ist der bekannteste Wohnmobilstellplatz in Sevilla, mit direkter Buslinie zum Zentrum. Es ist auch ein guter Ausgangspunkt f\u00fcr Wohnmobilisten, die Sevilla mit dem Fahrrad erkunden wollen.\t\t\t\t\t<\/p>\n\t\t\t\t\n\t\t\t<\/div>\n\t\t\t\n\t\t<\/div>\n\t\t\t\t\t\t<\/div>\n\t\t\t\t<\/div>\n\t\t\t\t<div class=\"elementor-element elementor-element-37ef6dc elementor-position-inline-start elementor-view-default elementor-mobile-position-block-start elementor-widget elementor-widget-icon-box\" data-id=\"37ef6dc\" data-element_type=\"widget\" data-e-type=\"widget\" data-widget_type=\"icon-box.default\">\n\t\t\t\t<div class=\"elementor-widget-container\">\n\t\t\t\t\t\t\t<div class=\"elementor-icon-box-wrapper\">\n\n\t\t\t\t\t\t<div class=\"elementor-icon-box-icon\">\n\t\t\t\t<a href=\"https:\/\/www.areasac.es\/sevilla\/sevilla\/sevilla-santa-justa_2423_1_ap.html\" target=\"_blank\" class=\"elementor-icon\" tabindex=\"-1\" aria-label=\"Parkplatz Sevilla Santa Justa\">\n\t\t\t\t<i aria-hidden=\"true\" class=\"fas fa-map-marked-alt\"><\/i>\t\t\t\t<\/a>\n\t\t\t<\/div>\n\t\t\t\n\t\t\t\t\t\t<div class=\"elementor-icon-box-content\">\n\n\t\t\t\t\t\t\t\t\t<h3 class=\"elementor-icon-box-title\">\n\t\t\t\t\t\t<a href=\"https:\/\/www.areasac.es\/sevilla\/sevilla\/sevilla-santa-justa_2423_1_ap.html\" target=\"_blank\" >\n\t\t\t\t\t\t\tParkplatz Sevilla Santa Justa\t\t\t\t\t\t<\/a>\n\t\t\t\t\t<\/h3>\n\t\t\t\t\n\t\t\t\t\t\t\t\t\t<p class=\"elementor-icon-box-description\">\n\t\t\t\t\t\tDer Parkplatz befindet sich neben dem RENFE-Bahnhof Sevilla Santa Justa, zwischen dem Bahnhof und der Avenida Kansas City. Es gibt keine Infrastruktur f\u00fcr Wohnmobile, daf\u00fcr entsch\u00e4digt die zentrale Lage. F\u00fcr ein oder zwei N\u00e4chte ist dieser \u00dcbernachtungsort eventuell eine gute Alternative.\t\t\t\t\t<\/p>\n\t\t\t\t\n\t\t\t<\/div>\n\t\t\t\n\t\t<\/div>\n\t\t\t\t\t\t<\/div>\n\t\t\t\t<\/div>\n\t\t\t\t<div class=\"elementor-element elementor-element-ce440dc elementor-position-inline-start elementor-view-default elementor-mobile-position-block-start elementor-widget elementor-widget-icon-box\" data-id=\"ce440dc\" data-element_type=\"widget\" data-e-type=\"widget\" data-widget_type=\"icon-box.default\">\n\t\t\t\t<div class=\"elementor-widget-container\">\n\t\t\t\t\t\t\t<div class=\"elementor-icon-box-wrapper\">\n\n\t\t\t\t\t\t<div class=\"elementor-icon-box-icon\">\n\t\t\t\t<a href=\"https:\/\/parkingcaravane.com\/\" target=\"_blank\" class=\"elementor-icon\" tabindex=\"-1\" aria-label=\"Wohnmobilstellplatz Caravane\">\n\t\t\t\t<i aria-hidden=\"true\" class=\"fas fa-map-marked-alt\"><\/i>\t\t\t\t<\/a>\n\t\t\t<\/div>\n\t\t\t\n\t\t\t\t\t\t<div class=\"elementor-icon-box-content\">\n\n\t\t\t\t\t\t\t\t\t<h3 class=\"elementor-icon-box-title\">\n\t\t\t\t\t\t<a href=\"https:\/\/parkingcaravane.com\/\" target=\"_blank\" >\n\t\t\t\t\t\t\tWohnmobilstellplatz Caravane\t\t\t\t\t\t<\/a>\n\t\t\t\t\t<\/h3>\n\t\t\t\t\n\t\t\t\t\t\t\t\t\t<p class=\"elementor-icon-box-description\">\n\t\t\t\t\t\tAux. Carretera Sevilla-Cadiz N-IV, km 536, 41020 Sevilla\r\n<br><br>\r\nEs ist ein Parkplatz f\u00fcr verschiedene Fahrzeugtypen. Er ist ein wenig weit vom Zentrum entfernt, daf\u00fcr gibt es aber eine \u00f6ffentliche Verkehrsanbindung in das Zentrum. Die \u00dcbernachtung ist kostenpflichtig.\t\t\t\t\t<\/p>\n\t\t\t\t\n\t\t\t<\/div>\n\t\t\t\n\t\t<\/div>\n\t\t\t\t\t\t<\/div>\n\t\t\t\t<\/div>\n\t\t\t\t<\/div>\n\t\t<div class=\"elementor-element elementor-element-396857e e-con-full e-flex e-con e-parent\" data-id=\"396857e\" data-element_type=\"container\" data-e-type=\"container\">\n\t\t\t\t<div class=\"elementor-element elementor-element-4942de5 elementor-widget elementor-widget-image\" data-id=\"4942de5\" data-element_type=\"widget\" data-e-type=\"widget\" data-widget_type=\"image.default\">\n\t\t\t\t<div class=\"elementor-widget-container\">\n\t\t\t\t\t\t\t\t\t\t\t\t\t\t\t<img decoding=\"async\" width=\"768\" height=\"1152\" src=\"https:\/\/southcamper.com\/wp-content\/uploads\/2020\/09\/spain-square-sevilla-spain-PW56VYS-768x1152.jpg\" class=\"attachment-medium_large size-medium_large wp-image-4420\" alt=\"\" srcset=\"https:\/\/southcamper.com\/wp-content\/uploads\/2020\/09\/spain-square-sevilla-spain-PW56VYS-768x1152.jpg 768w, https:\/\/southcamper.com\/wp-content\/uploads\/2020\/09\/spain-square-sevilla-spain-PW56VYS-scaled-1000x1500.jpg 1000w, https:\/\/southcamper.com\/wp-content\/uploads\/2020\/09\/spain-square-sevilla-spain-PW56VYS-200x300.jpg 200w, https:\/\/southcamper.com\/wp-content\/uploads\/2020\/09\/spain-square-sevilla-spain-PW56VYS-683x1024.jpg 683w, https:\/\/southcamper.com\/wp-content\/uploads\/2020\/09\/spain-square-sevilla-spain-PW56VYS-1024x1536.jpg 1024w, https:\/\/southcamper.com\/wp-content\/uploads\/2020\/09\/spain-square-sevilla-spain-PW56VYS-1365x2048.jpg 1365w, https:\/\/southcamper.com\/wp-content\/uploads\/2020\/09\/spain-square-sevilla-spain-PW56VYS-scaled.jpg 1707w\" sizes=\"(max-width: 768px) 100vw, 768px\" \/>\t\t\t\t\t\t\t\t\t\t\t\t\t\t\t<\/div>\n\t\t\t\t<\/div>\n\t\t\t\t<\/div>\n\t\t\t\t\t<\/div>\n\t\t\t\t<\/div>\n\t\t\t\t<section class=\"elementor-section elementor-top-section elementor-element elementor-element-20c350e elementor-section-boxed elementor-section-height-default elementor-section-height-default\" data-id=\"20c350e\" data-element_type=\"section\" data-e-type=\"section\">\n\t\t\t\t\t\t<div class=\"elementor-container elementor-column-gap-default\">\n\t\t\t\t\t<div class=\"elementor-column elementor-col-100 elementor-top-column elementor-element elementor-element-1d23b9f\" data-id=\"1d23b9f\" data-element_type=\"column\" data-e-type=\"column\">\n\t\t\t<div class=\"elementor-widget-wrap elementor-element-populated\">\n\t\t\t\t\t\t<div class=\"elementor-element elementor-element-669616b elementor-widget elementor-widget-heading\" data-id=\"669616b\" data-element_type=\"widget\" data-e-type=\"widget\" data-widget_type=\"heading.default\">\n\t\t\t\t<div class=\"elementor-widget-container\">\n\t\t\t\t\t<h2 class=\"elementor-heading-title elementor-size-default\">Weitere \u00dcbernachtunsm\u00f6glichkeiten f\u00fcr Wohnmobile in der Provinz Sevilla<\/h2>\t\t\t\t<\/div>\n\t\t\t\t<\/div>\n\t\t\t\t<div class=\"elementor-element elementor-element-9c47c1c elementor-widget elementor-widget-text-editor\" data-id=\"9c47c1c\" data-element_type=\"widget\" data-e-type=\"widget\" data-widget_type=\"text-editor.default\">\n\t\t\t\t<div class=\"elementor-widget-container\">\n\t\t\t\t\t\t\t\t\t<p><a href=\"https:\/\/www.areasac.es\/cazalla-de-la-sierra\/sevilla\/cazalla-de-la-sierra_3376_1_ap.html\" target=\"_blank\" rel=\"noopener\"><span style=\"text-decoration: underline;\"><strong>Cazalla de la Sierra<\/strong><\/span><\/a><\/p>\n<p><a href=\"https:\/\/www.areasac.es\/las-pajanosas\/sevilla\/las-pajanosas_4033_1_ap.html\" target=\"_blank\" rel=\"noopener\"><span style=\"text-decoration: underline;\"><strong>Las Pajanosas<\/strong><\/span><\/a><\/p>\n<p><span style=\"text-decoration: underline;\"><strong><a href=\"https:\/\/www.areasac.es\/alanis-de-la-sierra\/sevilla\/alanis-de-la-sierra_2442_1_ap.html\" target=\"_blank\" rel=\"noopener\">Alanis<\/a><\/strong><\/span><\/p>\n\t\t\t\t\t\t\t\t<\/div>\n\t\t\t\t<\/div>\n\t\t\t\t\t<\/div>\n\t\t<\/div>\n\t\t\t\t\t<\/div>\n\t\t<\/section>\n\t\t\t\t<\/div>\n\t\t","protected":false},"excerpt":{"rendered":"<p>Reisetipps f\u00fcr Sevilla mit dem Wohnmobil Sevilla In Sevilla gibt es unendlich viel zu sehen, zu den bekanntesten Sehensw\u00fcrdigkeiten z\u00e4hlen: Der Torre de Oro (Goldturm), die Plaza Espa\u00f1a, die Giralda, die Kathedrale, die Viertel Santa Cruz und Triana, die Reales Alc\u00e1zares, der Mar\u00eda Luisa Park, die Setas de la Encarnaci\u00f3n und das Museo de Bellas &#8230; <a title=\"Sevilla\" class=\"read-more\" href=\"https:\/\/southcamper.com\/de\/sevilla\/\" aria-label=\"Mehr Informationen \u00fcber Sevilla\">Weiterlesen<\/a><\/p>\n","protected":false},"author":9,"featured_media":0,"parent":0,"menu_order":0,"comment_status":"closed","ping_status":"closed","template":"elementor_header_footer","meta":{"_acf_changed":false,"footnotes":""},"class_list":["post-13444","page","type-page","status-publish"],"acf":[],"yoast_head":"<!-- This site is optimized with the Yoast SEO plugin v27.4 - https:\/\/yoast.com\/product\/yoast-seo-wordpress\/ -->\n<title>Reisetipps f\u00fcr Sevilla mit dem Wohnmobil<\/title>\n<meta name=\"description\" content=\"Reisetipps f\u00fcr Sevilla mit dem Wohnmobil. Stellpl\u00e4tze in der Stadt, Sehensw\u00fcrdigkeiten und weitere Routenempfehlungen.\" \/>\n<meta name=\"robots\" content=\"index, follow, max-snippet:-1, max-image-preview:large, max-video-preview:-1\" \/>\n<link rel=\"canonical\" href=\"https:\/\/southcamper.com\/de\/sevilla\/\" \/>\n<meta property=\"og:locale\" content=\"de_DE\" \/>\n<meta property=\"og:type\" content=\"article\" \/>\n<meta property=\"og:title\" content=\"Reisetipps f\u00fcr Sevilla mit dem Wohnmobil\" \/>\n<meta property=\"og:description\" content=\"Reisetipps f\u00fcr Sevilla mit dem Wohnmobil. Stellpl\u00e4tze in der Stadt, Sehensw\u00fcrdigkeiten und weitere Routenempfehlungen.\" \/>\n<meta property=\"og:url\" content=\"https:\/\/southcamper.com\/de\/sevilla\/\" \/>\n<meta property=\"og:site_name\" content=\"Alquiler Autocaravanas SouthCamper\" \/>\n<meta property=\"article:publisher\" content=\"https:\/\/www.facebook.com\/southcampexperience\" \/>\n<meta property=\"article:modified_time\" content=\"2023-02-12T17:44:58+00:00\" \/>\n<meta property=\"og:image\" content=\"https:\/\/southcamper.com\/wp-content\/uploads\/2023\/01\/cabecera-sevilla.jpg\" \/>\n<meta name=\"twitter:card\" content=\"summary_large_image\" \/>\n<meta name=\"twitter:label1\" content=\"Gesch\u00e4tzte Lesezeit\" \/>\n\t<meta name=\"twitter:data1\" content=\"2\u00a0Minuten\" \/>\n<!-- \/ Yoast SEO plugin. -->","yoast_head_json":{"title":"Reisetipps f\u00fcr Sevilla mit dem Wohnmobil","description":"Reisetipps f\u00fcr Sevilla mit dem Wohnmobil. Stellpl\u00e4tze in der Stadt, Sehensw\u00fcrdigkeiten und weitere Routenempfehlungen.","robots":{"index":"index","follow":"follow","max-snippet":"max-snippet:-1","max-image-preview":"max-image-preview:large","max-video-preview":"max-video-preview:-1"},"canonical":"https:\/\/southcamper.com\/de\/sevilla\/","og_locale":"de_DE","og_type":"article","og_title":"Reisetipps f\u00fcr Sevilla mit dem Wohnmobil","og_description":"Reisetipps f\u00fcr Sevilla mit dem Wohnmobil. Stellpl\u00e4tze in der Stadt, Sehensw\u00fcrdigkeiten und weitere Routenempfehlungen.","og_url":"https:\/\/southcamper.com\/de\/sevilla\/","og_site_name":"Alquiler Autocaravanas SouthCamper","article_publisher":"https:\/\/www.facebook.com\/southcampexperience","article_modified_time":"2023-02-12T17:44:58+00:00","og_image":[{"url":"https:\/\/southcamper.com\/wp-content\/uploads\/2023\/01\/cabecera-sevilla.jpg","type":"","width":"","height":""}],"twitter_card":"summary_large_image","twitter_misc":{"Gesch\u00e4tzte Lesezeit":"2\u00a0Minuten"},"schema":{"@context":"https:\/\/schema.org","@graph":[{"@type":"WebPage","@id":"https:\/\/southcamper.com\/de\/sevilla\/","url":"https:\/\/southcamper.com\/de\/sevilla\/","name":"Reisetipps f\u00fcr Sevilla mit dem Wohnmobil","isPartOf":{"@id":"https:\/\/southcamper.com\/de\/#website"},"primaryImageOfPage":{"@id":"https:\/\/southcamper.com\/de\/sevilla\/#primaryimage"},"image":{"@id":"https:\/\/southcamper.com\/de\/sevilla\/#primaryimage"},"thumbnailUrl":"https:\/\/southcamper.com\/wp-content\/uploads\/2023\/01\/cabecera-sevilla.jpg","datePublished":"2020-09-18T07:35:30+00:00","dateModified":"2023-02-12T17:44:58+00:00","description":"Reisetipps f\u00fcr Sevilla mit dem Wohnmobil. Stellpl\u00e4tze in der Stadt, Sehensw\u00fcrdigkeiten und weitere Routenempfehlungen.","breadcrumb":{"@id":"https:\/\/southcamper.com\/de\/sevilla\/#breadcrumb"},"inLanguage":"de","potentialAction":[{"@type":"ReadAction","target":["https:\/\/southcamper.com\/de\/sevilla\/"]}]},{"@type":"ImageObject","inLanguage":"de","@id":"https:\/\/southcamper.com\/de\/sevilla\/#primaryimage","url":"https:\/\/southcamper.com\/wp-content\/uploads\/2023\/01\/cabecera-sevilla.jpg","contentUrl":"https:\/\/southcamper.com\/wp-content\/uploads\/2023\/01\/cabecera-sevilla.jpg"},{"@type":"BreadcrumbList","@id":"https:\/\/southcamper.com\/de\/sevilla\/#breadcrumb","itemListElement":[{"@type":"ListItem","position":1,"name":"Portada","item":"https:\/\/southcamper.com\/de\/home\/"},{"@type":"ListItem","position":2,"name":"Sevilla"}]},{"@type":"WebSite","@id":"https:\/\/southcamper.com\/de\/#website","url":"https:\/\/southcamper.com\/de\/","name":"Alquiler Autocaravanas SouthCamper","description":"Alquiler Autocaravanas y Campers en M\u00e1laga","publisher":{"@id":"https:\/\/southcamper.com\/de\/#organization"},"potentialAction":[{"@type":"SearchAction","target":{"@type":"EntryPoint","urlTemplate":"https:\/\/southcamper.com\/de\/?s={search_term_string}"},"query-input":{"@type":"PropertyValueSpecification","valueRequired":true,"valueName":"search_term_string"}}],"inLanguage":"de"},{"@type":"Organization","@id":"https:\/\/southcamper.com\/de\/#organization","name":"Southcamper","url":"https:\/\/southcamper.com\/de\/","logo":{"@type":"ImageObject","inLanguage":"de","@id":"https:\/\/southcamper.com\/de\/#\/schema\/logo\/image\/","url":"https:\/\/southcamper.com\/wp-content\/uploads\/2020\/09\/logo-southcamp-02.png","contentUrl":"https:\/\/southcamper.com\/wp-content\/uploads\/2020\/09\/logo-southcamp-02.png","width":2049,"height":522,"caption":"Southcamper"},"image":{"@id":"https:\/\/southcamper.com\/de\/#\/schema\/logo\/image\/"},"sameAs":["https:\/\/www.facebook.com\/southcampexperience","https:\/\/www.instagram.com\/southcamper.experience\/"]}]}},"_links":{"self":[{"href":"https:\/\/southcamper.com\/de\/wp-json\/wp\/v2\/pages\/13444","targetHints":{"allow":["GET"]}}],"collection":[{"href":"https:\/\/southcamper.com\/de\/wp-json\/wp\/v2\/pages"}],"about":[{"href":"https:\/\/southcamper.com\/de\/wp-json\/wp\/v2\/types\/page"}],"author":[{"embeddable":true,"href":"https:\/\/southcamper.com\/de\/wp-json\/wp\/v2\/users\/9"}],"replies":[{"embeddable":true,"href":"https:\/\/southcamper.com\/de\/wp-json\/wp\/v2\/comments?post=13444"}],"version-history":[{"count":0,"href":"https:\/\/southcamper.com\/de\/wp-json\/wp\/v2\/pages\/13444\/revisions"}],"wp:attachment":[{"href":"https:\/\/southcamper.com\/de\/wp-json\/wp\/v2\/media?parent=13444"}],"curies":[{"name":"wp","href":"https:\/\/api.w.org\/{rel}","templated":true}]}}