{"id":13503,"date":"2020-09-16T09:02:08","date_gmt":"2020-09-16T09:02:08","guid":{"rendered":"https:\/\/en-desarrollo.eu\/southcamper\/andalusien\/"},"modified":"2023-03-11T08:19:57","modified_gmt":"2023-03-11T08:19:57","slug":"andalusien","status":"publish","type":"page","link":"https:\/\/southcamper.com\/de\/andalusien\/","title":{"rendered":"Andalusien"},"content":{"rendered":"\t\t<div data-elementor-type=\"wp-page\" data-elementor-id=\"13503\" class=\"elementor elementor-13503 elementor-4285\" data-elementor-post-type=\"page\">\n\t\t\t\t\t\t<section class=\"elementor-section elementor-top-section elementor-element elementor-element-2c77ad4 elementor-reverse-mobile elementor-section-boxed elementor-section-height-default elementor-section-height-default\" data-id=\"2c77ad4\" data-element_type=\"section\" data-e-type=\"section\" data-settings=\"{&quot;background_background&quot;:&quot;classic&quot;}\">\n\t\t\t\t\t\t\t<div class=\"elementor-background-overlay\"><\/div>\n\t\t\t\t\t\t\t<div class=\"elementor-container elementor-column-gap-wider\">\n\t\t\t\t\t<div class=\"elementor-column elementor-col-50 elementor-top-column elementor-element elementor-element-b0b591c\" data-id=\"b0b591c\" data-element_type=\"column\" data-e-type=\"column\">\n\t\t\t<div class=\"elementor-widget-wrap elementor-element-populated\">\n\t\t\t\t\t\t<div class=\"elementor-element elementor-element-0796153 elementor-widget elementor-widget-heading\" data-id=\"0796153\" data-element_type=\"widget\" data-e-type=\"widget\" data-widget_type=\"heading.default\">\n\t\t\t\t<div class=\"elementor-widget-container\">\n\t\t\t\t\t<h1 class=\"elementor-heading-title elementor-size-default\">Informationen und Hinweise f\u00fcr Wohnmobilreisen in Andalusien<\/h1>\t\t\t\t<\/div>\n\t\t\t\t<\/div>\n\t\t\t\t\t<\/div>\n\t\t<\/div>\n\t\t\t\t<div class=\"elementor-column elementor-col-50 elementor-top-column elementor-element elementor-element-567dccc\" data-id=\"567dccc\" data-element_type=\"column\" data-e-type=\"column\" data-settings=\"{&quot;background_background&quot;:&quot;classic&quot;}\">\n\t\t\t<div class=\"elementor-widget-wrap elementor-element-populated\">\n\t\t\t\t\t\t<div class=\"elementor-element elementor-element-788444c elementor-widget elementor-widget-html\" data-id=\"788444c\" data-element_type=\"widget\" data-e-type=\"widget\" data-widget_type=\"html.default\">\n\t\t\t\t<div class=\"elementor-widget-container\">\n\t\t\t\t\t<iframe src=\"https:\/\/reservation.southcamper.com\/?search=1&idioma=es\" style=\"width:100%;height:425px;background-color:#ffffffd6;\" scrolling=\"no\" frameborder=\"0\"><\/iframe>\t\t\t\t<\/div>\n\t\t\t\t<\/div>\n\t\t\t\t\t<\/div>\n\t\t<\/div>\n\t\t\t\t\t<\/div>\n\t\t<\/section>\n\t\t\t\t<section class=\"elementor-section elementor-top-section elementor-element elementor-element-2b6fe4c elementor-section-boxed elementor-section-height-default elementor-section-height-default\" data-id=\"2b6fe4c\" data-element_type=\"section\" data-e-type=\"section\">\n\t\t\t\t\t\t<div class=\"elementor-container elementor-column-gap-default\">\n\t\t\t\t\t<div class=\"elementor-column elementor-col-50 elementor-top-column elementor-element elementor-element-de87e3e\" data-id=\"de87e3e\" data-element_type=\"column\" data-e-type=\"column\">\n\t\t\t<div class=\"elementor-widget-wrap elementor-element-populated\">\n\t\t\t\t\t\t<div class=\"elementor-element elementor-element-48e9ab7 elementor-widget elementor-widget-google_maps\" data-id=\"48e9ab7\" data-element_type=\"widget\" data-e-type=\"widget\" data-widget_type=\"google_maps.default\">\n\t\t\t\t<div class=\"elementor-widget-container\">\n\t\t\t\t\t\t\t<div class=\"elementor-custom-embed\">\n\t\t\t<iframe loading=\"lazy\"\n\t\t\t\t\tsrc=\"https:\/\/maps.google.com\/maps?q=Southcamper&#038;t=m&#038;z=12&#038;output=embed&#038;iwloc=near\"\n\t\t\t\t\ttitle=\"Southcamper\"\n\t\t\t\t\taria-label=\"Southcamper\"\n\t\t\t><\/iframe>\n\t\t<\/div>\n\t\t\t\t\t\t<\/div>\n\t\t\t\t<\/div>\n\t\t\t\t\t<\/div>\n\t\t<\/div>\n\t\t\t\t<div class=\"elementor-column elementor-col-50 elementor-top-column elementor-element elementor-element-88510c3\" data-id=\"88510c3\" data-element_type=\"column\" data-e-type=\"column\">\n\t\t\t<div class=\"elementor-widget-wrap elementor-element-populated\">\n\t\t\t\t\t\t<div class=\"elementor-element elementor-element-2f9e218 elementor-position-inline-start elementor-view-default elementor-mobile-position-block-start elementor-widget elementor-widget-icon-box\" data-id=\"2f9e218\" data-element_type=\"widget\" data-e-type=\"widget\" data-widget_type=\"icon-box.default\">\n\t\t\t\t<div class=\"elementor-widget-container\">\n\t\t\t\t\t\t\t<div class=\"elementor-icon-box-wrapper\">\n\n\t\t\t\t\t\t<div class=\"elementor-icon-box-icon\">\n\t\t\t\t<span  class=\"elementor-icon\">\n\t\t\t\t<i aria-hidden=\"true\" class=\"fas fa-directions\"><\/i>\t\t\t\t<\/span>\n\t\t\t<\/div>\n\t\t\t\n\t\t\t\t\t\t<div class=\"elementor-icon-box-content\">\n\n\t\t\t\t\t\t\t\t\t<h2 class=\"elementor-icon-box-title\">\n\t\t\t\t\t\t<span  >\n\t\t\t\t\t\t\tSouthcamper\t\t\t\t\t\t<\/span>\n\t\t\t\t\t<\/h2>\n\t\t\t\t\n\t\t\t\t\t\t\t\t\t<p class=\"elementor-icon-box-description\">\n\t\t\t\t\t\tCalle Torre del Mar 48, 29004 M\u00e1laga<br>Tel: <a href=\"tel:+34952751654\">+34-952-751654<\/a>\t\t\t\t\t<\/p>\n\t\t\t\t\n\t\t\t<\/div>\n\t\t\t\n\t\t<\/div>\n\t\t\t\t\t\t<\/div>\n\t\t\t\t<\/div>\n\t\t\t\t<div class=\"elementor-element elementor-element-b8bac02 elementor-position-inline-start elementor-view-default elementor-mobile-position-block-start elementor-widget elementor-widget-icon-box\" data-id=\"b8bac02\" data-element_type=\"widget\" data-e-type=\"widget\" data-widget_type=\"icon-box.default\">\n\t\t\t\t<div class=\"elementor-widget-container\">\n\t\t\t\t\t\t\t<div class=\"elementor-icon-box-wrapper\">\n\n\t\t\t\t\t\t<div class=\"elementor-icon-box-icon\">\n\t\t\t\t<span  class=\"elementor-icon\">\n\t\t\t\t<i aria-hidden=\"true\" class=\"far fa-clock\"><\/i>\t\t\t\t<\/span>\n\t\t\t<\/div>\n\t\t\t\n\t\t\t\t\t\t<div class=\"elementor-icon-box-content\">\n\n\t\t\t\t\t\t\t\t\t<h2 class=\"elementor-icon-box-title\">\n\t\t\t\t\t\t<span  >\n\t\t\t\t\t\t\t\u00d6ffnungszeiten\t\t\t\t\t\t<\/span>\n\t\t\t\t\t<\/h2>\n\t\t\t\t\n\t\t\t\t\t\t\t\t\t<p class=\"elementor-icon-box-description\">\n\t\t\t\t\t\tMontag - Sonntag: 10 bis 18 Uhr<br>\t\t\t\t\t<\/p>\n\t\t\t\t\n\t\t\t<\/div>\n\t\t\t\n\t\t<\/div>\n\t\t\t\t\t\t<\/div>\n\t\t\t\t<\/div>\n\t\t\t\t<div class=\"elementor-element elementor-element-3687536 elementor-position-inline-start elementor-view-default elementor-mobile-position-block-start elementor-widget elementor-widget-icon-box\" data-id=\"3687536\" data-element_type=\"widget\" data-e-type=\"widget\" data-widget_type=\"icon-box.default\">\n\t\t\t\t<div class=\"elementor-widget-container\">\n\t\t\t\t\t\t\t<div class=\"elementor-icon-box-wrapper\">\n\n\t\t\t\t\t\t<div class=\"elementor-icon-box-icon\">\n\t\t\t\t<span  class=\"elementor-icon\">\n\t\t\t\t<i aria-hidden=\"true\" class=\"fas fa-taxi\"><\/i>\t\t\t\t<\/span>\n\t\t\t<\/div>\n\t\t\t\n\t\t\t\t\t\t<div class=\"elementor-icon-box-content\">\n\n\t\t\t\t\t\t\t\t\t<h2 class=\"elementor-icon-box-title\">\n\t\t\t\t\t\t<span  >\n\t\t\t\t\t\t\tTaxi\t\t\t\t\t\t<\/span>\n\t\t\t\t\t<\/h2>\n\t\t\t\t\n\t\t\t\t\t\t\t\t\t<p class=\"elementor-icon-box-description\">\n\t\t\t\t\t\tKosten f\u00fcr ein Taxi, Uber oder Cabify vom<br>\r\n<b>Flughafen Malaga:<b> 15 \u20ac<b>\r\n<b>Bahnstation RENFE Malaga Maria Zambrano: <b> 20\u20ac\t\t\t\t\t<\/p>\n\t\t\t\t\n\t\t\t<\/div>\n\t\t\t\n\t\t<\/div>\n\t\t\t\t\t\t<\/div>\n\t\t\t\t<\/div>\n\t\t\t\t<div class=\"elementor-element elementor-element-065a0d5 elementor-position-inline-start elementor-view-default elementor-mobile-position-block-start elementor-widget elementor-widget-icon-box\" data-id=\"065a0d5\" data-element_type=\"widget\" data-e-type=\"widget\" data-widget_type=\"icon-box.default\">\n\t\t\t\t<div class=\"elementor-widget-container\">\n\t\t\t\t\t\t\t<div class=\"elementor-icon-box-wrapper\">\n\n\t\t\t\t\t\t<div class=\"elementor-icon-box-icon\">\n\t\t\t\t<span  class=\"elementor-icon\">\n\t\t\t\t<i aria-hidden=\"true\" class=\"far fa-flag\"><\/i>\t\t\t\t<\/span>\n\t\t\t<\/div>\n\t\t\t\n\t\t\t\t\t\t<div class=\"elementor-icon-box-content\">\n\n\t\t\t\t\t\t\t\t\t<h2 class=\"elementor-icon-box-title\">\n\t\t\t\t\t\t<span  >\n\t\t\t\t\t\t\tStandort\t\t\t\t\t\t<\/span>\n\t\t\t\t\t<\/h2>\n\t\t\t\t\n\t\t\t\t\t\t\t\t\t<p class=\"elementor-icon-box-description\">\n\t\t\t\t\t\tDie Mietstation befindet sich im Industriegebiet Santa Teresa, neben dem Flughafen Malaga (Ausfahrt Guadalhorce).\t\t\t\t\t<\/p>\n\t\t\t\t\n\t\t\t<\/div>\n\t\t\t\n\t\t<\/div>\n\t\t\t\t\t\t<\/div>\n\t\t\t\t<\/div>\n\t\t\t\t\t<\/div>\n\t\t<\/div>\n\t\t\t\t\t<\/div>\n\t\t<\/section>\n\t\t<div class=\"elementor-element elementor-element-3d8b4f6 e-flex e-con-boxed e-con e-parent\" data-id=\"3d8b4f6\" data-element_type=\"container\" data-e-type=\"container\">\n\t\t\t\t\t<div class=\"e-con-inner\">\n\t\t<div class=\"elementor-element elementor-element-5d415d4 e-con-full e-flex e-con e-parent\" data-id=\"5d415d4\" data-element_type=\"container\" data-e-type=\"container\">\n\t\t\t\t<div class=\"elementor-element elementor-element-9ecfb1e elementor-widget elementor-widget-heading\" data-id=\"9ecfb1e\" data-element_type=\"widget\" data-e-type=\"widget\" data-widget_type=\"heading.default\">\n\t\t\t\t<div class=\"elementor-widget-container\">\n\t\t\t\t\t<h2 class=\"elementor-heading-title elementor-size-default\">Andalusien<\/h2>\t\t\t\t<\/div>\n\t\t\t\t<\/div>\n\t\t\t\t<div class=\"elementor-element elementor-element-f65ad5d elementor-widget elementor-widget-text-editor\" data-id=\"f65ad5d\" data-element_type=\"widget\" data-e-type=\"widget\" data-widget_type=\"text-editor.default\">\n\t\t\t\t<div class=\"elementor-widget-container\">\n\t\t\t\t\t\t\t\t\t<p>Die Region hat acht Provinzen, von denen f\u00fcnf an der K\u00fcste und drei im Landesinneren liegen. Malaga befindet sich im Zentrum, wo sich auch der Flughafen Pablo Picasso befindet, der gr\u00f6\u00dfte in Andalusien. Aufgrund seiner zentralen Lage mit vielen Reisezielen in einem Umkreis von maximal drei Stunden ist es ein idealer Ausgangspunkt f\u00fcr eine Wohnmobilreise in Andalusien.<\/p><p>Wir k\u00f6nnen wir Andalusien gedanklich in drei Zonen unterteilen.\u00a0Im Osten finden wir Sierra Nevada und die W\u00fcste und die Str\u00e4nde von Almer\u00eda.\u00a0Im Zentrum befinden sich die Provinzhauptst\u00e4dte Granada, Ja\u00e9n, C\u00f3rdoba und Sevilla.\u00a0Und im Westen befinden sich die Str\u00e4nde der Provinzen C\u00e1diz und Huelva mit den K\u00fcstenst\u00e4dten C\u00e1diz und Gibraltar als Haupttouristenattraktionen.\u00a0Es ist zu beachten, dass in allen Provinzen Naturparks mit einer guten Infrastruktur f\u00fcr Wohnmobile in Kleinst\u00e4dten oder nahe gelegenen St\u00e4dten liegen.<\/p>\t\t\t\t\t\t\t\t<\/div>\n\t\t\t\t<\/div>\n\t\t\t\t<\/div>\n\t\t<div class=\"elementor-element elementor-element-80c7766 e-con-full e-flex e-con e-parent\" data-id=\"80c7766\" data-element_type=\"container\" data-e-type=\"container\">\n\t\t\t\t<div class=\"elementor-element elementor-element-eecdd91 elementor-widget elementor-widget-image\" data-id=\"eecdd91\" data-element_type=\"widget\" data-e-type=\"widget\" data-widget_type=\"image.default\">\n\t\t\t\t<div class=\"elementor-widget-container\">\n\t\t\t\t\t\t\t\t\t\t\t\t\t\t\t<img fetchpriority=\"high\" decoding=\"async\" width=\"1500\" height=\"970\" src=\"https:\/\/southcamper.com\/wp-content\/uploads\/2022\/01\/cordoba-alquiler-autocaravanas-andalucia-southcamper.jpeg\" class=\"attachment-full size-full wp-image-8530\" alt=\"\" srcset=\"https:\/\/southcamper.com\/wp-content\/uploads\/2022\/01\/cordoba-alquiler-autocaravanas-andalucia-southcamper.jpeg 1500w, https:\/\/southcamper.com\/wp-content\/uploads\/2022\/01\/cordoba-alquiler-autocaravanas-andalucia-southcamper-500x323.jpeg 500w, https:\/\/southcamper.com\/wp-content\/uploads\/2022\/01\/cordoba-alquiler-autocaravanas-andalucia-southcamper-1024x662.jpeg 1024w, https:\/\/southcamper.com\/wp-content\/uploads\/2022\/01\/cordoba-alquiler-autocaravanas-andalucia-southcamper-768x497.jpeg 768w\" sizes=\"(max-width: 1500px) 100vw, 1500px\" \/>\t\t\t\t\t\t\t\t\t\t\t\t\t\t\t<\/div>\n\t\t\t\t<\/div>\n\t\t\t\t<\/div>\n\t\t\t\t\t<\/div>\n\t\t\t\t<\/div>\n\t\t\t\t<section class=\"elementor-section elementor-top-section elementor-element elementor-element-91d4dd8 elementor-section-boxed elementor-section-height-default elementor-section-height-default\" data-id=\"91d4dd8\" data-element_type=\"section\" data-e-type=\"section\" data-settings=\"{&quot;background_background&quot;:&quot;classic&quot;}\">\n\t\t\t\t\t\t\t<div class=\"elementor-background-overlay\"><\/div>\n\t\t\t\t\t\t\t<div class=\"elementor-container elementor-column-gap-default\">\n\t\t\t\t\t<div class=\"elementor-column elementor-col-100 elementor-top-column elementor-element elementor-element-1223514\" data-id=\"1223514\" data-element_type=\"column\" data-e-type=\"column\">\n\t\t\t<div class=\"elementor-widget-wrap elementor-element-populated\">\n\t\t\t\t\t\t<div class=\"elementor-element elementor-element-4f41199 elementor-widget elementor-widget-heading\" data-id=\"4f41199\" data-element_type=\"widget\" data-e-type=\"widget\" data-widget_type=\"heading.default\">\n\t\t\t\t<div class=\"elementor-widget-container\">\n\t\t\t\t\t<h2 class=\"elementor-heading-title elementor-size-default\">Routen und Kundenerlebnisse<\/h2>\t\t\t\t<\/div>\n\t\t\t\t<\/div>\n\t\t\t\t\t<\/div>\n\t\t<\/div>\n\t\t\t\t\t<\/div>\n\t\t<\/section>\n\t\t<div class=\"elementor-element elementor-element-69e3290 e-flex e-con-boxed e-con e-parent\" data-id=\"69e3290\" data-element_type=\"container\" data-e-type=\"container\">\n\t\t\t\t\t<div class=\"e-con-inner\">\n\t\t\t\t<div class=\"elementor-element elementor-element-77bb266 elementor-widget elementor-widget-heading\" data-id=\"77bb266\" data-element_type=\"widget\" data-e-type=\"widget\" data-widget_type=\"heading.default\">\n\t\t\t\t<div class=\"elementor-widget-container\">\n\t\t\t\t\t<h2 class=\"elementor-heading-title elementor-size-default\">Reisezeiten<\/h2>\t\t\t\t<\/div>\n\t\t\t\t<\/div>\n\t\t\t\t<div class=\"elementor-element elementor-element-600ecb1 elementor-widget elementor-widget-text-editor\" data-id=\"600ecb1\" data-element_type=\"widget\" data-e-type=\"widget\" data-widget_type=\"text-editor.default\">\n\t\t\t\t<div class=\"elementor-widget-container\">\n\t\t\t\t\t\t\t\t\t<p>Andalusien ist bekannt als beliebtes Reiseziel f\u00fcr eine typische Sommerreise mit viel Sonne, Strand und Meer. Mit einem Wohnmobil sind Sie flexibel und k\u00f6nnen sich die Probleme des All-Inclusive-Tourismus ersparen. Sie k\u00f6nnen Andalusien das ganze Jahr \u00fcber mit dem Wohnmobil besuchen. Abh\u00e4ngig von der gew\u00e4hlten Jahreszeit gibt es verschiedene Alternativen.<\/p>\n\t\t\t\t\t\t\t\t<\/div>\n\t\t\t\t<\/div>\n\t\t\t\t\t<\/div>\n\t\t\t\t<\/div>\n\t\t<div class=\"elementor-element elementor-element-9f97429 e-flex e-con-boxed e-con e-parent\" data-id=\"9f97429\" data-element_type=\"container\" data-e-type=\"container\">\n\t\t\t\t\t<div class=\"e-con-inner\">\n\t\t<div class=\"elementor-element elementor-element-1652d4d e-con-full e-flex e-con e-parent\" data-id=\"1652d4d\" data-element_type=\"container\" data-e-type=\"container\">\n\t\t\t\t<div class=\"elementor-element elementor-element-1bc2732 elementor-widget elementor-widget-image\" data-id=\"1bc2732\" data-element_type=\"widget\" data-e-type=\"widget\" data-widget_type=\"image.default\">\n\t\t\t\t<div class=\"elementor-widget-container\">\n\t\t\t\t\t\t\t\t\t\t\t\t\t\t\t<img decoding=\"async\" width=\"1200\" height=\"1256\" src=\"https:\/\/southcamper.com\/wp-content\/uploads\/2020\/09\/IMG-20200831-WA0027-e1600411514447.jpg\" class=\"attachment-full size-full wp-image-4354\" alt=\"\" srcset=\"https:\/\/southcamper.com\/wp-content\/uploads\/2020\/09\/IMG-20200831-WA0027-e1600411514447.jpg 1200w, https:\/\/southcamper.com\/wp-content\/uploads\/2020\/09\/IMG-20200831-WA0027-e1600411514447-1000x1047.jpg 1000w\" sizes=\"(max-width: 1200px) 100vw, 1200px\" \/>\t\t\t\t\t\t\t\t\t\t\t\t\t\t\t<\/div>\n\t\t\t\t<\/div>\n\t\t\t\t<\/div>\n\t\t<div class=\"elementor-element elementor-element-3180087 e-con-full e-flex e-con e-parent\" data-id=\"3180087\" data-element_type=\"container\" data-e-type=\"container\">\n\t\t\t\t<div class=\"elementor-element elementor-element-dd3f3be elementor-widget elementor-widget-heading\" data-id=\"dd3f3be\" data-element_type=\"widget\" data-e-type=\"widget\" data-widget_type=\"heading.default\">\n\t\t\t\t<div class=\"elementor-widget-container\">\n\t\t\t\t\t<h3 class=\"elementor-heading-title elementor-size-default\">Fr\u00fchling<\/h3>\t\t\t\t<\/div>\n\t\t\t\t<\/div>\n\t\t\t\t<div class=\"elementor-element elementor-element-063c61d elementor-widget elementor-widget-text-editor\" data-id=\"063c61d\" data-element_type=\"widget\" data-e-type=\"widget\" data-widget_type=\"text-editor.default\">\n\t\t\t\t<div class=\"elementor-widget-container\">\n\t\t\t\t\t\t\t\t\t<p>Zu Ostern k\u00f6nnen Sie einen der vielen Naturparks im Landesinneren besuchen. W\u00e4hrend dieser Zeit k\u00f6nnen Sie die Natur in ihrer ganzen Pracht genie\u00dfen und Wandern, Radfahren, Rafting, Klettern und nat\u00fcrlich Camping gehen. Typische Ziele f\u00fcr einen Wohnmobilurlaub sind die wei\u00dfen D\u00f6rfer in den Provinzen C\u00e1diz und M\u00e1laga oder die Alpujarras in Granada.<\/p>\n<p>Weitere Naturparks, die mit dem Wohnmobil einen Besuch wert sind, sind der Naturpark Alcornocales im S\u00fcden der Sierra de Grazalema sowie die Sierra de Cazorla, Segura und Las Villas in der Provinz Ja\u00e9n. In dieser Region gibt es auch die alten Universit\u00e4tsst\u00e4dte \u00dabeda und Baeza.<\/p>\n\t\t\t\t\t\t\t\t<\/div>\n\t\t\t\t<\/div>\n\t\t\t\t<\/div>\n\t\t\t\t\t<\/div>\n\t\t\t\t<\/div>\n\t\t<div class=\"elementor-element elementor-element-7c22984 inversa e-flex e-con-boxed e-con e-parent\" data-id=\"7c22984\" data-element_type=\"container\" data-e-type=\"container\">\n\t\t\t\t\t<div class=\"e-con-inner\">\n\t\t<div class=\"elementor-element elementor-element-4a33647 e-con-full e-flex e-con e-parent\" data-id=\"4a33647\" data-element_type=\"container\" data-e-type=\"container\">\n\t\t\t\t<div class=\"elementor-element elementor-element-0a8cd27 elementor-widget elementor-widget-heading\" data-id=\"0a8cd27\" data-element_type=\"widget\" data-e-type=\"widget\" data-widget_type=\"heading.default\">\n\t\t\t\t<div class=\"elementor-widget-container\">\n\t\t\t\t\t<h3 class=\"elementor-heading-title elementor-size-default\">Winter<\/h3>\t\t\t\t<\/div>\n\t\t\t\t<\/div>\n\t\t\t\t<div class=\"elementor-element elementor-element-94b609a elementor-widget elementor-widget-text-editor\" data-id=\"94b609a\" data-element_type=\"widget\" data-e-type=\"widget\" data-widget_type=\"text-editor.default\">\n\t\t\t\t<div class=\"elementor-widget-container\">\n\t\t\t\t\t\t\t\t\t<p>Die Campingpl\u00e4tze und die Wohnmobilstellpl\u00e4tze der Costa del Sol sind bei Wintercampern sehr beliebt. Es ist jedoch nicht notwendig gleich einige Monate in Andalusien zu verbringen. Sie k\u00f6nnen mit unseren attraktiven Winterpreisen dem Winter auf f\u00fcr k\u00fcrzere Zeit entfliehen.<\/p>\n<p>Unsere Fahrzeuge sind mit Heizung und Warmwasserboiler ausgestattet. Daher bleiben sie immer warm und gem\u00fctlich, auch wenn es drau\u00dfen nach Sonnenuntergang etwas k\u00fchl wird.<\/p>\n\t\t\t\t\t\t\t\t<\/div>\n\t\t\t\t<\/div>\n\t\t\t\t<\/div>\n\t\t<div class=\"elementor-element elementor-element-0b87452 e-con-full e-flex e-con e-parent\" data-id=\"0b87452\" data-element_type=\"container\" data-e-type=\"container\">\n\t\t\t\t<div class=\"elementor-element elementor-element-7e7b63c elementor-widget elementor-widget-image\" data-id=\"7e7b63c\" data-element_type=\"widget\" data-e-type=\"widget\" data-widget_type=\"image.default\">\n\t\t\t\t<div class=\"elementor-widget-container\">\n\t\t\t\t\t\t\t\t\t\t\t\t\t\t\t<img decoding=\"async\" width=\"2560\" height=\"1710\" src=\"https:\/\/southcamper.com\/wp-content\/uploads\/2020\/09\/woman-is-standing-with-a-mug-of-coffee-near-the-ca-P6VA4TK-scaled.jpg\" class=\"attachment-full size-full wp-image-4366\" alt=\"\" srcset=\"https:\/\/southcamper.com\/wp-content\/uploads\/2020\/09\/woman-is-standing-with-a-mug-of-coffee-near-the-ca-P6VA4TK-scaled.jpg 2560w, https:\/\/southcamper.com\/wp-content\/uploads\/2020\/09\/woman-is-standing-with-a-mug-of-coffee-near-the-ca-P6VA4TK-scaled-1000x668.jpg 1000w, https:\/\/southcamper.com\/wp-content\/uploads\/2020\/09\/woman-is-standing-with-a-mug-of-coffee-near-the-ca-P6VA4TK-300x200.jpg 300w, https:\/\/southcamper.com\/wp-content\/uploads\/2020\/09\/woman-is-standing-with-a-mug-of-coffee-near-the-ca-P6VA4TK-1024x684.jpg 1024w, https:\/\/southcamper.com\/wp-content\/uploads\/2020\/09\/woman-is-standing-with-a-mug-of-coffee-near-the-ca-P6VA4TK-768x513.jpg 768w, https:\/\/southcamper.com\/wp-content\/uploads\/2020\/09\/woman-is-standing-with-a-mug-of-coffee-near-the-ca-P6VA4TK-1536x1026.jpg 1536w, https:\/\/southcamper.com\/wp-content\/uploads\/2020\/09\/woman-is-standing-with-a-mug-of-coffee-near-the-ca-P6VA4TK-2048x1368.jpg 2048w\" sizes=\"(max-width: 2560px) 100vw, 2560px\" \/>\t\t\t\t\t\t\t\t\t\t\t\t\t\t\t<\/div>\n\t\t\t\t<\/div>\n\t\t\t\t<\/div>\n\t\t\t\t\t<\/div>\n\t\t\t\t<\/div>\n\t\t<div class=\"elementor-element elementor-element-036009e e-flex e-con-boxed e-con e-parent\" data-id=\"036009e\" data-element_type=\"container\" data-e-type=\"container\">\n\t\t\t\t\t<div class=\"e-con-inner\">\n\t\t<div class=\"elementor-element elementor-element-0b94c81 e-con-full e-flex e-con e-parent\" data-id=\"0b94c81\" data-element_type=\"container\" data-e-type=\"container\">\n\t\t\t\t<div class=\"elementor-element elementor-element-bb38836 elementor-widget elementor-widget-image\" data-id=\"bb38836\" data-element_type=\"widget\" data-e-type=\"widget\" data-widget_type=\"image.default\">\n\t\t\t\t<div class=\"elementor-widget-container\">\n\t\t\t\t\t\t\t\t\t\t\t\t\t\t\t<img loading=\"lazy\" decoding=\"async\" width=\"1600\" height=\"1200\" src=\"https:\/\/southcamper.com\/wp-content\/uploads\/2020\/09\/IMG-20200831-WA0032.jpg\" class=\"attachment-full size-full wp-image-4351\" alt=\"\" srcset=\"https:\/\/southcamper.com\/wp-content\/uploads\/2020\/09\/IMG-20200831-WA0032.jpg 1600w, https:\/\/southcamper.com\/wp-content\/uploads\/2020\/09\/IMG-20200831-WA0032-1000x750.jpg 1000w, https:\/\/southcamper.com\/wp-content\/uploads\/2020\/09\/IMG-20200831-WA0032-300x225.jpg 300w, https:\/\/southcamper.com\/wp-content\/uploads\/2020\/09\/IMG-20200831-WA0032-1024x768.jpg 1024w, https:\/\/southcamper.com\/wp-content\/uploads\/2020\/09\/IMG-20200831-WA0032-768x576.jpg 768w, https:\/\/southcamper.com\/wp-content\/uploads\/2020\/09\/IMG-20200831-WA0032-1536x1152.jpg 1536w\" sizes=\"(max-width: 1600px) 100vw, 1600px\" \/>\t\t\t\t\t\t\t\t\t\t\t\t\t\t\t<\/div>\n\t\t\t\t<\/div>\n\t\t\t\t<\/div>\n\t\t<div class=\"elementor-element elementor-element-de514cd e-con-full e-flex e-con e-parent\" data-id=\"de514cd\" data-element_type=\"container\" data-e-type=\"container\">\n\t\t\t\t<div class=\"elementor-element elementor-element-882cc3d elementor-widget elementor-widget-heading\" data-id=\"882cc3d\" data-element_type=\"widget\" data-e-type=\"widget\" data-widget_type=\"heading.default\">\n\t\t\t\t<div class=\"elementor-widget-container\">\n\t\t\t\t\t<h3 class=\"elementor-heading-title elementor-size-default\">Herbst<\/h3>\t\t\t\t<\/div>\n\t\t\t\t<\/div>\n\t\t\t\t<div class=\"elementor-element elementor-element-8e4e5bb elementor-widget elementor-widget-text-editor\" data-id=\"8e4e5bb\" data-element_type=\"widget\" data-e-type=\"widget\" data-widget_type=\"text-editor.default\">\n\t\t\t\t<div class=\"elementor-widget-container\">\n\t\t\t\t\t\t\t\t\t<p>Wenn Sie flexibel sind, ist der Herbst die beste Reisezeit f\u00fcr Andalusien. Die Badesaison endet im Oktober, aber das Wetter ist immer noch mild und gelegentlich hei\u00df. Die Temperatur des Meerwassers ist angenehm und Sie haben die wundersch\u00f6nen Str\u00e4nde der Costa de la Luz fast f\u00fcr sich. In dieser Zeit k\u00f6nnen Sie die Alhambra in Granada oder die Kathedrale von Sevilla mit weniger Aufkommen besuchen.<\/p>\n<p>Die Preise auf Campingpl\u00e4tzen, Bars und Restaurants sind deutlich niedriger als im Sommer.<\/p>\n\t\t\t\t\t\t\t\t<\/div>\n\t\t\t\t<\/div>\n\t\t\t\t<\/div>\n\t\t\t\t\t<\/div>\n\t\t\t\t<\/div>\n\t\t<div class=\"elementor-element elementor-element-7fe27fe inversa e-flex e-con-boxed e-con e-parent\" data-id=\"7fe27fe\" data-element_type=\"container\" data-e-type=\"container\">\n\t\t\t\t\t<div class=\"e-con-inner\">\n\t\t<div class=\"elementor-element elementor-element-33880db e-con-full e-flex e-con e-parent\" data-id=\"33880db\" data-element_type=\"container\" data-e-type=\"container\">\n\t\t\t\t<div class=\"elementor-element elementor-element-898e058 elementor-widget elementor-widget-heading\" data-id=\"898e058\" data-element_type=\"widget\" data-e-type=\"widget\" data-widget_type=\"heading.default\">\n\t\t\t\t<div class=\"elementor-widget-container\">\n\t\t\t\t\t<h3 class=\"elementor-heading-title elementor-size-default\">Sommer<\/h3>\t\t\t\t<\/div>\n\t\t\t\t<\/div>\n\t\t\t\t<div class=\"elementor-element elementor-element-94ad225 elementor-widget elementor-widget-text-editor\" data-id=\"94ad225\" data-element_type=\"widget\" data-e-type=\"widget\" data-widget_type=\"text-editor.default\">\n\t\t\t\t<div class=\"elementor-widget-container\">\n\t\t\t\t\t\t\t\t\t<p>Der Sommer in Andalusien ist ber\u00fchmt f\u00fcr seine Hitze. Es ist daher ratsam, in K\u00fcstenn\u00e4he zu bleiben und nur kurze Ausfl\u00fcge ins Landesinnere zu unternehmen. Die Atlantikk\u00fcste zwischen Tarifa und Huelva bietet in dieser Zeit das beste Klima. Zwischen Tarifa und C\u00e1diz kann es im August dann jedoch sehr voll werden. Sie k\u00f6nnen jedoch problemlos in die weniger besuchten Gebiete an der Costa de la Luz in der Provinz Huelva ausweichen. Westlich des Do\u00f1ana-Nationalparks gibt es lange Str\u00e4nde und viel Baumbestand, in deren Schatten Sie mit dem Wohnmobil campen k\u00f6nnen.<\/p>\n\t\t\t\t\t\t\t\t<\/div>\n\t\t\t\t<\/div>\n\t\t\t\t<\/div>\n\t\t<div class=\"elementor-element elementor-element-9ccfb30 e-con-full e-flex e-con e-parent\" data-id=\"9ccfb30\" data-element_type=\"container\" data-e-type=\"container\">\n\t\t\t\t<div class=\"elementor-element elementor-element-13839c3 elementor-widget elementor-widget-image\" data-id=\"13839c3\" data-element_type=\"widget\" data-e-type=\"widget\" data-widget_type=\"image.default\">\n\t\t\t\t<div class=\"elementor-widget-container\">\n\t\t\t\t\t\t\t\t\t\t\t\t\t\t\t<img loading=\"lazy\" decoding=\"async\" width=\"1600\" height=\"1200\" src=\"https:\/\/southcamper.com\/wp-content\/uploads\/2020\/09\/IMG-20200831-WA00381.jpg\" class=\"attachment-full size-full wp-image-4369\" alt=\"\" srcset=\"https:\/\/southcamper.com\/wp-content\/uploads\/2020\/09\/IMG-20200831-WA00381.jpg 1600w, https:\/\/southcamper.com\/wp-content\/uploads\/2020\/09\/IMG-20200831-WA00381-1000x750.jpg 1000w, https:\/\/southcamper.com\/wp-content\/uploads\/2020\/09\/IMG-20200831-WA00381-300x225.jpg 300w, https:\/\/southcamper.com\/wp-content\/uploads\/2020\/09\/IMG-20200831-WA00381-1024x768.jpg 1024w, https:\/\/southcamper.com\/wp-content\/uploads\/2020\/09\/IMG-20200831-WA00381-768x576.jpg 768w, https:\/\/southcamper.com\/wp-content\/uploads\/2020\/09\/IMG-20200831-WA00381-1536x1152.jpg 1536w\" sizes=\"(max-width: 1600px) 100vw, 1600px\" \/>\t\t\t\t\t\t\t\t\t\t\t\t\t\t\t<\/div>\n\t\t\t\t<\/div>\n\t\t\t\t<\/div>\n\t\t\t\t\t<\/div>\n\t\t\t\t<\/div>\n\t\t<div class=\"elementor-element elementor-element-2549e03 e-flex e-con-boxed e-con e-parent\" data-id=\"2549e03\" data-element_type=\"container\" data-e-type=\"container\">\n\t\t\t\t\t<div class=\"e-con-inner\">\n\t\t<div class=\"elementor-element elementor-element-2acf941 e-con-full e-flex e-con e-parent\" data-id=\"2acf941\" data-element_type=\"container\" data-e-type=\"container\">\n\t\t\t\t<div class=\"elementor-element elementor-element-2cbf1e4 elementor-widget elementor-widget-image\" data-id=\"2cbf1e4\" data-element_type=\"widget\" data-e-type=\"widget\" data-widget_type=\"image.default\">\n\t\t\t\t<div class=\"elementor-widget-container\">\n\t\t\t\t\t\t\t\t\t\t\t\t\t\t\t<img loading=\"lazy\" decoding=\"async\" width=\"1600\" height=\"1200\" src=\"https:\/\/southcamper.com\/wp-content\/uploads\/2020\/09\/IMG-20200831-WA0036.jpg\" class=\"attachment-full size-full wp-image-4372\" alt=\"\" srcset=\"https:\/\/southcamper.com\/wp-content\/uploads\/2020\/09\/IMG-20200831-WA0036.jpg 1600w, https:\/\/southcamper.com\/wp-content\/uploads\/2020\/09\/IMG-20200831-WA0036-1000x750.jpg 1000w, https:\/\/southcamper.com\/wp-content\/uploads\/2020\/09\/IMG-20200831-WA0036-300x225.jpg 300w, https:\/\/southcamper.com\/wp-content\/uploads\/2020\/09\/IMG-20200831-WA0036-1024x768.jpg 1024w, https:\/\/southcamper.com\/wp-content\/uploads\/2020\/09\/IMG-20200831-WA0036-768x576.jpg 768w, https:\/\/southcamper.com\/wp-content\/uploads\/2020\/09\/IMG-20200831-WA0036-1536x1152.jpg 1536w\" sizes=\"(max-width: 1600px) 100vw, 1600px\" \/>\t\t\t\t\t\t\t\t\t\t\t\t\t\t\t<\/div>\n\t\t\t\t<\/div>\n\t\t\t\t<\/div>\n\t\t<div class=\"elementor-element elementor-element-7ef968f e-con-full e-flex e-con e-parent\" data-id=\"7ef968f\" data-element_type=\"container\" data-e-type=\"container\">\n\t\t\t\t<div class=\"elementor-element elementor-element-7d251c5 elementor-widget elementor-widget-heading\" data-id=\"7d251c5\" data-element_type=\"widget\" data-e-type=\"widget\" data-widget_type=\"heading.default\">\n\t\t\t\t<div class=\"elementor-widget-container\">\n\t\t\t\t\t<h2 class=\"elementor-heading-title elementor-size-default\">Feiertage in Spanien<\/h2>\t\t\t\t<\/div>\n\t\t\t\t<\/div>\n\t\t\t\t<div class=\"elementor-element elementor-element-996fe33 elementor-widget elementor-widget-text-editor\" data-id=\"996fe33\" data-element_type=\"widget\" data-e-type=\"widget\" data-widget_type=\"text-editor.default\">\n\t\t\t\t<div class=\"elementor-widget-container\">\n\t\t\t\t\t\t\t\t\t<ul>\n<li>1. Januar: A\u00f1o Nuevo (Neujahr)<\/li>\n<li>6. Januar: Revelaci\u00f3n del Se\u00f1or<\/li>\n<li>19. M\u00e4rz: San Jos\u00e9<\/li>\n<li>zwischen 19. M\u00e4rz und 22. April: Jueves Santo (Gr\u00fcndonnerstag)<\/li>\n<li>zwischen 20. M\u00e4rz und 23. April: Viernes Santo (Karfreitag)<\/li>\n<li>1. Mai: Fiesta del Trabajo (Tag der Arbeit)<\/li>\n<li>25. Juli: Santiago Ap\u00f3stol<\/li>\n<li>15. August: Asunci\u00f3n de la Virgen<\/li>\n<li>12. Oktober: Fiesta Nacional de Espa\u00f1a (Nationalfeiertag)<\/li>\n<li>1. November: D\u00eda de Todos los Santos<\/li>\n<li>6. Dezember: D\u00eda de la Constituci\u00f3n Espa\u00f1ola<\/li>\n<li>8. Dezember: Inmaculada Concepci\u00f3n<\/li>\n<li>25. Dezember: Navidad del Se\u00f1or (Weihnachten)<\/li>\n<\/ul>\n\t\t\t\t\t\t\t\t<\/div>\n\t\t\t\t<\/div>\n\t\t\t\t<\/div>\n\t\t\t\t\t<\/div>\n\t\t\t\t<\/div>\n\t\t<div class=\"elementor-element elementor-element-3e60d93 inversa e-flex e-con-boxed e-con e-parent\" data-id=\"3e60d93\" data-element_type=\"container\" data-e-type=\"container\">\n\t\t\t\t\t<div class=\"e-con-inner\">\n\t\t<div class=\"elementor-element elementor-element-fbcddf8 e-con-full e-flex e-con e-parent\" data-id=\"fbcddf8\" data-element_type=\"container\" data-e-type=\"container\">\n\t\t\t\t<div class=\"elementor-element elementor-element-3495c90 elementor-widget elementor-widget-heading\" data-id=\"3495c90\" data-element_type=\"widget\" data-e-type=\"widget\" data-widget_type=\"heading.default\">\n\t\t\t\t<div class=\"elementor-widget-container\">\n\t\t\t\t\t<h2 class=\"elementor-heading-title elementor-size-default\">Campingpl\u00e4tze und Wohnmobilstellpl\u00e4tze<\/h2>\t\t\t\t<\/div>\n\t\t\t\t<\/div>\n\t\t\t\t<div class=\"elementor-element elementor-element-23c8b28 elementor-widget elementor-widget-text-editor\" data-id=\"23c8b28\" data-element_type=\"widget\" data-e-type=\"widget\" data-widget_type=\"text-editor.default\">\n\t\t\t\t<div class=\"elementor-widget-container\">\n\t\t\t\t\t\t\t\t\t<p>Andalusien bietet viele Campingpl\u00e4tze aller Kategorien. Wir stellen fest, dass einige Campingpl\u00e4tze an der K\u00fcste das ganze Jahr \u00fcber ge\u00f6ffnet sind. Im Landesinneren \u00f6ffnen die Campings normalerweise zu Ostern und schliessen dann wieder im September oder Oktober. Einige Campingpl\u00e4tze bieten die M\u00f6glichkeit, online zu buchen. Auf den Seiten der Campingplatz-Suchmaschinen finden wir beispielsweise die Seite des\u00a0<a href=\"http:\/\/www.campingsandalucia.es\/\">andalusischen Campingverbandes<\/a>.<\/p>\n<p>Es gibt auch zunehmend mehr Wohnmobilstellpl\u00e4tze, da viele Gemeinden angefangen haben eine Infrastruktur f\u00fcr Wohnmobile bereit zu stellen. Die bekanntesten Suchmaschinen in diesen Bereichen sind\u00a0<a href=\"http:\/\/www.park4night.com\/\">Park4night<\/a>\u00a0,\u00a0<a href=\"http:\/\/www.campercontact.com\/\">Campercontact<\/a>\u00a0oder\u00a0<a href=\"http:\/\/www.areasac.es\/\">\u00c1reasAC<\/a>\u00a0. Die Wohnmobilbereiche sind fast aussschliesslich das ganze Jahr \u00fcber ge\u00f6ffnet.<\/p>\n\t\t\t\t\t\t\t\t<\/div>\n\t\t\t\t<\/div>\n\t\t\t\t<\/div>\n\t\t<div class=\"elementor-element elementor-element-553b629 e-con-full e-flex e-con e-parent\" data-id=\"553b629\" data-element_type=\"container\" data-e-type=\"container\">\n\t\t\t\t<div class=\"elementor-element elementor-element-e7e0624 elementor-widget elementor-widget-image\" data-id=\"e7e0624\" data-element_type=\"widget\" data-e-type=\"widget\" data-widget_type=\"image.default\">\n\t\t\t\t<div class=\"elementor-widget-container\">\n\t\t\t\t\t\t\t\t\t\t\t\t\t\t\t<img loading=\"lazy\" decoding=\"async\" width=\"2560\" height=\"1440\" src=\"https:\/\/southcamper.com\/wp-content\/uploads\/2020\/09\/campers-and-motorhomes-4UNT9EX-1-scaled.jpg\" class=\"attachment-full size-full wp-image-4363\" alt=\"\" srcset=\"https:\/\/southcamper.com\/wp-content\/uploads\/2020\/09\/campers-and-motorhomes-4UNT9EX-1-scaled.jpg 2560w, https:\/\/southcamper.com\/wp-content\/uploads\/2020\/09\/campers-and-motorhomes-4UNT9EX-1-scaled-1000x563.jpg 1000w, https:\/\/southcamper.com\/wp-content\/uploads\/2020\/09\/campers-and-motorhomes-4UNT9EX-1-300x169.jpg 300w, https:\/\/southcamper.com\/wp-content\/uploads\/2020\/09\/campers-and-motorhomes-4UNT9EX-1-1024x576.jpg 1024w, https:\/\/southcamper.com\/wp-content\/uploads\/2020\/09\/campers-and-motorhomes-4UNT9EX-1-768x432.jpg 768w, https:\/\/southcamper.com\/wp-content\/uploads\/2020\/09\/campers-and-motorhomes-4UNT9EX-1-1536x864.jpg 1536w, https:\/\/southcamper.com\/wp-content\/uploads\/2020\/09\/campers-and-motorhomes-4UNT9EX-1-2048x1152.jpg 2048w\" sizes=\"(max-width: 2560px) 100vw, 2560px\" \/>\t\t\t\t\t\t\t\t\t\t\t\t\t\t\t<\/div>\n\t\t\t\t<\/div>\n\t\t\t\t<\/div>\n\t\t\t\t\t<\/div>\n\t\t\t\t<\/div>\n\t\t<div class=\"elementor-element elementor-element-8493670 e-flex e-con-boxed e-con e-parent\" data-id=\"8493670\" data-element_type=\"container\" data-e-type=\"container\">\n\t\t\t\t\t<div class=\"e-con-inner\">\n\t\t<div class=\"elementor-element elementor-element-cabb036 e-con-full e-flex e-con e-parent\" data-id=\"cabb036\" data-element_type=\"container\" data-e-type=\"container\">\n\t\t\t\t<div class=\"elementor-element elementor-element-5ceb742 elementor-widget elementor-widget-image\" data-id=\"5ceb742\" data-element_type=\"widget\" data-e-type=\"widget\" data-widget_type=\"image.default\">\n\t\t\t\t<div class=\"elementor-widget-container\">\n\t\t\t\t\t\t\t\t\t\t\t\t\t\t\t<img loading=\"lazy\" decoding=\"async\" width=\"1024\" height=\"768\" src=\"https:\/\/southcamper.com\/wp-content\/uploads\/2020\/08\/K1024_Principal3.jpg\" class=\"attachment-full size-full wp-image-4205\" alt=\"\" srcset=\"https:\/\/southcamper.com\/wp-content\/uploads\/2020\/08\/K1024_Principal3.jpg 1024w, https:\/\/southcamper.com\/wp-content\/uploads\/2020\/08\/K1024_Principal3-1000x750.jpg 1000w, https:\/\/southcamper.com\/wp-content\/uploads\/2020\/08\/K1024_Principal3-300x225.jpg 300w, https:\/\/southcamper.com\/wp-content\/uploads\/2020\/08\/K1024_Principal3-768x576.jpg 768w, https:\/\/southcamper.com\/wp-content\/uploads\/2020\/08\/K1024_Principal3-600x450.jpg 600w\" sizes=\"(max-width: 1024px) 100vw, 1024px\" \/>\t\t\t\t\t\t\t\t\t\t\t\t\t\t\t<\/div>\n\t\t\t\t<\/div>\n\t\t\t\t<\/div>\n\t\t<div class=\"elementor-element elementor-element-0c7edd3 e-con-full e-flex e-con e-parent\" data-id=\"0c7edd3\" data-element_type=\"container\" data-e-type=\"container\">\n\t\t\t\t<div class=\"elementor-element elementor-element-3fe41ad elementor-widget elementor-widget-heading\" data-id=\"3fe41ad\" data-element_type=\"widget\" data-e-type=\"widget\" data-widget_type=\"heading.default\">\n\t\t\t\t<div class=\"elementor-widget-container\">\n\t\t\t\t\t<h2 class=\"elementor-heading-title elementor-size-default\">Geschwindigkeitsbegrenzungen f\u00fcr Wohnmobile in Spanien<\/h2>\t\t\t\t<\/div>\n\t\t\t\t<\/div>\n\t\t\t\t<div class=\"elementor-element elementor-element-ee966db elementor-widget elementor-widget-text-editor\" data-id=\"ee966db\" data-element_type=\"widget\" data-e-type=\"widget\" data-widget_type=\"text-editor.default\">\n\t\t\t\t<div class=\"elementor-widget-container\">\n\t\t\t\t\t\t\t\t\t<p>Seit 2019 ist die Geschwindigkeitsbegrenzung f\u00fcr Fahrten mit dem Wohnmobil mit einem maximalen oder geringeren Gewicht als 3500 kg auf der Autobahn 120 km\/ h. Auf \u00dcberlandstrassen sind es 90 km\/ h und in St\u00e4dten 50 km\/ h. Sofern keine andere Geschwindigkeitsbebrenzung angezeigt wird.<\/p>\n\t\t\t\t\t\t\t\t<\/div>\n\t\t\t\t<\/div>\n\t\t\t\t<\/div>\n\t\t\t\t\t<\/div>\n\t\t\t\t<\/div>\n\t\t\t\t<\/div>\n\t\t","protected":false},"excerpt":{"rendered":"<p>Informationen und Hinweise f\u00fcr Wohnmobilreisen in Andalusien Southcamper Calle Torre del Mar 48, 29004 M\u00e1lagaTel: +34-952-751654 \u00d6ffnungszeiten Montag &#8211; Sonntag: 10 bis 18 Uhr Taxi Kosten f\u00fcr ein Taxi, Uber oder Cabify vom Flughafen Malaga: 15 \u20ac Bahnstation RENFE Malaga Maria Zambrano: 20\u20ac Standort Die Mietstation befindet sich im Industriegebiet Santa Teresa, neben dem Flughafen &#8230; <a title=\"Andalusien\" class=\"read-more\" href=\"https:\/\/southcamper.com\/de\/andalusien\/\" aria-label=\"Mehr Informationen \u00fcber Andalusien\">Weiterlesen<\/a><\/p>\n","protected":false},"author":9,"featured_media":0,"parent":0,"menu_order":0,"comment_status":"closed","ping_status":"closed","template":"elementor_header_footer","meta":{"_acf_changed":false,"footnotes":""},"class_list":["post-13503","page","type-page","status-publish"],"acf":[],"yoast_head":"<!-- This site is optimized with the Yoast SEO plugin v27.4 - https:\/\/yoast.com\/product\/yoast-seo-wordpress\/ -->\n<title>Empfehlungen f\u00fcr Wohnmobilreisen in Andalusien<\/title>\n<meta name=\"description\" content=\"Hier finden Sie Informationen und Hinweise f\u00fcr Ihre Wohnmobilreise in Andalusien: Routen, Sehensw\u00fcrdigkeiten, Wohnmobilstellpl\u00e4tze\" \/>\n<meta name=\"robots\" content=\"index, follow, max-snippet:-1, max-image-preview:large, max-video-preview:-1\" \/>\n<link rel=\"canonical\" href=\"https:\/\/southcamper.com\/de\/andalusien\/\" \/>\n<meta property=\"og:locale\" content=\"de_DE\" \/>\n<meta property=\"og:type\" content=\"article\" \/>\n<meta property=\"og:title\" content=\"Empfehlungen f\u00fcr Wohnmobilreisen in Andalusien\" \/>\n<meta property=\"og:description\" content=\"Hier finden Sie Informationen und Hinweise f\u00fcr Ihre Wohnmobilreise in Andalusien: Routen, Sehensw\u00fcrdigkeiten, Wohnmobilstellpl\u00e4tze\" \/>\n<meta property=\"og:url\" content=\"https:\/\/southcamper.com\/de\/andalusien\/\" \/>\n<meta property=\"og:site_name\" content=\"Alquiler Autocaravanas SouthCamper\" \/>\n<meta property=\"article:publisher\" content=\"https:\/\/www.facebook.com\/southcampexperience\" \/>\n<meta property=\"article:modified_time\" content=\"2023-03-11T08:19:57+00:00\" \/>\n<meta property=\"og:image\" content=\"https:\/\/southcamper.com\/wp-content\/uploads\/2022\/01\/cordoba-alquiler-autocaravanas-andalucia-southcamper.jpeg\" \/>\n<meta name=\"twitter:card\" content=\"summary_large_image\" \/>\n<meta name=\"twitter:label1\" content=\"Gesch\u00e4tzte Lesezeit\" \/>\n\t<meta name=\"twitter:data1\" content=\"4\u00a0Minuten\" \/>\n<!-- \/ Yoast SEO plugin. -->","yoast_head_json":{"title":"Empfehlungen f\u00fcr Wohnmobilreisen in Andalusien","description":"Hier finden Sie Informationen und Hinweise f\u00fcr Ihre Wohnmobilreise in Andalusien: Routen, Sehensw\u00fcrdigkeiten, Wohnmobilstellpl\u00e4tze","robots":{"index":"index","follow":"follow","max-snippet":"max-snippet:-1","max-image-preview":"max-image-preview:large","max-video-preview":"max-video-preview:-1"},"canonical":"https:\/\/southcamper.com\/de\/andalusien\/","og_locale":"de_DE","og_type":"article","og_title":"Empfehlungen f\u00fcr Wohnmobilreisen in Andalusien","og_description":"Hier finden Sie Informationen und Hinweise f\u00fcr Ihre Wohnmobilreise in Andalusien: Routen, Sehensw\u00fcrdigkeiten, Wohnmobilstellpl\u00e4tze","og_url":"https:\/\/southcamper.com\/de\/andalusien\/","og_site_name":"Alquiler Autocaravanas SouthCamper","article_publisher":"https:\/\/www.facebook.com\/southcampexperience","article_modified_time":"2023-03-11T08:19:57+00:00","og_image":[{"url":"https:\/\/southcamper.com\/wp-content\/uploads\/2022\/01\/cordoba-alquiler-autocaravanas-andalucia-southcamper.jpeg","type":"","width":"","height":""}],"twitter_card":"summary_large_image","twitter_misc":{"Gesch\u00e4tzte Lesezeit":"4\u00a0Minuten"},"schema":{"@context":"https:\/\/schema.org","@graph":[{"@type":"WebPage","@id":"https:\/\/southcamper.com\/de\/andalusien\/","url":"https:\/\/southcamper.com\/de\/andalusien\/","name":"Empfehlungen f\u00fcr Wohnmobilreisen in Andalusien","isPartOf":{"@id":"https:\/\/southcamper.com\/de\/#website"},"primaryImageOfPage":{"@id":"https:\/\/southcamper.com\/de\/andalusien\/#primaryimage"},"image":{"@id":"https:\/\/southcamper.com\/de\/andalusien\/#primaryimage"},"thumbnailUrl":"https:\/\/southcamper.com\/wp-content\/uploads\/2022\/01\/cordoba-alquiler-autocaravanas-andalucia-southcamper.jpeg","datePublished":"2020-09-16T09:02:08+00:00","dateModified":"2023-03-11T08:19:57+00:00","description":"Hier finden Sie Informationen und Hinweise f\u00fcr Ihre Wohnmobilreise in Andalusien: Routen, Sehensw\u00fcrdigkeiten, Wohnmobilstellpl\u00e4tze","breadcrumb":{"@id":"https:\/\/southcamper.com\/de\/andalusien\/#breadcrumb"},"inLanguage":"de","potentialAction":[{"@type":"ReadAction","target":["https:\/\/southcamper.com\/de\/andalusien\/"]}]},{"@type":"ImageObject","inLanguage":"de","@id":"https:\/\/southcamper.com\/de\/andalusien\/#primaryimage","url":"https:\/\/southcamper.com\/wp-content\/uploads\/2022\/01\/cordoba-alquiler-autocaravanas-andalucia-southcamper.jpeg","contentUrl":"https:\/\/southcamper.com\/wp-content\/uploads\/2022\/01\/cordoba-alquiler-autocaravanas-andalucia-southcamper.jpeg"},{"@type":"BreadcrumbList","@id":"https:\/\/southcamper.com\/de\/andalusien\/#breadcrumb","itemListElement":[{"@type":"ListItem","position":1,"name":"Portada","item":"https:\/\/southcamper.com\/de\/home\/"},{"@type":"ListItem","position":2,"name":"Andalusien"}]},{"@type":"WebSite","@id":"https:\/\/southcamper.com\/de\/#website","url":"https:\/\/southcamper.com\/de\/","name":"Alquiler Autocaravanas SouthCamper","description":"Alquiler Autocaravanas y Campers en M\u00e1laga","publisher":{"@id":"https:\/\/southcamper.com\/de\/#organization"},"potentialAction":[{"@type":"SearchAction","target":{"@type":"EntryPoint","urlTemplate":"https:\/\/southcamper.com\/de\/?s={search_term_string}"},"query-input":{"@type":"PropertyValueSpecification","valueRequired":true,"valueName":"search_term_string"}}],"inLanguage":"de"},{"@type":"Organization","@id":"https:\/\/southcamper.com\/de\/#organization","name":"Southcamper","url":"https:\/\/southcamper.com\/de\/","logo":{"@type":"ImageObject","inLanguage":"de","@id":"https:\/\/southcamper.com\/de\/#\/schema\/logo\/image\/","url":"https:\/\/southcamper.com\/wp-content\/uploads\/2020\/09\/logo-southcamp-02.png","contentUrl":"https:\/\/southcamper.com\/wp-content\/uploads\/2020\/09\/logo-southcamp-02.png","width":2049,"height":522,"caption":"Southcamper"},"image":{"@id":"https:\/\/southcamper.com\/de\/#\/schema\/logo\/image\/"},"sameAs":["https:\/\/www.facebook.com\/southcampexperience","https:\/\/www.instagram.com\/southcamper.experience\/"]}]}},"_links":{"self":[{"href":"https:\/\/southcamper.com\/de\/wp-json\/wp\/v2\/pages\/13503","targetHints":{"allow":["GET"]}}],"collection":[{"href":"https:\/\/southcamper.com\/de\/wp-json\/wp\/v2\/pages"}],"about":[{"href":"https:\/\/southcamper.com\/de\/wp-json\/wp\/v2\/types\/page"}],"author":[{"embeddable":true,"href":"https:\/\/southcamper.com\/de\/wp-json\/wp\/v2\/users\/9"}],"replies":[{"embeddable":true,"href":"https:\/\/southcamper.com\/de\/wp-json\/wp\/v2\/comments?post=13503"}],"version-history":[{"count":0,"href":"https:\/\/southcamper.com\/de\/wp-json\/wp\/v2\/pages\/13503\/revisions"}],"wp:attachment":[{"href":"https:\/\/southcamper.com\/de\/wp-json\/wp\/v2\/media?parent=13503"}],"curies":[{"name":"wp","href":"https:\/\/api.w.org\/{rel}","templated":true}]}}