{"id":13492,"date":"2020-09-18T07:35:30","date_gmt":"2020-09-18T07:35:30","guid":{"rendered":"https:\/\/en-desarrollo.eu\/southcamper\/seville\/"},"modified":"2023-03-01T05:30:11","modified_gmt":"2023-03-01T05:30:11","slug":"seville","status":"publish","type":"page","link":"https:\/\/southcamper.com\/en\/seville\/","title":{"rendered":"Seville"},"content":{"rendered":"\t\t<div data-elementor-type=\"wp-page\" data-elementor-id=\"13492\" class=\"elementor elementor-13492 elementor-4394\" data-elementor-post-type=\"page\">\n\t\t\t\t<div class=\"elementor-element elementor-element-c022f08 e-con-full e-flex e-con e-parent\" data-id=\"c022f08\" data-element_type=\"container\" data-e-type=\"container\">\n\t\t<div class=\"elementor-element elementor-element-f408d63 e-con-full e-flex e-con e-parent\" data-id=\"f408d63\" data-element_type=\"container\" data-e-type=\"container\">\n\t\t\t\t<div class=\"elementor-element elementor-element-a74fd32 elementor-widget elementor-widget-image\" data-id=\"a74fd32\" data-element_type=\"widget\" data-e-type=\"widget\" data-widget_type=\"image.default\">\n\t\t\t\t<div class=\"elementor-widget-container\">\n\t\t\t\t\t\t\t\t\t\t\t\t\t\t\t<img fetchpriority=\"high\" decoding=\"async\" width=\"2000\" height=\"462\" src=\"https:\/\/southcamper.com\/wp-content\/uploads\/2023\/01\/cabecera-sevilla.jpg\" class=\"attachment-full size-full wp-image-13097\" alt=\"\" srcset=\"https:\/\/southcamper.com\/wp-content\/uploads\/2023\/01\/cabecera-sevilla.jpg 2000w, https:\/\/southcamper.com\/wp-content\/uploads\/2023\/01\/cabecera-sevilla-500x116.jpg 500w, https:\/\/southcamper.com\/wp-content\/uploads\/2023\/01\/cabecera-sevilla-1024x237.jpg 1024w, https:\/\/southcamper.com\/wp-content\/uploads\/2023\/01\/cabecera-sevilla-768x177.jpg 768w, https:\/\/southcamper.com\/wp-content\/uploads\/2023\/01\/cabecera-sevilla-1536x355.jpg 1536w\" sizes=\"(max-width: 2000px) 100vw, 2000px\" \/>\t\t\t\t\t\t\t\t\t\t\t\t\t\t\t<\/div>\n\t\t\t\t<\/div>\n\t\t\t\t<\/div>\n\t\t\t\t<\/div>\n\t\t<div class=\"elementor-element elementor-element-65eeaff e-flex e-con-boxed e-con e-parent\" data-id=\"65eeaff\" data-element_type=\"container\" data-e-type=\"container\">\n\t\t\t\t\t<div class=\"e-con-inner\">\n\t\t\t\t<div class=\"elementor-element elementor-element-bd06fb3 elementor-widget elementor-widget-heading\" data-id=\"bd06fb3\" data-element_type=\"widget\" data-e-type=\"widget\" data-widget_type=\"heading.default\">\n\t\t\t\t<div class=\"elementor-widget-container\">\n\t\t\t\t\t<h1 class=\"elementor-heading-title elementor-size-default\">Information and travel advices for visiting Seville by motorhome<\/h1>\t\t\t\t<\/div>\n\t\t\t\t<\/div>\n\t\t\t\t\t<\/div>\n\t\t\t\t<\/div>\n\t\t<div class=\"elementor-element elementor-element-769853a e-flex e-con-boxed e-con e-parent\" data-id=\"769853a\" data-element_type=\"container\" data-e-type=\"container\">\n\t\t\t\t\t<div class=\"e-con-inner\">\n\t\t<div class=\"elementor-element elementor-element-781febc e-con-full e-flex e-con e-parent\" data-id=\"781febc\" data-element_type=\"container\" data-e-type=\"container\">\n\t\t\t\t<div class=\"elementor-element elementor-element-3adbe79 elementor-widget elementor-widget-image\" data-id=\"3adbe79\" data-element_type=\"widget\" data-e-type=\"widget\" data-widget_type=\"image.default\">\n\t\t\t\t<div class=\"elementor-widget-container\">\n\t\t\t\t\t\t\t\t\t\t\t\t\t\t\t<img decoding=\"async\" width=\"2560\" height=\"1707\" src=\"https:\/\/southcamper.com\/wp-content\/uploads\/2020\/09\/seville-plaza-de-espana-spain-square-P2BBUWF-scaled.jpg\" class=\"attachment-full size-full wp-image-4414\" alt=\"\" srcset=\"https:\/\/southcamper.com\/wp-content\/uploads\/2020\/09\/seville-plaza-de-espana-spain-square-P2BBUWF-scaled.jpg 2560w, https:\/\/southcamper.com\/wp-content\/uploads\/2020\/09\/seville-plaza-de-espana-spain-square-P2BBUWF-scaled-1000x667.jpg 1000w, https:\/\/southcamper.com\/wp-content\/uploads\/2020\/09\/seville-plaza-de-espana-spain-square-P2BBUWF-300x200.jpg 300w, https:\/\/southcamper.com\/wp-content\/uploads\/2020\/09\/seville-plaza-de-espana-spain-square-P2BBUWF-1024x683.jpg 1024w, https:\/\/southcamper.com\/wp-content\/uploads\/2020\/09\/seville-plaza-de-espana-spain-square-P2BBUWF-768x512.jpg 768w, https:\/\/southcamper.com\/wp-content\/uploads\/2020\/09\/seville-plaza-de-espana-spain-square-P2BBUWF-1536x1024.jpg 1536w, https:\/\/southcamper.com\/wp-content\/uploads\/2020\/09\/seville-plaza-de-espana-spain-square-P2BBUWF-2048x1365.jpg 2048w\" sizes=\"(max-width: 2560px) 100vw, 2560px\" \/>\t\t\t\t\t\t\t\t\t\t\t\t\t\t\t<\/div>\n\t\t\t\t<\/div>\n\t\t\t\t<\/div>\n\t\t<div class=\"elementor-element elementor-element-96d3853 e-con-full e-flex e-con e-parent\" data-id=\"96d3853\" data-element_type=\"container\" data-e-type=\"container\">\n\t\t\t\t<div class=\"elementor-element elementor-element-f15ea4a elementor-widget elementor-widget-heading\" data-id=\"f15ea4a\" data-element_type=\"widget\" data-e-type=\"widget\" data-widget_type=\"heading.default\">\n\t\t\t\t<div class=\"elementor-widget-container\">\n\t\t\t\t\t<h2 class=\"elementor-heading-title elementor-size-default\">Seville<\/h2>\t\t\t\t<\/div>\n\t\t\t\t<\/div>\n\t\t\t\t<div class=\"elementor-element elementor-element-a1c4185 elementor-widget elementor-widget-text-editor\" data-id=\"a1c4185\" data-element_type=\"widget\" data-e-type=\"widget\" data-widget_type=\"text-editor.default\">\n\t\t\t\t<div class=\"elementor-widget-container\">\n\t\t\t\t\t\t\t\t\t<p>When visiting Seville by motorhome it is important to know that the months from June to August are very hot, which can be uncomfortable in a motorhome. To see the Easter processions and the &#8220;Feria&#8221; it is important to bear in mind that even then the car parks and motorhome areas can become as crowded as the hotels.<\/p>\n<p>There are endless things to see in Seville, the most famous attractions are the Torre de Oro, the Plaza Espa\u00f1a, the Giralda and the Cathedral, the Santa Cruz and Triana districts, the Reales Alc\u00e1zares, the Mar\u00eda Luisa Park, the Setas de la Encarnaci\u00f3n and the Museum of Fine Arts. Seville is one of the cities with the longest tradition of Flamenco dancing and singing, offering concerts throughout the year.<\/p>\n\t\t\t\t\t\t\t\t<\/div>\n\t\t\t\t<\/div>\n\t\t\t\t<\/div>\n\t\t\t\t\t<\/div>\n\t\t\t\t<\/div>\n\t\t\t\t<section class=\"elementor-section elementor-top-section elementor-element elementor-element-2df44a75 elementor-section-boxed elementor-section-height-default elementor-section-height-default\" data-id=\"2df44a75\" data-element_type=\"section\" data-e-type=\"section\">\n\t\t\t\t\t\t<div class=\"elementor-container elementor-column-gap-default\">\n\t\t\t\t\t<div class=\"elementor-column elementor-col-100 elementor-top-column elementor-element elementor-element-5c32c7c\" data-id=\"5c32c7c\" data-element_type=\"column\" data-e-type=\"column\">\n\t\t\t<div class=\"elementor-widget-wrap elementor-element-populated\">\n\t\t\t\t\t\t<div class=\"elementor-element elementor-element-6d15764c elementor-widget elementor-widget-heading\" data-id=\"6d15764c\" data-element_type=\"widget\" data-e-type=\"widget\" data-widget_type=\"heading.default\">\n\t\t\t\t<div class=\"elementor-widget-container\">\n\t\t\t\t\t<h2 class=\"elementor-heading-title elementor-size-default\">Where to park and stay overnight in a motorhome?<\/h2>\t\t\t\t<\/div>\n\t\t\t\t<\/div>\n\t\t\t\t<div class=\"elementor-element elementor-element-4aa072cb elementor-widget elementor-widget-text-editor\" data-id=\"4aa072cb\" data-element_type=\"widget\" data-e-type=\"widget\" data-widget_type=\"text-editor.default\">\n\t\t\t\t<div class=\"elementor-widget-container\">\n\t\t\t\t\t\t\t\t\t<p>In Seville it is recommended not to leave the motorhome in unattended parking areas. However, Seville offers several motorhome areas.<\/p>\n\t\t\t\t\t\t\t\t<\/div>\n\t\t\t\t<\/div>\n\t\t\t\t\t<\/div>\n\t\t<\/div>\n\t\t\t\t\t<\/div>\n\t\t<\/section>\n\t\t<div class=\"elementor-element elementor-element-f8dcb8c e-flex e-con-boxed e-con e-parent\" data-id=\"f8dcb8c\" data-element_type=\"container\" data-e-type=\"container\">\n\t\t\t\t\t<div class=\"e-con-inner\">\n\t\t<div class=\"elementor-element elementor-element-33f4b3b e-con-full e-flex e-con e-parent\" data-id=\"33f4b3b\" data-element_type=\"container\" data-e-type=\"container\">\n\t\t\t\t<div class=\"elementor-element elementor-element-ec5ec19 elementor-position-inline-start elementor-view-default elementor-mobile-position-block-start elementor-widget elementor-widget-icon-box\" data-id=\"ec5ec19\" data-element_type=\"widget\" data-e-type=\"widget\" data-widget_type=\"icon-box.default\">\n\t\t\t\t<div class=\"elementor-widget-container\">\n\t\t\t\t\t\t\t<div class=\"elementor-icon-box-wrapper\">\n\n\t\t\t\t\t\t<div class=\"elementor-icon-box-icon\">\n\t\t\t\t<a href=\"http:\/\/areasautocaravanas.com\/area-de-sevilla\/\" target=\"_blank\" class=\"elementor-icon\" tabindex=\"-1\" aria-label=\"Motorhome parking Seville\">\n\t\t\t\t<i aria-hidden=\"true\" class=\"fas fa-map-marked-alt\"><\/i>\t\t\t\t<\/a>\n\t\t\t<\/div>\n\t\t\t\n\t\t\t\t\t\t<div class=\"elementor-icon-box-content\">\n\n\t\t\t\t\t\t\t\t\t<h3 class=\"elementor-icon-box-title\">\n\t\t\t\t\t\t<a href=\"http:\/\/areasautocaravanas.com\/area-de-sevilla\/\" target=\"_blank\" >\n\t\t\t\t\t\t\tMotorhome parking Seville\t\t\t\t\t\t<\/a>\n\t\t\t\t\t<\/h3>\n\t\t\t\t\n\t\t\t\t\t\t\t\t\t<p class=\"elementor-icon-box-description\">\n\t\t\t\t\t\tAvenida Maestranza A\u00e9rea S\/N (Puerto de Sevilla) 41011 Sevilla\r\n<br><br>\r\nThis is the best known motorhome parking in Seville with a nearby bus line to the centre. It is also a good starting point to discover Seville by bike.\t\t\t\t\t<\/p>\n\t\t\t\t\n\t\t\t<\/div>\n\t\t\t\n\t\t<\/div>\n\t\t\t\t\t\t<\/div>\n\t\t\t\t<\/div>\n\t\t\t\t<div class=\"elementor-element elementor-element-37ef6dc elementor-position-inline-start elementor-view-default elementor-mobile-position-block-start elementor-widget elementor-widget-icon-box\" data-id=\"37ef6dc\" data-element_type=\"widget\" data-e-type=\"widget\" data-widget_type=\"icon-box.default\">\n\t\t\t\t<div class=\"elementor-widget-container\">\n\t\t\t\t\t\t\t<div class=\"elementor-icon-box-wrapper\">\n\n\t\t\t\t\t\t<div class=\"elementor-icon-box-icon\">\n\t\t\t\t<a href=\"https:\/\/www.areasac.es\/sevilla\/sevilla\/sevilla-santa-justa_2423_1_ap.html\" target=\"_blank\" class=\"elementor-icon\" tabindex=\"-1\" aria-label=\"Parking Sevilla Santa Justa\">\n\t\t\t\t<i aria-hidden=\"true\" class=\"fas fa-map-marked-alt\"><\/i>\t\t\t\t<\/a>\n\t\t\t<\/div>\n\t\t\t\n\t\t\t\t\t\t<div class=\"elementor-icon-box-content\">\n\n\t\t\t\t\t\t\t\t\t<h3 class=\"elementor-icon-box-title\">\n\t\t\t\t\t\t<a href=\"https:\/\/www.areasac.es\/sevilla\/sevilla\/sevilla-santa-justa_2423_1_ap.html\" target=\"_blank\" >\n\t\t\t\t\t\t\tParking Sevilla Santa Justa\t\t\t\t\t\t<\/a>\n\t\t\t\t\t<\/h3>\n\t\t\t\t\n\t\t\t\t\t\t\t\t\t<p class=\"elementor-icon-box-description\">\n\t\t\t\t\t\tAvenida de Kansas City s\/n, 41007 Sevilla\r\n<br><br>\r\nThe motorhome parking is located next to the RENFE train station of Seville Santa Justa, between the train station and Kansas City Avenue. It has no infrastructure for motorhomes but can work as a motorhome parking for one or two nights in the centre of the city.\t\t\t\t\t<\/p>\n\t\t\t\t\n\t\t\t<\/div>\n\t\t\t\n\t\t<\/div>\n\t\t\t\t\t\t<\/div>\n\t\t\t\t<\/div>\n\t\t\t\t<div class=\"elementor-element elementor-element-ce440dc elementor-position-inline-start elementor-view-default elementor-mobile-position-block-start elementor-widget elementor-widget-icon-box\" data-id=\"ce440dc\" data-element_type=\"widget\" data-e-type=\"widget\" data-widget_type=\"icon-box.default\">\n\t\t\t\t<div class=\"elementor-widget-container\">\n\t\t\t\t\t\t\t<div class=\"elementor-icon-box-wrapper\">\n\n\t\t\t\t\t\t<div class=\"elementor-icon-box-icon\">\n\t\t\t\t<a href=\"https:\/\/parkingcaravane.com\/\" target=\"_blank\" class=\"elementor-icon\" tabindex=\"-1\" aria-label=\"Parking Caravane\">\n\t\t\t\t<i aria-hidden=\"true\" class=\"fas fa-map-marked-alt\"><\/i>\t\t\t\t<\/a>\n\t\t\t<\/div>\n\t\t\t\n\t\t\t\t\t\t<div class=\"elementor-icon-box-content\">\n\n\t\t\t\t\t\t\t\t\t<h3 class=\"elementor-icon-box-title\">\n\t\t\t\t\t\t<a href=\"https:\/\/parkingcaravane.com\/\" target=\"_blank\" >\n\t\t\t\t\t\t\tParking Caravane\t\t\t\t\t\t<\/a>\n\t\t\t\t\t<\/h3>\n\t\t\t\t\n\t\t\t\t\t\t\t\t\t<p class=\"elementor-icon-box-description\">\n\t\t\t\t\t\tAux. Carretera Sevilla-Cadiz N-IV, km 536, 41020 Sevilla\r\n<br><br>\r\nIt is a car park for all types of vehicles. It is a bit far from the centre but there are public transport connections to the city.   \t\t\t\t\t<\/p>\n\t\t\t\t\n\t\t\t<\/div>\n\t\t\t\n\t\t<\/div>\n\t\t\t\t\t\t<\/div>\n\t\t\t\t<\/div>\n\t\t\t\t<\/div>\n\t\t<div class=\"elementor-element elementor-element-396857e e-con-full e-flex e-con e-parent\" data-id=\"396857e\" data-element_type=\"container\" data-e-type=\"container\">\n\t\t\t\t<div class=\"elementor-element elementor-element-4942de5 elementor-widget elementor-widget-image\" data-id=\"4942de5\" data-element_type=\"widget\" data-e-type=\"widget\" data-widget_type=\"image.default\">\n\t\t\t\t<div class=\"elementor-widget-container\">\n\t\t\t\t\t\t\t\t\t\t\t\t\t\t\t<img decoding=\"async\" width=\"768\" height=\"1152\" src=\"https:\/\/southcamper.com\/wp-content\/uploads\/2020\/09\/spain-square-sevilla-spain-PW56VYS-768x1152.jpg\" class=\"attachment-medium_large size-medium_large wp-image-4419\" alt=\"\" srcset=\"https:\/\/southcamper.com\/wp-content\/uploads\/2020\/09\/spain-square-sevilla-spain-PW56VYS-768x1152.jpg 768w, https:\/\/southcamper.com\/wp-content\/uploads\/2020\/09\/spain-square-sevilla-spain-PW56VYS-scaled-1000x1500.jpg 1000w, https:\/\/southcamper.com\/wp-content\/uploads\/2020\/09\/spain-square-sevilla-spain-PW56VYS-200x300.jpg 200w, https:\/\/southcamper.com\/wp-content\/uploads\/2020\/09\/spain-square-sevilla-spain-PW56VYS-683x1024.jpg 683w, https:\/\/southcamper.com\/wp-content\/uploads\/2020\/09\/spain-square-sevilla-spain-PW56VYS-1024x1536.jpg 1024w, https:\/\/southcamper.com\/wp-content\/uploads\/2020\/09\/spain-square-sevilla-spain-PW56VYS-1365x2048.jpg 1365w, https:\/\/southcamper.com\/wp-content\/uploads\/2020\/09\/spain-square-sevilla-spain-PW56VYS-scaled.jpg 1707w\" sizes=\"(max-width: 768px) 100vw, 768px\" \/>\t\t\t\t\t\t\t\t\t\t\t\t\t\t\t<\/div>\n\t\t\t\t<\/div>\n\t\t\t\t<\/div>\n\t\t\t\t\t<\/div>\n\t\t\t\t<\/div>\n\t\t\t\t<section class=\"elementor-section elementor-top-section elementor-element elementor-element-20c350e elementor-section-boxed elementor-section-height-default elementor-section-height-default\" data-id=\"20c350e\" data-element_type=\"section\" data-e-type=\"section\">\n\t\t\t\t\t\t<div class=\"elementor-container elementor-column-gap-default\">\n\t\t\t\t\t<div class=\"elementor-column elementor-col-100 elementor-top-column elementor-element elementor-element-1d23b9f\" data-id=\"1d23b9f\" data-element_type=\"column\" data-e-type=\"column\">\n\t\t\t<div class=\"elementor-widget-wrap elementor-element-populated\">\n\t\t\t\t\t\t<div class=\"elementor-element elementor-element-669616b elementor-widget elementor-widget-heading\" data-id=\"669616b\" data-element_type=\"widget\" data-e-type=\"widget\" data-widget_type=\"heading.default\">\n\t\t\t\t<div class=\"elementor-widget-container\">\n\t\t\t\t\t<h2 class=\"elementor-heading-title elementor-size-default\">Other campsites for motorhomes in the province of Seville<\/h2>\t\t\t\t<\/div>\n\t\t\t\t<\/div>\n\t\t\t\t<div class=\"elementor-element elementor-element-9c47c1c elementor-widget elementor-widget-text-editor\" data-id=\"9c47c1c\" data-element_type=\"widget\" data-e-type=\"widget\" data-widget_type=\"text-editor.default\">\n\t\t\t\t<div class=\"elementor-widget-container\">\n\t\t\t\t\t\t\t\t\t<p><a href=\"https:\/\/www.areasac.es\/cazalla-de-la-sierra\/sevilla\/cazalla-de-la-sierra_3376_1_ap.html\" target=\"_blank\" rel=\"noopener\"><span style=\"text-decoration: underline;\"><strong>Cazalla de la Sierra<\/strong><\/span><\/a><\/p>\n<p><a href=\"https:\/\/www.areasac.es\/las-pajanosas\/sevilla\/las-pajanosas_4033_1_ap.html\" target=\"_blank\" rel=\"noopener\"><span style=\"text-decoration: underline;\"><strong>Las Pajanosas<\/strong><\/span><\/a><\/p>\n<p><span style=\"text-decoration: underline;\"><strong><a href=\"https:\/\/www.areasac.es\/alanis-de-la-sierra\/sevilla\/alanis-de-la-sierra_2442_1_ap.html\" target=\"_blank\" rel=\"noopener\">Alanis<\/a><\/strong><\/span><\/p>\n\t\t\t\t\t\t\t\t<\/div>\n\t\t\t\t<\/div>\n\t\t\t\t\t<\/div>\n\t\t<\/div>\n\t\t\t\t\t<\/div>\n\t\t<\/section>\n\t\t\t\t<\/div>\n\t\t","protected":false},"excerpt":{"rendered":"<p>Information and travel advices for visiting Seville by motorhome Seville When visiting Seville by motorhome it is important to know that the months from June to August are very hot, which can be uncomfortable in a motorhome. To see the Easter processions and the &#8220;Feria&#8221; it is important to bear in mind that even then &#8230; <a title=\"Seville\" class=\"read-more\" href=\"https:\/\/southcamper.com\/en\/seville\/\" aria-label=\"Read more about Seville\">Read more<\/a><\/p>\n","protected":false},"author":9,"featured_media":0,"parent":0,"menu_order":0,"comment_status":"closed","ping_status":"closed","template":"elementor_header_footer","meta":{"_acf_changed":false,"footnotes":""},"class_list":["post-13492","page","type-page","status-publish"],"acf":[],"yoast_head":"<!-- This site is optimized with the Yoast SEO plugin v27.4 - https:\/\/yoast.com\/product\/yoast-seo-wordpress\/ -->\n<title>Information and travel advices for visiting Seville by motorhome<\/title>\n<meta name=\"description\" content=\"Tips and information for travelers with motorhomes and campervans in the province of Seville: parking and campings to overnight, places of interest and outdoor activities.\" \/>\n<meta name=\"robots\" content=\"index, follow, max-snippet:-1, max-image-preview:large, max-video-preview:-1\" \/>\n<link rel=\"canonical\" href=\"https:\/\/southcamper.com\/en\/seville\/\" \/>\n<meta property=\"og:locale\" content=\"en_US\" \/>\n<meta property=\"og:type\" content=\"article\" \/>\n<meta property=\"og:title\" content=\"Information and travel advices for visiting Seville by motorhome\" \/>\n<meta property=\"og:description\" content=\"Tips and information for travelers with motorhomes and campervans in the province of Seville: parking and campings to overnight, places of interest and outdoor activities.\" \/>\n<meta property=\"og:url\" content=\"https:\/\/southcamper.com\/en\/seville\/\" \/>\n<meta property=\"og:site_name\" content=\"Alquiler Autocaravanas SouthCamper\" \/>\n<meta property=\"article:publisher\" content=\"https:\/\/www.facebook.com\/southcampexperience\" \/>\n<meta property=\"article:modified_time\" content=\"2023-03-01T05:30:11+00:00\" \/>\n<meta property=\"og:image\" content=\"https:\/\/southcamper.com\/wp-content\/uploads\/2023\/01\/cabecera-sevilla.jpg\" \/>\n<meta name=\"twitter:card\" content=\"summary_large_image\" \/>\n<meta name=\"twitter:label1\" content=\"Est. reading time\" \/>\n\t<meta name=\"twitter:data1\" content=\"2 minutes\" \/>\n<!-- \/ Yoast SEO plugin. -->","yoast_head_json":{"title":"Information and travel advices for visiting Seville by motorhome","description":"Tips and information for travelers with motorhomes and campervans in the province of Seville: parking and campings to overnight, places of interest and outdoor activities.","robots":{"index":"index","follow":"follow","max-snippet":"max-snippet:-1","max-image-preview":"max-image-preview:large","max-video-preview":"max-video-preview:-1"},"canonical":"https:\/\/southcamper.com\/en\/seville\/","og_locale":"en_US","og_type":"article","og_title":"Information and travel advices for visiting Seville by motorhome","og_description":"Tips and information for travelers with motorhomes and campervans in the province of Seville: parking and campings to overnight, places of interest and outdoor activities.","og_url":"https:\/\/southcamper.com\/en\/seville\/","og_site_name":"Alquiler Autocaravanas SouthCamper","article_publisher":"https:\/\/www.facebook.com\/southcampexperience","article_modified_time":"2023-03-01T05:30:11+00:00","og_image":[{"url":"https:\/\/southcamper.com\/wp-content\/uploads\/2023\/01\/cabecera-sevilla.jpg","type":"","width":"","height":""}],"twitter_card":"summary_large_image","twitter_misc":{"Est. reading time":"2 minutes"},"schema":{"@context":"https:\/\/schema.org","@graph":[{"@type":"WebPage","@id":"https:\/\/southcamper.com\/en\/seville\/","url":"https:\/\/southcamper.com\/en\/seville\/","name":"Information and travel advices for visiting Seville by motorhome","isPartOf":{"@id":"https:\/\/southcamper.com\/en\/#website"},"primaryImageOfPage":{"@id":"https:\/\/southcamper.com\/en\/seville\/#primaryimage"},"image":{"@id":"https:\/\/southcamper.com\/en\/seville\/#primaryimage"},"thumbnailUrl":"https:\/\/southcamper.com\/wp-content\/uploads\/2023\/01\/cabecera-sevilla.jpg","datePublished":"2020-09-18T07:35:30+00:00","dateModified":"2023-03-01T05:30:11+00:00","description":"Tips and information for travelers with motorhomes and campervans in the province of Seville: parking and campings to overnight, places of interest and outdoor activities.","breadcrumb":{"@id":"https:\/\/southcamper.com\/en\/seville\/#breadcrumb"},"inLanguage":"en-US","potentialAction":[{"@type":"ReadAction","target":["https:\/\/southcamper.com\/en\/seville\/"]}]},{"@type":"ImageObject","inLanguage":"en-US","@id":"https:\/\/southcamper.com\/en\/seville\/#primaryimage","url":"https:\/\/southcamper.com\/wp-content\/uploads\/2023\/01\/cabecera-sevilla.jpg","contentUrl":"https:\/\/southcamper.com\/wp-content\/uploads\/2023\/01\/cabecera-sevilla.jpg"},{"@type":"BreadcrumbList","@id":"https:\/\/southcamper.com\/en\/seville\/#breadcrumb","itemListElement":[{"@type":"ListItem","position":1,"name":"Portada","item":"https:\/\/southcamper.com\/en\/start\/"},{"@type":"ListItem","position":2,"name":"Seville"}]},{"@type":"WebSite","@id":"https:\/\/southcamper.com\/en\/#website","url":"https:\/\/southcamper.com\/en\/","name":"Alquiler Autocaravanas SouthCamper","description":"Alquiler Autocaravanas y Campers en M\u00e1laga","publisher":{"@id":"https:\/\/southcamper.com\/en\/#organization"},"potentialAction":[{"@type":"SearchAction","target":{"@type":"EntryPoint","urlTemplate":"https:\/\/southcamper.com\/en\/?s={search_term_string}"},"query-input":{"@type":"PropertyValueSpecification","valueRequired":true,"valueName":"search_term_string"}}],"inLanguage":"en-US"},{"@type":"Organization","@id":"https:\/\/southcamper.com\/en\/#organization","name":"Southcamper","url":"https:\/\/southcamper.com\/en\/","logo":{"@type":"ImageObject","inLanguage":"en-US","@id":"https:\/\/southcamper.com\/en\/#\/schema\/logo\/image\/","url":"https:\/\/southcamper.com\/wp-content\/uploads\/2020\/09\/logo-southcamp-02.png","contentUrl":"https:\/\/southcamper.com\/wp-content\/uploads\/2020\/09\/logo-southcamp-02.png","width":2049,"height":522,"caption":"Southcamper"},"image":{"@id":"https:\/\/southcamper.com\/en\/#\/schema\/logo\/image\/"},"sameAs":["https:\/\/www.facebook.com\/southcampexperience","https:\/\/www.instagram.com\/southcamper.experience\/"]}]}},"_links":{"self":[{"href":"https:\/\/southcamper.com\/en\/wp-json\/wp\/v2\/pages\/13492","targetHints":{"allow":["GET"]}}],"collection":[{"href":"https:\/\/southcamper.com\/en\/wp-json\/wp\/v2\/pages"}],"about":[{"href":"https:\/\/southcamper.com\/en\/wp-json\/wp\/v2\/types\/page"}],"author":[{"embeddable":true,"href":"https:\/\/southcamper.com\/en\/wp-json\/wp\/v2\/users\/9"}],"replies":[{"embeddable":true,"href":"https:\/\/southcamper.com\/en\/wp-json\/wp\/v2\/comments?post=13492"}],"version-history":[{"count":0,"href":"https:\/\/southcamper.com\/en\/wp-json\/wp\/v2\/pages\/13492\/revisions"}],"wp:attachment":[{"href":"https:\/\/southcamper.com\/en\/wp-json\/wp\/v2\/media?parent=13492"}],"curies":[{"name":"wp","href":"https:\/\/api.w.org\/{rel}","templated":true}]}}