{"id":15718,"date":"2020-09-18T07:35:30","date_gmt":"2020-09-18T07:35:30","guid":{"rendered":"https:\/\/southcamper.com\/seville\/"},"modified":"2024-01-16T11:20:47","modified_gmt":"2024-01-16T11:20:47","slug":"seville","status":"publish","type":"page","link":"https:\/\/southcamper.com\/fr\/seville\/","title":{"rendered":"S\u00e9ville"},"content":{"rendered":"\t\t<div data-elementor-type=\"wp-page\" data-elementor-id=\"15718\" class=\"elementor elementor-15718 elementor-4394\" data-elementor-post-type=\"page\">\n\t\t\t\t<div class=\"elementor-element elementor-element-c022f08 e-con-full e-flex e-con e-parent\" data-id=\"c022f08\" data-element_type=\"container\" data-e-type=\"container\">\n\t\t<div class=\"elementor-element elementor-element-f408d63 e-con-full e-flex e-con e-parent\" data-id=\"f408d63\" data-element_type=\"container\" data-e-type=\"container\">\n\t\t\t\t<div class=\"elementor-element elementor-element-a74fd32 elementor-widget elementor-widget-image\" data-id=\"a74fd32\" data-element_type=\"widget\" data-e-type=\"widget\" data-widget_type=\"image.default\">\n\t\t\t\t<div class=\"elementor-widget-container\">\n\t\t\t\t\t\t\t\t\t\t\t\t\t\t\t<img fetchpriority=\"high\" decoding=\"async\" width=\"2000\" height=\"462\" src=\"https:\/\/southcamper.com\/wp-content\/uploads\/2023\/01\/cabecera-sevilla.jpg\" class=\"attachment-full size-full wp-image-15726\" alt=\"\" srcset=\"https:\/\/southcamper.com\/wp-content\/uploads\/2023\/01\/cabecera-sevilla.jpg 2000w, https:\/\/southcamper.com\/wp-content\/uploads\/2023\/01\/cabecera-sevilla-500x116.jpg 500w, https:\/\/southcamper.com\/wp-content\/uploads\/2023\/01\/cabecera-sevilla-1024x237.jpg 1024w, https:\/\/southcamper.com\/wp-content\/uploads\/2023\/01\/cabecera-sevilla-768x177.jpg 768w, https:\/\/southcamper.com\/wp-content\/uploads\/2023\/01\/cabecera-sevilla-1536x355.jpg 1536w\" sizes=\"(max-width: 2000px) 100vw, 2000px\" \/>\t\t\t\t\t\t\t\t\t\t\t\t\t\t\t<\/div>\n\t\t\t\t<\/div>\n\t\t\t\t<\/div>\n\t\t\t\t<\/div>\n\t\t<div class=\"elementor-element elementor-element-65eeaff e-flex e-con-boxed e-con e-parent\" data-id=\"65eeaff\" data-element_type=\"container\" data-e-type=\"container\">\n\t\t\t\t\t<div class=\"e-con-inner\">\n\t\t\t\t<div class=\"elementor-element elementor-element-bd06fb3 elementor-widget elementor-widget-heading\" data-id=\"bd06fb3\" data-element_type=\"widget\" data-e-type=\"widget\" data-widget_type=\"heading.default\">\n\t\t\t\t<div class=\"elementor-widget-container\">\n\t\t\t\t\t<h1 class=\"elementor-heading-title elementor-size-default\">Suivez ces conseils pour voyager en camping-car \u00e0 S\u00e9ville<\/h1>\t\t\t\t<\/div>\n\t\t\t\t<\/div>\n\t\t\t\t\t<\/div>\n\t\t\t\t<\/div>\n\t\t<div class=\"elementor-element elementor-element-769853a e-flex e-con-boxed e-con e-parent\" data-id=\"769853a\" data-element_type=\"container\" data-e-type=\"container\">\n\t\t\t\t\t<div class=\"e-con-inner\">\n\t\t<div class=\"elementor-element elementor-element-781febc e-con-full e-flex e-con e-parent\" data-id=\"781febc\" data-element_type=\"container\" data-e-type=\"container\">\n\t\t\t\t<div class=\"elementor-element elementor-element-3adbe79 elementor-widget elementor-widget-image\" data-id=\"3adbe79\" data-element_type=\"widget\" data-e-type=\"widget\" data-widget_type=\"image.default\">\n\t\t\t\t<div class=\"elementor-widget-container\">\n\t\t\t\t\t\t\t\t\t\t\t\t\t\t\t<img decoding=\"async\" width=\"2560\" height=\"1707\" src=\"https:\/\/southcamper.com\/wp-content\/uploads\/2020\/09\/seville-plaza-de-espana-spain-square-P2BBUWF-scaled.jpg\" class=\"attachment-full size-full wp-image-15722\" alt=\"\" srcset=\"https:\/\/southcamper.com\/wp-content\/uploads\/2020\/09\/seville-plaza-de-espana-spain-square-P2BBUWF-scaled.jpg 2560w, https:\/\/southcamper.com\/wp-content\/uploads\/2020\/09\/seville-plaza-de-espana-spain-square-P2BBUWF-scaled-300x200.jpg 300w, https:\/\/southcamper.com\/wp-content\/uploads\/2020\/09\/seville-plaza-de-espana-spain-square-P2BBUWF-scaled-1024x683.jpg 1024w, https:\/\/southcamper.com\/wp-content\/uploads\/2020\/09\/seville-plaza-de-espana-spain-square-P2BBUWF-scaled-768x512.jpg 768w, https:\/\/southcamper.com\/wp-content\/uploads\/2020\/09\/seville-plaza-de-espana-spain-square-P2BBUWF-scaled-1536x1024.jpg 1536w, https:\/\/southcamper.com\/wp-content\/uploads\/2020\/09\/seville-plaza-de-espana-spain-square-P2BBUWF-scaled-2048x1366.jpg 2048w, https:\/\/southcamper.com\/wp-content\/uploads\/2020\/09\/seville-plaza-de-espana-spain-square-P2BBUWF-scaled-1000x667.jpg 1000w\" sizes=\"(max-width: 2560px) 100vw, 2560px\" \/>\t\t\t\t\t\t\t\t\t\t\t\t\t\t\t<\/div>\n\t\t\t\t<\/div>\n\t\t\t\t<\/div>\n\t\t<div class=\"elementor-element elementor-element-96d3853 e-con-full e-flex e-con e-parent\" data-id=\"96d3853\" data-element_type=\"container\" data-e-type=\"container\">\n\t\t\t\t<div class=\"elementor-element elementor-element-f15ea4a elementor-widget elementor-widget-heading\" data-id=\"f15ea4a\" data-element_type=\"widget\" data-e-type=\"widget\" data-widget_type=\"heading.default\">\n\t\t\t\t<div class=\"elementor-widget-container\">\n\t\t\t\t\t<h2 class=\"elementor-heading-title elementor-size-default\">S\u00e9ville<\/h2>\t\t\t\t<\/div>\n\t\t\t\t<\/div>\n\t\t\t\t<div class=\"elementor-element elementor-element-a1c4185 elementor-widget elementor-widget-text-editor\" data-id=\"a1c4185\" data-element_type=\"widget\" data-e-type=\"widget\" data-widget_type=\"text-editor.default\">\n\t\t\t\t<div class=\"elementor-widget-container\">\n\t\t\t\t\t\t\t\t\t<p>Si vous visitez S\u00e9ville en camping-car, il est important de savoir que les mois de juin \u00e0 ao\u00fbt sont tr\u00e8s chauds, ce qui peut \u00eatre inconfortable en camping-car. Pour assister aux processions de P\u00e2ques et de la Feria, il faut savoir que les parkings et les aires de camping-cars peuvent \u00eatre aussi bond\u00e9s que les h\u00f4tels.<\/p>\n<p>Les attractions les plus c\u00e9l\u00e8bres sont la Torre de Oro, la Plaza Espa\u00f1a, la Giralda et la cath\u00e9drale, les quartiers de Santa Cruz et de Triana, les Reales Alc\u00e1zares, le parc Mar\u00eda Luisa, les Setas de la Encarnaci\u00f3n et le mus\u00e9e des Beaux-Arts. S\u00e9ville est l&#8217;une des villes o\u00f9 la tradition de la danse et du chant flamenco est la plus ancienne et propose des concerts tout au long de l&#8217;ann\u00e9e.<\/p>\n\t\t\t\t\t\t\t\t<\/div>\n\t\t\t\t<\/div>\n\t\t\t\t<\/div>\n\t\t\t\t\t<\/div>\n\t\t\t\t<\/div>\n\t\t\t\t<section class=\"elementor-section elementor-top-section elementor-element elementor-element-2df44a75 elementor-section-boxed elementor-section-height-default elementor-section-height-default\" data-id=\"2df44a75\" data-element_type=\"section\" data-e-type=\"section\">\n\t\t\t\t\t\t<div class=\"elementor-container elementor-column-gap-default\">\n\t\t\t\t\t<div class=\"elementor-column elementor-col-100 elementor-top-column elementor-element elementor-element-5c32c7c\" data-id=\"5c32c7c\" data-element_type=\"column\" data-e-type=\"column\">\n\t\t\t<div class=\"elementor-widget-wrap elementor-element-populated\">\n\t\t\t\t\t\t<div class=\"elementor-element elementor-element-6d15764c elementor-widget elementor-widget-heading\" data-id=\"6d15764c\" data-element_type=\"widget\" data-e-type=\"widget\" data-widget_type=\"heading.default\">\n\t\t\t\t<div class=\"elementor-widget-container\">\n\t\t\t\t\t<h2 class=\"elementor-heading-title elementor-size-default\">O\u00f9 stationner et passer la nuit dans un camping-car ?<\/h2>\t\t\t\t<\/div>\n\t\t\t\t<\/div>\n\t\t\t\t<div class=\"elementor-element elementor-element-4aa072cb elementor-widget elementor-widget-text-editor\" data-id=\"4aa072cb\" data-element_type=\"widget\" data-e-type=\"widget\" data-widget_type=\"text-editor.default\">\n\t\t\t\t<div class=\"elementor-widget-container\">\n\t\t\t\t\t\t\t\t\t<p>Nous vous informons qu&#8217;\u00e0 S\u00e9ville, il est conseill\u00e9 de ne pas laisser votre camping-car dans des parkings non surveill\u00e9s 24 heures sur 24. Cependant, S\u00e9ville offre plusieurs aires pour camping-cars.<\/p>\n\t\t\t\t\t\t\t\t<\/div>\n\t\t\t\t<\/div>\n\t\t\t\t\t<\/div>\n\t\t<\/div>\n\t\t\t\t\t<\/div>\n\t\t<\/section>\n\t\t<div class=\"elementor-element elementor-element-f8dcb8c e-flex e-con-boxed e-con e-parent\" data-id=\"f8dcb8c\" data-element_type=\"container\" data-e-type=\"container\">\n\t\t\t\t\t<div class=\"e-con-inner\">\n\t\t<div class=\"elementor-element elementor-element-33f4b3b e-con-full e-flex e-con e-parent\" data-id=\"33f4b3b\" data-element_type=\"container\" data-e-type=\"container\">\n\t\t\t\t<div class=\"elementor-element elementor-element-ec5ec19 elementor-position-inline-start elementor-view-default elementor-mobile-position-block-start elementor-widget elementor-widget-icon-box\" data-id=\"ec5ec19\" data-element_type=\"widget\" data-e-type=\"widget\" data-widget_type=\"icon-box.default\">\n\t\t\t\t<div class=\"elementor-widget-container\">\n\t\t\t\t\t\t\t<div class=\"elementor-icon-box-wrapper\">\n\n\t\t\t\t\t\t<div class=\"elementor-icon-box-icon\">\n\t\t\t\t<a href=\"http:\/\/areasautocaravanas.com\/area-de-sevilla\/\" target=\"_blank\" class=\"elementor-icon\" tabindex=\"-1\" aria-label=\"Aire de camping-car de S\u00e9ville\">\n\t\t\t\t<i aria-hidden=\"true\" class=\"fas fa-map-marked-alt\"><\/i>\t\t\t\t<\/a>\n\t\t\t<\/div>\n\t\t\t\n\t\t\t\t\t\t<div class=\"elementor-icon-box-content\">\n\n\t\t\t\t\t\t\t\t\t<h3 class=\"elementor-icon-box-title\">\n\t\t\t\t\t\t<a href=\"http:\/\/areasautocaravanas.com\/area-de-sevilla\/\" target=\"_blank\" >\n\t\t\t\t\t\t\tAire de camping-car de S\u00e9ville\t\t\t\t\t\t<\/a>\n\t\t\t\t\t<\/h3>\n\t\t\t\t\n\t\t\t\t\t\t\t\t\t<p class=\"elementor-icon-box-description\">\n\t\t\t\t\t\tAvenida Maestranza A\u00e9rea S\/N (Puerto de Sevilla) 41011 Seville\n<br><br>\nC'est le quartier le plus connu de S\u00e9ville, avec une ligne de bus directe vers le centre. C'est \u00e9galement un bon point de d\u00e9part pour les caravaniers qui souhaitent d\u00e9couvrir S\u00e9ville \u00e0 v\u00e9lo.\n\t\t\t\t\t<\/p>\n\t\t\t\t\n\t\t\t<\/div>\n\t\t\t\n\t\t<\/div>\n\t\t\t\t\t\t<\/div>\n\t\t\t\t<\/div>\n\t\t\t\t<div class=\"elementor-element elementor-element-37ef6dc elementor-position-inline-start elementor-view-default elementor-mobile-position-block-start elementor-widget elementor-widget-icon-box\" data-id=\"37ef6dc\" data-element_type=\"widget\" data-e-type=\"widget\" data-widget_type=\"icon-box.default\">\n\t\t\t\t<div class=\"elementor-widget-container\">\n\t\t\t\t\t\t\t<div class=\"elementor-icon-box-wrapper\">\n\n\t\t\t\t\t\t<div class=\"elementor-icon-box-icon\">\n\t\t\t\t<a href=\"https:\/\/www.areasac.es\/sevilla\/sevilla\/sevilla-santa-justa_2423_1_ap.html\" target=\"_blank\" class=\"elementor-icon\" tabindex=\"-1\" aria-label=\"Parking Sevilla Santa Justa\">\n\t\t\t\t<i aria-hidden=\"true\" class=\"fas fa-map-marked-alt\"><\/i>\t\t\t\t<\/a>\n\t\t\t<\/div>\n\t\t\t\n\t\t\t\t\t\t<div class=\"elementor-icon-box-content\">\n\n\t\t\t\t\t\t\t\t\t<h3 class=\"elementor-icon-box-title\">\n\t\t\t\t\t\t<a href=\"https:\/\/www.areasac.es\/sevilla\/sevilla\/sevilla-santa-justa_2423_1_ap.html\" target=\"_blank\" >\n\t\t\t\t\t\t\tParking Sevilla Santa Justa\t\t\t\t\t\t<\/a>\n\t\t\t\t\t<\/h3>\n\t\t\t\t\n\t\t\t\t\t\t\t\t\t<p class=\"elementor-icon-box-description\">\n\t\t\t\t\t\tAvenida de Kansas City s\/n, 41007 Sevilla\n<br><br>\nLe parking est situ\u00e9 \u00e0 c\u00f4t\u00e9 de la gare RENFE de S\u00e9ville Santa Justa, entre la gare et l'avenue Kansas City. Il n'y a pas d'infrastructure pour les camping-cars, mais il peut servir de parking central pour une ou deux nuits.\t\t\t\t\t<\/p>\n\t\t\t\t\n\t\t\t<\/div>\n\t\t\t\n\t\t<\/div>\n\t\t\t\t\t\t<\/div>\n\t\t\t\t<\/div>\n\t\t\t\t<div class=\"elementor-element elementor-element-ce440dc elementor-position-inline-start elementor-view-default elementor-mobile-position-block-start elementor-widget elementor-widget-icon-box\" data-id=\"ce440dc\" data-element_type=\"widget\" data-e-type=\"widget\" data-widget_type=\"icon-box.default\">\n\t\t\t\t<div class=\"elementor-widget-container\">\n\t\t\t\t\t\t\t<div class=\"elementor-icon-box-wrapper\">\n\n\t\t\t\t\t\t<div class=\"elementor-icon-box-icon\">\n\t\t\t\t<a href=\"https:\/\/parkingcaravane.com\/\" target=\"_blank\" class=\"elementor-icon\" tabindex=\"-1\" aria-label=\"Parking Caravane\">\n\t\t\t\t<i aria-hidden=\"true\" class=\"fas fa-map-marked-alt\"><\/i>\t\t\t\t<\/a>\n\t\t\t<\/div>\n\t\t\t\n\t\t\t\t\t\t<div class=\"elementor-icon-box-content\">\n\n\t\t\t\t\t\t\t\t\t<h3 class=\"elementor-icon-box-title\">\n\t\t\t\t\t\t<a href=\"https:\/\/parkingcaravane.com\/\" target=\"_blank\" >\n\t\t\t\t\t\t\tParking Caravane\t\t\t\t\t\t<\/a>\n\t\t\t\t\t<\/h3>\n\t\t\t\t\n\t\t\t\t\t\t\t\t\t<p class=\"elementor-icon-box-description\">\n\t\t\t\t\t\tAux. Carretera Sevilla-Cadiz N-IV, km 536, 41020 Sevilla\n<br><br>\nIl s'agit d'un parking pour tous les types de v\u00e9hicules. Il est un peu \u00e9loign\u00e9 du centre, mais il est reli\u00e9 \u00e0 la ville par les transports publics.  \t\t\t\t\t<\/p>\n\t\t\t\t\n\t\t\t<\/div>\n\t\t\t\n\t\t<\/div>\n\t\t\t\t\t\t<\/div>\n\t\t\t\t<\/div>\n\t\t\t\t<\/div>\n\t\t<div class=\"elementor-element elementor-element-396857e e-con-full e-flex e-con e-parent\" data-id=\"396857e\" data-element_type=\"container\" data-e-type=\"container\">\n\t\t\t\t<div class=\"elementor-element elementor-element-4942de5 elementor-widget elementor-widget-image\" data-id=\"4942de5\" data-element_type=\"widget\" data-e-type=\"widget\" data-widget_type=\"image.default\">\n\t\t\t\t<div class=\"elementor-widget-container\">\n\t\t\t\t\t\t\t\t\t\t\t\t\t\t\t<img decoding=\"async\" width=\"768\" height=\"1152\" src=\"https:\/\/southcamper.com\/wp-content\/uploads\/2020\/09\/spain-square-sevilla-spain-PW56VYS-scaled-768x1152.jpg\" class=\"attachment-medium_large size-medium_large wp-image-15724\" alt=\"\" srcset=\"https:\/\/southcamper.com\/wp-content\/uploads\/2020\/09\/spain-square-sevilla-spain-PW56VYS-scaled-768x1152.jpg 768w, https:\/\/southcamper.com\/wp-content\/uploads\/2020\/09\/spain-square-sevilla-spain-PW56VYS-scaled-200x300.jpg 200w, https:\/\/southcamper.com\/wp-content\/uploads\/2020\/09\/spain-square-sevilla-spain-PW56VYS-scaled-683x1024.jpg 683w, https:\/\/southcamper.com\/wp-content\/uploads\/2020\/09\/spain-square-sevilla-spain-PW56VYS-scaled-1024x1536.jpg 1024w, https:\/\/southcamper.com\/wp-content\/uploads\/2020\/09\/spain-square-sevilla-spain-PW56VYS-scaled-1366x2048.jpg 1366w, https:\/\/southcamper.com\/wp-content\/uploads\/2020\/09\/spain-square-sevilla-spain-PW56VYS-scaled-1000x1500.jpg 1000w, https:\/\/southcamper.com\/wp-content\/uploads\/2020\/09\/spain-square-sevilla-spain-PW56VYS-scaled.jpg 1707w\" sizes=\"(max-width: 768px) 100vw, 768px\" \/>\t\t\t\t\t\t\t\t\t\t\t\t\t\t\t<\/div>\n\t\t\t\t<\/div>\n\t\t\t\t<\/div>\n\t\t\t\t\t<\/div>\n\t\t\t\t<\/div>\n\t\t\t\t<section class=\"elementor-section elementor-top-section elementor-element elementor-element-20c350e elementor-section-boxed elementor-section-height-default elementor-section-height-default\" data-id=\"20c350e\" data-element_type=\"section\" data-e-type=\"section\">\n\t\t\t\t\t\t<div class=\"elementor-container elementor-column-gap-default\">\n\t\t\t\t\t<div class=\"elementor-column elementor-col-100 elementor-top-column elementor-element elementor-element-1d23b9f\" data-id=\"1d23b9f\" data-element_type=\"column\" data-e-type=\"column\">\n\t\t\t<div class=\"elementor-widget-wrap elementor-element-populated\">\n\t\t\t\t\t\t<div class=\"elementor-element elementor-element-669616b elementor-widget elementor-widget-heading\" data-id=\"669616b\" data-element_type=\"widget\" data-e-type=\"widget\" data-widget_type=\"heading.default\">\n\t\t\t\t<div class=\"elementor-widget-container\">\n\t\t\t\t\t<h2 class=\"elementor-heading-title elementor-size-default\">Autres endroits o\u00f9 passer la nuit en camping-car dans la province de S\u00e9ville<\/h2>\t\t\t\t<\/div>\n\t\t\t\t<\/div>\n\t\t\t\t<div class=\"elementor-element elementor-element-9c47c1c elementor-widget elementor-widget-text-editor\" data-id=\"9c47c1c\" data-element_type=\"widget\" data-e-type=\"widget\" data-widget_type=\"text-editor.default\">\n\t\t\t\t<div class=\"elementor-widget-container\">\n\t\t\t\t\t\t\t\t\t<p><a href=\"https:\/\/www.areasac.es\/cazalla-de-la-sierra\/sevilla\/cazalla-de-la-sierra_3376_1_ap.html\" target=\"_blank\" rel=\"noopener\"><span style=\"text-decoration: underline;\"><strong>Cazalla de la Sierra<\/strong><\/span><\/a><\/p>\n<p><a href=\"https:\/\/www.areasac.es\/las-pajanosas\/sevilla\/las-pajanosas_4033_1_ap.html\" target=\"_blank\" rel=\"noopener\"><span style=\"text-decoration: underline;\"><strong>Las Pajanosas<\/strong><\/span><\/a><\/p>\n<p><span style=\"text-decoration: underline;\"><strong><a href=\"https:\/\/www.areasac.es\/alanis-de-la-sierra\/sevilla\/alanis-de-la-sierra_2442_1_ap.html\" target=\"_blank\" rel=\"noopener\">Alanis<\/a><\/strong><\/span><\/p>\n\t\t\t\t\t\t\t\t<\/div>\n\t\t\t\t<\/div>\n\t\t\t\t\t<\/div>\n\t\t<\/div>\n\t\t\t\t\t<\/div>\n\t\t<\/section>\n\t\t\t\t<\/div>\n\t\t","protected":false},"excerpt":{"rendered":"<p>Suivez ces conseils pour voyager en camping-car \u00e0 S\u00e9ville S\u00e9ville Si vous visitez S\u00e9ville en camping-car, il est important de savoir que les mois de juin \u00e0 ao\u00fbt sont tr\u00e8s chauds, ce qui peut \u00eatre inconfortable en camping-car. Pour assister aux processions de P\u00e2ques et de la Feria, il faut savoir que les parkings et &#8230; <a title=\"S\u00e9ville\" class=\"read-more\" href=\"https:\/\/southcamper.com\/fr\/seville\/\" aria-label=\"En savoir plus sur S\u00e9ville\">Lire la suite<\/a><\/p>\n","protected":false},"author":9,"featured_media":0,"parent":0,"menu_order":0,"comment_status":"closed","ping_status":"closed","template":"elementor_header_footer","meta":{"_acf_changed":false,"footnotes":""},"class_list":["post-15718","page","type-page","status-publish"],"acf":[],"yoast_head":"<!-- This site is optimized with the Yoast SEO plugin v27.4 - https:\/\/yoast.com\/product\/yoast-seo-wordpress\/ -->\n<title>Conseils de voyage pour les camping-cars et les caravanes \u00e0 S\u00e9ville<\/title>\n<meta name=\"description\" content=\"Conseils de voyage pour les camping-cars dans la province de S\u00e9ville : endroits o\u00f9 passer la nuit, lieux d&#039;int\u00e9r\u00eat et activit\u00e9s de plein air.\" \/>\n<meta name=\"robots\" content=\"index, follow, max-snippet:-1, max-image-preview:large, max-video-preview:-1\" \/>\n<link rel=\"canonical\" href=\"https:\/\/southcamper.com\/fr\/seville\/\" \/>\n<meta property=\"og:locale\" content=\"fr_FR\" \/>\n<meta property=\"og:type\" content=\"article\" \/>\n<meta property=\"og:title\" content=\"Conseils de voyage pour les camping-cars et les caravanes \u00e0 S\u00e9ville\" \/>\n<meta property=\"og:description\" content=\"Conseils de voyage pour les camping-cars dans la province de S\u00e9ville : endroits o\u00f9 passer la nuit, lieux d&#039;int\u00e9r\u00eat et activit\u00e9s de plein air.\" \/>\n<meta property=\"og:url\" content=\"https:\/\/southcamper.com\/fr\/seville\/\" \/>\n<meta property=\"og:site_name\" content=\"Alquiler Autocaravanas SouthCamper\" \/>\n<meta property=\"article:publisher\" content=\"https:\/\/www.facebook.com\/southcampexperience\" \/>\n<meta property=\"article:modified_time\" content=\"2024-01-16T11:20:47+00:00\" \/>\n<meta property=\"og:image\" content=\"https:\/\/southcamper.com\/wp-content\/uploads\/2023\/01\/cabecera-sevilla.jpg\" \/>\n<meta name=\"twitter:card\" content=\"summary_large_image\" \/>\n<meta name=\"twitter:label1\" content=\"Dur\u00e9e de lecture estim\u00e9e\" \/>\n\t<meta name=\"twitter:data1\" content=\"2 minutes\" \/>\n<!-- \/ Yoast SEO plugin. -->","yoast_head_json":{"title":"Conseils de voyage pour les camping-cars et les caravanes \u00e0 S\u00e9ville","description":"Conseils de voyage pour les camping-cars dans la province de S\u00e9ville : endroits o\u00f9 passer la nuit, lieux d'int\u00e9r\u00eat et activit\u00e9s de plein air.","robots":{"index":"index","follow":"follow","max-snippet":"max-snippet:-1","max-image-preview":"max-image-preview:large","max-video-preview":"max-video-preview:-1"},"canonical":"https:\/\/southcamper.com\/fr\/seville\/","og_locale":"fr_FR","og_type":"article","og_title":"Conseils de voyage pour les camping-cars et les caravanes \u00e0 S\u00e9ville","og_description":"Conseils de voyage pour les camping-cars dans la province de S\u00e9ville : endroits o\u00f9 passer la nuit, lieux d'int\u00e9r\u00eat et activit\u00e9s de plein air.","og_url":"https:\/\/southcamper.com\/fr\/seville\/","og_site_name":"Alquiler Autocaravanas SouthCamper","article_publisher":"https:\/\/www.facebook.com\/southcampexperience","article_modified_time":"2024-01-16T11:20:47+00:00","og_image":[{"url":"https:\/\/southcamper.com\/wp-content\/uploads\/2023\/01\/cabecera-sevilla.jpg","type":"","width":"","height":""}],"twitter_card":"summary_large_image","twitter_misc":{"Dur\u00e9e de lecture estim\u00e9e":"2 minutes"},"schema":{"@context":"https:\/\/schema.org","@graph":[{"@type":"WebPage","@id":"https:\/\/southcamper.com\/fr\/seville\/","url":"https:\/\/southcamper.com\/fr\/seville\/","name":"Conseils de voyage pour les camping-cars et les caravanes \u00e0 S\u00e9ville","isPartOf":{"@id":"https:\/\/southcamper.com\/fr\/#website"},"primaryImageOfPage":{"@id":"https:\/\/southcamper.com\/fr\/seville\/#primaryimage"},"image":{"@id":"https:\/\/southcamper.com\/fr\/seville\/#primaryimage"},"thumbnailUrl":"https:\/\/southcamper.com\/wp-content\/uploads\/2023\/01\/cabecera-sevilla.jpg","datePublished":"2020-09-18T07:35:30+00:00","dateModified":"2024-01-16T11:20:47+00:00","description":"Conseils de voyage pour les camping-cars dans la province de S\u00e9ville : endroits o\u00f9 passer la nuit, lieux d'int\u00e9r\u00eat et activit\u00e9s de plein air.","breadcrumb":{"@id":"https:\/\/southcamper.com\/fr\/seville\/#breadcrumb"},"inLanguage":"fr-FR","potentialAction":[{"@type":"ReadAction","target":["https:\/\/southcamper.com\/fr\/seville\/"]}]},{"@type":"ImageObject","inLanguage":"fr-FR","@id":"https:\/\/southcamper.com\/fr\/seville\/#primaryimage","url":"https:\/\/southcamper.com\/wp-content\/uploads\/2023\/01\/cabecera-sevilla.jpg","contentUrl":"https:\/\/southcamper.com\/wp-content\/uploads\/2023\/01\/cabecera-sevilla.jpg"},{"@type":"BreadcrumbList","@id":"https:\/\/southcamper.com\/fr\/seville\/#breadcrumb","itemListElement":[{"@type":"ListItem","position":1,"name":"Portada","item":"https:\/\/southcamper.com\/fr\/accueil\/"},{"@type":"ListItem","position":2,"name":"S\u00e9ville"}]},{"@type":"WebSite","@id":"https:\/\/southcamper.com\/fr\/#website","url":"https:\/\/southcamper.com\/fr\/","name":"Alquiler Autocaravanas SouthCamper","description":"Alquiler Autocaravanas y Campers en M\u00e1laga","publisher":{"@id":"https:\/\/southcamper.com\/fr\/#organization"},"potentialAction":[{"@type":"SearchAction","target":{"@type":"EntryPoint","urlTemplate":"https:\/\/southcamper.com\/fr\/?s={search_term_string}"},"query-input":{"@type":"PropertyValueSpecification","valueRequired":true,"valueName":"search_term_string"}}],"inLanguage":"fr-FR"},{"@type":"Organization","@id":"https:\/\/southcamper.com\/fr\/#organization","name":"Southcamper","url":"https:\/\/southcamper.com\/fr\/","logo":{"@type":"ImageObject","inLanguage":"fr-FR","@id":"https:\/\/southcamper.com\/fr\/#\/schema\/logo\/image\/","url":"https:\/\/southcamper.com\/wp-content\/uploads\/2020\/09\/logo-southcamp-02.png","contentUrl":"https:\/\/southcamper.com\/wp-content\/uploads\/2020\/09\/logo-southcamp-02.png","width":2049,"height":522,"caption":"Southcamper"},"image":{"@id":"https:\/\/southcamper.com\/fr\/#\/schema\/logo\/image\/"},"sameAs":["https:\/\/www.facebook.com\/southcampexperience","https:\/\/www.instagram.com\/southcamper.experience\/"]}]}},"_links":{"self":[{"href":"https:\/\/southcamper.com\/fr\/wp-json\/wp\/v2\/pages\/15718","targetHints":{"allow":["GET"]}}],"collection":[{"href":"https:\/\/southcamper.com\/fr\/wp-json\/wp\/v2\/pages"}],"about":[{"href":"https:\/\/southcamper.com\/fr\/wp-json\/wp\/v2\/types\/page"}],"author":[{"embeddable":true,"href":"https:\/\/southcamper.com\/fr\/wp-json\/wp\/v2\/users\/9"}],"replies":[{"embeddable":true,"href":"https:\/\/southcamper.com\/fr\/wp-json\/wp\/v2\/comments?post=15718"}],"version-history":[{"count":0,"href":"https:\/\/southcamper.com\/fr\/wp-json\/wp\/v2\/pages\/15718\/revisions"}],"wp:attachment":[{"href":"https:\/\/southcamper.com\/fr\/wp-json\/wp\/v2\/media?parent=15718"}],"curies":[{"name":"wp","href":"https:\/\/api.w.org\/{rel}","templated":true}]}}