{"id":15833,"date":"2018-09-12T13:53:26","date_gmt":"2018-09-12T13:53:26","guid":{"rendered":"https:\/\/southcamper.com\/politique-de-confidentialite\/"},"modified":"2024-01-16T11:21:01","modified_gmt":"2024-01-16T11:21:01","slug":"politique-de-confidentialite","status":"publish","type":"page","link":"https:\/\/southcamper.com\/fr\/politique-de-confidentialite\/","title":{"rendered":"Politique de confidentialit\u00e9"},"content":{"rendered":"\t\t<div data-elementor-type=\"wp-page\" data-elementor-id=\"15833\" class=\"elementor elementor-15833 elementor-978\" data-elementor-post-type=\"page\">\n\t\t\t\t<div class=\"elementor-element elementor-element-c9d05b4 e-con-full e-flex e-con e-parent\" data-id=\"c9d05b4\" data-element_type=\"container\" data-e-type=\"container\">\n\t\t<div class=\"elementor-element elementor-element-a580453 e-con-full e-flex e-con e-parent\" data-id=\"a580453\" data-element_type=\"container\" data-e-type=\"container\">\n\t\t\t\t<div class=\"elementor-element elementor-element-2514909 elementor-widget elementor-widget-image\" data-id=\"2514909\" data-element_type=\"widget\" data-e-type=\"widget\" data-widget_type=\"image.default\">\n\t\t\t\t<div class=\"elementor-widget-container\">\n\t\t\t\t\t\t\t\t\t\t\t\t\t\t\t<img fetchpriority=\"high\" decoding=\"async\" width=\"2000\" height=\"462\" src=\"https:\/\/southcamper.com\/wp-content\/uploads\/2022\/11\/sobre-nosotros.jpg\" class=\"attachment-full size-full wp-image-15824\" alt=\"\" srcset=\"https:\/\/southcamper.com\/wp-content\/uploads\/2022\/11\/sobre-nosotros.jpg 2000w, https:\/\/southcamper.com\/wp-content\/uploads\/2022\/11\/sobre-nosotros-500x116.jpg 500w, https:\/\/southcamper.com\/wp-content\/uploads\/2022\/11\/sobre-nosotros-1024x237.jpg 1024w, https:\/\/southcamper.com\/wp-content\/uploads\/2022\/11\/sobre-nosotros-768x177.jpg 768w, https:\/\/southcamper.com\/wp-content\/uploads\/2022\/11\/sobre-nosotros-1536x355.jpg 1536w\" sizes=\"(max-width: 2000px) 100vw, 2000px\" \/>\t\t\t\t\t\t\t\t\t\t\t\t\t\t\t<\/div>\n\t\t\t\t<\/div>\n\t\t\t\t<\/div>\n\t\t\t\t<\/div>\n\t\t\t\t<section class=\"elementor-section elementor-top-section elementor-element elementor-element-21d4265 elementor-section-boxed elementor-section-height-default elementor-section-height-default\" data-id=\"21d4265\" data-element_type=\"section\" data-e-type=\"section\">\n\t\t\t\t\t\t<div class=\"elementor-container elementor-column-gap-default\">\n\t\t\t\t\t<div class=\"elementor-column elementor-col-100 elementor-top-column elementor-element elementor-element-4c9bf27\" data-id=\"4c9bf27\" data-element_type=\"column\" data-e-type=\"column\">\n\t\t\t<div class=\"elementor-widget-wrap elementor-element-populated\">\n\t\t\t\t\t\t<div class=\"elementor-element elementor-element-6d361c0 elementor-widget elementor-widget-heading\" data-id=\"6d361c0\" data-element_type=\"widget\" data-e-type=\"widget\" data-widget_type=\"heading.default\">\n\t\t\t\t<div class=\"elementor-widget-container\">\n\t\t\t\t\t<h2 class=\"elementor-heading-title elementor-size-default\">POLITIQUE DE CONFIDENTIALIT\u00c9<\/h2>\t\t\t\t<\/div>\n\t\t\t\t<\/div>\n\t\t\t\t<div class=\"elementor-element elementor-element-fe8fbbb elementor-widget elementor-widget-heading\" data-id=\"fe8fbbb\" data-element_type=\"widget\" data-e-type=\"widget\" data-widget_type=\"heading.default\">\n\t\t\t\t<div class=\"elementor-widget-container\">\n\t\t\t\t\t<h4 class=\"elementor-heading-title elementor-size-default\"><b>AVIS DE CONFIDENTIALIT\u00c9<\/b><\/h4>\t\t\t\t<\/div>\n\t\t\t\t<\/div>\n\t\t\t\t<div class=\"elementor-element elementor-element-72c535c elementor-widget elementor-widget-text-editor\" data-id=\"72c535c\" data-element_type=\"widget\" data-e-type=\"widget\" data-widget_type=\"text-editor.default\">\n\t\t\t\t<div class=\"elementor-widget-container\">\n\t\t\t\t\t\t\t\t\t<p>Conform\u00e9ment \u00e0 la loi 34\/2002 du 11 juillet 2002 et \u00e0 toute autre l\u00e9gislation concordante, Southcamp Experience SL d\u00e9clare que son num\u00e9ro de TVA est B72209125, que son si\u00e8ge social est situ\u00e9 c\/ Amargura, 147 &#8211; 11510 Puerto Real, C\u00e1diz et que son adresse \u00e9lectronique de contact est info@southcamper.es.<\/p>\n<p>Les pr\u00e9sentes conditions l\u00e9gales r\u00e9gissent les conditions d&#8217;utilisation et d&#8217;acc\u00e8s au site web http:\/\/southcamper.com\/ (ci-apr\u00e8s le &#8220;site&#8221;). En utilisant ou en acc\u00e9dant \u00e0 ce site, vous (ci-apr\u00e8s d\u00e9nomm\u00e9 &#8220;utilisateur&#8221;) reconnaissez avoir lu et compris ces informations dans leur int\u00e9gralit\u00e9. Si, en tant qu&#8217;utilisateur, vous n&#8217;\u00eates pas d&#8217;accord avec l&#8217;une de ces conditions, vous devez cesser d&#8217;acc\u00e9der \u00e0 ce site.<\/p>\n\t\t\t\t\t\t\t\t<\/div>\n\t\t\t\t<\/div>\n\t\t\t\t<div class=\"elementor-element elementor-element-1141e13 elementor-widget elementor-widget-heading\" data-id=\"1141e13\" data-element_type=\"widget\" data-e-type=\"widget\" data-widget_type=\"heading.default\">\n\t\t\t\t<div class=\"elementor-widget-container\">\n\t\t\t\t\t<h4 class=\"elementor-heading-title elementor-size-default\"><b>POLITIQUE DE PROTECTION DES DONN\u00c9ES<\/b><\/h4>\t\t\t\t<\/div>\n\t\t\t\t<\/div>\n\t\t\t\t<div class=\"elementor-element elementor-element-46d1644 elementor-widget elementor-widget-text-editor\" data-id=\"46d1644\" data-element_type=\"widget\" data-e-type=\"widget\" data-widget_type=\"text-editor.default\">\n\t\t\t\t<div class=\"elementor-widget-container\">\n\t\t\t\t\t\t\t\t\t<p><strong>(A) LES INFORMATIONS CONFIDENTIELLES :<\/strong><\/p>\n<p>Informations confidentielles&#8221; : toute information ou donn\u00e9e fournie par vous sur notre site web.<\/p>\n<p>Ainsi, \u00e0 titre d&#8217;exemple mais non limitatif, on entend par informations confidentielles toutes les informations personnelles, y compris, mais non exclusivement, les num\u00e9ros de t\u00e9l\u00e9phone et de t\u00e9l\u00e9copie, les adresses \u00e9lectroniques, les adresses de r\u00e9sidence, les signatures, les copies de passeports ou de documents d&#8217;identit\u00e9 nationaux, les d\u00e9tails des cartes de cr\u00e9dit\/d\u00e9bit, les pr\u00e9f\u00e9rences personnelles, les d\u00e9tails ou toute autre information vous appartenant et pertinente pour la conclusion ou le paiement de votre r\u00e9servation ou de celle du groupe au nom duquel vous concluez le contrat.<\/p>\n<p>En aucun cas, les informations relatives aux \u00e9l\u00e9ments suivants ne sont consid\u00e9r\u00e9es comme confidentielles :<\/p>\n<ul>\n<li>Tout \u00e9l\u00e9ment qui appara\u00eet en public ou qui entre dans le domaine public, \u00e0 moins qu&#8217;il ne soit entr\u00e9 dans le domaine public en raison d&#8217;une violation de la part d&#8217;une partie.<\/li>\n<li>toute information ou savoir-faire acquis aupr\u00e8s de tiers.<\/li>\n<li>Divulgation exig\u00e9e par la loi.<\/li>\n<li>Divulgation de toute information \u00e0 la demande des juges ou des tribunaux.<\/li>\n<li>Informations relatives aux donn\u00e9es \u00e9conomiques ou autres qui doivent \u00eatre fournies \u00e0 l&#8217;\u00c9tat, \u00e0 l&#8217;administration locale ou autonome, en raison d&#8217;exigences en mati\u00e8re de fiscalit\u00e9, de travail ou de contrats administratifs.<\/li>\n<\/ul>\n<p><strong>(B) L&#8217;ACC\u00c8S AUX DONN\u00c9ES \u00c0 CARACT\u00c8RE PERSONNEL<\/strong><\/p>\n<p>INFORMATION<\/p>\n<ul>\n<li>Contr\u00f4leur de donn\u00e9es <strong>:<\/strong> Southcamp Experience SL.<\/li>\n<li><strong>Courriel :<\/strong> info@southcamper.es<\/li>\n<li><strong>D\u00e9l\u00e9gu\u00e9 \u00e0 la protection des donn\u00e9es :<\/strong> Mentora Growth, S.L.L.<\/li>\n<li><strong>Contact DPD :<\/strong> dpo@mentora.es<\/li>\n<\/ul>\n\t\t\t\t\t\t\t\t<\/div>\n\t\t\t\t<\/div>\n\t\t\t\t<div class=\"elementor-element elementor-element-69d2807 elementor-widget elementor-widget-heading\" data-id=\"69d2807\" data-element_type=\"widget\" data-e-type=\"widget\" data-widget_type=\"heading.default\">\n\t\t\t\t<div class=\"elementor-widget-container\">\n\t\t\t\t\t<h4 class=\"elementor-heading-title elementor-size-default\"><b>OBJECTIF<\/b><\/h4>\t\t\t\t<\/div>\n\t\t\t\t<\/div>\n\t\t\t\t<div class=\"elementor-element elementor-element-9a81a76 elementor-widget elementor-widget-text-editor\" data-id=\"9a81a76\" data-element_type=\"widget\" data-e-type=\"widget\" data-widget_type=\"text-editor.default\">\n\t\t\t\t<div class=\"elementor-widget-container\">\n\t\t\t\t\t\t\t\t\t<p>ACTIVIT\u00c9 PRINCIPALE : Location de camping-cars<\/p>\n<p>Les informations fournies dans le formulaire de contact ou, le cas \u00e9ch\u00e9ant, lors de l&#8217;enregistrement en tant qu&#8217;utilisateur, sont cens\u00e9es \u00eatre communiqu\u00e9es de mani\u00e8re v\u00e9ridique par l&#8217;utilisateur du site Web et seules les informations appropri\u00e9es, pertinentes et non excessives seront collect\u00e9es afin de s&#8217;occuper de vous en tant que client et de vous fournir correctement les services contract\u00e9s, mais aussi en cas de consentement expr\u00e8s, qui peut \u00eatre donn\u00e9 \u00e0 la fin de ce document, pour g\u00e9rer la liste d&#8217;abonnement, les suivis, l&#8217;envoi de bulletins d&#8217;information, de promotions et d&#8217;offres sp\u00e9ciales. En outre, mod\u00e9rer les commentaires des internautes et y r\u00e9pondre.<\/p>\n<p>Les informations ne seront pas utilis\u00e9es \u00e0 des fins incompatibles avec celles pour lesquelles vous nous les avez fournies. S&#8217;il devait \u00eatre utilis\u00e9 pour un<br \/>Dans le cas d&#8217;une finalit\u00e9 incompatible, des informations vous seront fournies et votre consentement sera sollicit\u00e9.<\/p>\n<p>Nous n&#8217;utiliserons pas vos donn\u00e9es personnelles dans le but de prendre des d\u00e9cisions, bas\u00e9es uniquement sur le traitement automatis\u00e9 de vos donn\u00e9es, susceptibles de produire un effet juridique, \u00e0 moins que cela ne soit n\u00e9cessaire \u00e0 la conclusion d&#8217;un contrat, que vous y consentiez explicitement ou que cela soit autoris\u00e9 par la loi. Nous garantissons que nous respectons les conditions d&#8217;utilisation l\u00e9galement \u00e9tablies et pouvons d\u00e9velopper des outils et des algorithmes qui aident le site web \u00e0 garantir la confidentialit\u00e9 des donn\u00e9es qu&#8217;il recueille.<\/p>\n<p>Les donn\u00e9es \u00e0 caract\u00e8re personnel sont g\u00e9n\u00e9ralement collect\u00e9es de diff\u00e9rentes mani\u00e8res, sur papier ou sous forme \u00e9lectronique. Si nous disposons d&#8217;informations pouvant provenir de tiers, nous vous en informerons lors de la premi\u00e8re communication ou au plus tard dans un d\u00e9lai d&#8217;un mois. Afin de pouvoir vous proposer des produits et des services en fonction de vos int\u00e9r\u00eats, nous pouvons cr\u00e9er un profil commercial sur la base de ces informations. Toutes vos informations seront stock\u00e9es sur nos serveurs et feront partie de notre registre des activit\u00e9s de traitement.<\/p>\n\t\t\t\t\t\t\t\t<\/div>\n\t\t\t\t<\/div>\n\t\t\t\t<div class=\"elementor-element elementor-element-27f0b4d elementor-widget elementor-widget-heading\" data-id=\"27f0b4d\" data-element_type=\"widget\" data-e-type=\"widget\" data-widget_type=\"heading.default\">\n\t\t\t\t<div class=\"elementor-widget-container\">\n\t\t\t\t\t<h4 class=\"elementor-heading-title elementor-size-default\"><b>L\u00c9GITIMIT\u00c9<\/b><\/h4>\t\t\t\t<\/div>\n\t\t\t\t<\/div>\n\t\t\t\t<div class=\"elementor-element elementor-element-9906719 elementor-widget elementor-widget-text-editor\" data-id=\"9906719\" data-element_type=\"widget\" data-e-type=\"widget\" data-widget_type=\"text-editor.default\">\n\t\t\t\t<div class=\"elementor-widget-container\">\n\t\t\t\t\t\t\t\t\t<ul>\n<li>Consentement des parties prenantes<\/li>\n<li>Ex\u00e9cution d&#8217;un contrat<\/li>\n<li>Ex\u00e9cution d&#8217;une obligation l\u00e9gale<\/li>\n<li>Toute autre cons\u00e9quence d\u00e9coulant de l&#8217;ex\u00e9cution du contrat<\/li>\n<li>Int\u00e9r\u00eat public ou exercice de pouvoirs publics<\/li>\n<li>Int\u00e9r\u00eat l\u00e9gitime du responsable du traitement ou d&#8217;un tiers<\/li>\n<li>Protection des int\u00e9r\u00eats vitaux de la personne concern\u00e9e ou d&#8217;une autre personne.<\/li>\n<\/ul>\n\t\t\t\t\t\t\t\t<\/div>\n\t\t\t\t<\/div>\n\t\t\t\t<div class=\"elementor-element elementor-element-571d731 elementor-widget elementor-widget-heading\" data-id=\"571d731\" data-element_type=\"widget\" data-e-type=\"widget\" data-widget_type=\"heading.default\">\n\t\t\t\t<div class=\"elementor-widget-container\">\n\t\t\t\t\t<h4 class=\"elementor-heading-title elementor-size-default\"><b>CONSERVATION<\/b><\/h4>\t\t\t\t<\/div>\n\t\t\t\t<\/div>\n\t\t\t\t<div class=\"elementor-element elementor-element-876a9e9 elementor-widget elementor-widget-text-editor\" data-id=\"876a9e9\" data-element_type=\"widget\" data-e-type=\"widget\" data-widget_type=\"text-editor.default\">\n\t\t\t\t<div class=\"elementor-widget-container\">\n\t\t\t\t\t\t\t\t\t<p>Vos donn\u00e9es seront conserv\u00e9es aussi longtemps que n\u00e9cessaire pour fournir le service demand\u00e9. Une fois cette finalit\u00e9 remplie, vos donn\u00e9es seront d\u00fbment bloqu\u00e9es afin de respecter les obligations l\u00e9gales impos\u00e9es au responsable du traitement par la l\u00e9gislation en vigueur. Pass\u00e9 ces d\u00e9lais, vos donn\u00e9es seront d\u00e9finitivement effac\u00e9es, \u00e0 moins que vous ne nous demandiez express\u00e9ment de les transf\u00e9rer \u00e0 un tiers.<\/p>\n\t\t\t\t\t\t\t\t<\/div>\n\t\t\t\t<\/div>\n\t\t\t\t<div class=\"elementor-element elementor-element-f4986d6 elementor-widget elementor-widget-heading\" data-id=\"f4986d6\" data-element_type=\"widget\" data-e-type=\"widget\" data-widget_type=\"heading.default\">\n\t\t\t\t<div class=\"elementor-widget-container\">\n\t\t\t\t\t<h4 class=\"elementor-heading-title elementor-size-default\"><b>DESTINATAIRES\/ COMMUNICATIONS<\/b><\/h4>\t\t\t\t<\/div>\n\t\t\t\t<\/div>\n\t\t\t\t<div class=\"elementor-element elementor-element-946013d elementor-widget elementor-widget-text-editor\" data-id=\"946013d\" data-element_type=\"widget\" data-e-type=\"widget\" data-widget_type=\"text-editor.default\">\n\t\t\t\t<div class=\"elementor-widget-container\">\n\t\t\t\t\t\t\t\t\t<ul>\n<li>Tr\u00e9sor public, Tr\u00e9sorerie g\u00e9n\u00e9rale de la s\u00e9curit\u00e9 sociale ou entit\u00e9s collaboratrices, ou autres, car il s&#8217;agit d&#8217;une obligation l\u00e9gale.<\/li>\n<li>les cours de justice, le minist\u00e8re public ou les forces et corps de s\u00e9curit\u00e9 de l&#8217;\u00c9tat, ou d&#8217;autres personnes, dans la mesure o\u00f9 il s&#8217;agit d&#8217;une obligation l\u00e9gale.<\/li>\n<li>Services fiscaux et du travail<\/li>\n<li>Services de conseil<\/li>\n<li>Services informatiques<\/li>\n<li>Transferts internationaux<\/li>\n<\/ul>\n\t\t\t\t\t\t\t\t<\/div>\n\t\t\t\t<\/div>\n\t\t\t\t<div class=\"elementor-element elementor-element-52f3238 elementor-widget elementor-widget-heading\" data-id=\"52f3238\" data-element_type=\"widget\" data-e-type=\"widget\" data-widget_type=\"heading.default\">\n\t\t\t\t<div class=\"elementor-widget-container\">\n\t\t\t\t\t<h4 class=\"elementor-heading-title elementor-size-default\"><b>DROITS<\/b><\/h4>\t\t\t\t<\/div>\n\t\t\t\t<\/div>\n\t\t\t\t<div class=\"elementor-element elementor-element-727681d elementor-widget elementor-widget-text-editor\" data-id=\"727681d\" data-element_type=\"widget\" data-e-type=\"widget\" data-widget_type=\"text-editor.default\">\n\t\t\t\t<div class=\"elementor-widget-container\">\n\t\t\t\t\t\t\t\t\t<p>Vous pouvez exercer vos droits d&#8217;acc\u00e8s, de rectification, d&#8217;effacement et de portabilit\u00e9 de vos donn\u00e9es, ainsi que de limitation ou d&#8217;opposition au traitement \u00e0 l&#8217;adresse suivante : c\/ Torre del Mar, 48 &#8211; 29004 M\u00e1laga.<\/p>\n<p>De m\u00eame, si vous n&#8217;\u00eates pas d&#8217;accord avec la gestion des informations, vous avez le droit de d\u00e9poser une plainte aupr\u00e8s de l&#8217;autorit\u00e9 de surveillance \u00e0 l&#8217;adresse suivante : www.agpd.es.<\/p>\n\t\t\t\t\t\t\t\t<\/div>\n\t\t\t\t<\/div>\n\t\t\t\t<div class=\"elementor-element elementor-element-dd61ca3 elementor-widget elementor-widget-heading\" data-id=\"dd61ca3\" data-element_type=\"widget\" data-e-type=\"widget\" data-widget_type=\"heading.default\">\n\t\t\t\t<div class=\"elementor-widget-container\">\n\t\t\t\t\t<h4 class=\"elementor-heading-title elementor-size-default\"><b>PROVENANCE<\/b><\/h4>\t\t\t\t<\/div>\n\t\t\t\t<\/div>\n\t\t\t\t<div class=\"elementor-element elementor-element-3da9db9 elementor-widget elementor-widget-text-editor\" data-id=\"3da9db9\" data-element_type=\"widget\" data-e-type=\"widget\" data-widget_type=\"text-editor.default\">\n\t\t\t\t<div class=\"elementor-widget-container\">\n\t\t\t\t\t\t\t\t\t<p>Les donn\u00e9es trait\u00e9es proviennent de la personne concern\u00e9e.<\/p>\n\t\t\t\t\t\t\t\t<\/div>\n\t\t\t\t<\/div>\n\t\t\t\t<div class=\"elementor-element elementor-element-27889de elementor-widget elementor-widget-heading\" data-id=\"27889de\" data-element_type=\"widget\" data-e-type=\"widget\" data-widget_type=\"heading.default\">\n\t\t\t\t<div class=\"elementor-widget-container\">\n\t\t\t\t\t<h4 class=\"elementor-heading-title elementor-size-default\"><b>R\u00c8GLEMENT<\/b><\/h4>\t\t\t\t<\/div>\n\t\t\t\t<\/div>\n\t\t\t\t<div class=\"elementor-element elementor-element-8eee854 elementor-widget elementor-widget-text-editor\" data-id=\"8eee854\" data-element_type=\"widget\" data-e-type=\"widget\" data-widget_type=\"text-editor.default\">\n\t\t\t\t<div class=\"elementor-widget-container\">\n\t\t\t\t\t\t\t\t\t<ul>\n<li>R\u00e8glement g\u00e9n\u00e9ral sur la protection des donn\u00e9es 2016\/679<\/li>\n<li>Loi organique 3\/2018 sur la protection des donn\u00e9es<\/li>\n<\/ul>\n\t\t\t\t\t\t\t\t<\/div>\n\t\t\t\t<\/div>\n\t\t\t\t\t<\/div>\n\t\t<\/div>\n\t\t\t\t\t<\/div>\n\t\t<\/section>\n\t\t\t\t<\/div>\n\t\t","protected":false},"excerpt":{"rendered":"<p>POLITIQUE DE CONFIDENTIALIT\u00c9 AVIS DE CONFIDENTIALIT\u00c9 Conform\u00e9ment \u00e0 la loi 34\/2002 du 11 juillet 2002 et \u00e0 toute autre l\u00e9gislation concordante, Southcamp Experience SL d\u00e9clare que son num\u00e9ro de TVA est B72209125, que son si\u00e8ge social est situ\u00e9 c\/ Amargura, 147 &#8211; 11510 Puerto Real, C\u00e1diz et que son adresse \u00e9lectronique de contact est info@southcamper.es. &#8230; <a title=\"Politique de confidentialit\u00e9\" class=\"read-more\" href=\"https:\/\/southcamper.com\/fr\/politique-de-confidentialite\/\" aria-label=\"En savoir plus sur Politique de confidentialit\u00e9\">Lire la suite<\/a><\/p>\n","protected":false},"author":9,"featured_media":0,"parent":0,"menu_order":0,"comment_status":"closed","ping_status":"closed","template":"elementor_header_footer","meta":{"_acf_changed":false,"footnotes":""},"class_list":["post-15833","page","type-page","status-publish"],"acf":[],"yoast_head":"<!-- This site is optimized with the Yoast SEO plugin v27.4 - https:\/\/yoast.com\/product\/yoast-seo-wordpress\/ -->\n<title>Politique de confidentialit\u00e9 &#187; Alquiler Autocaravanas SouthCamper<\/title>\n<meta name=\"robots\" content=\"noindex, follow\" \/>\n<meta property=\"og:locale\" content=\"fr_FR\" \/>\n<meta property=\"og:type\" content=\"article\" \/>\n<meta property=\"og:title\" content=\"Politique de confidentialit\u00e9 &#187; Alquiler Autocaravanas SouthCamper\" \/>\n<meta property=\"og:description\" content=\"POLITIQUE DE CONFIDENTIALIT\u00c9 AVIS DE CONFIDENTIALIT\u00c9 Conform\u00e9ment \u00e0 la loi 34\/2002 du 11 juillet 2002 et \u00e0 toute autre l\u00e9gislation concordante, Southcamp Experience SL d\u00e9clare que son num\u00e9ro de TVA est B72209125, que son si\u00e8ge social est situ\u00e9 c\/ Amargura, 147 &#8211; 11510 Puerto Real, C\u00e1diz et que son adresse \u00e9lectronique de contact est info@southcamper.es. ... Lire la suite\" \/>\n<meta property=\"og:url\" content=\"https:\/\/southcamper.com\/fr\/politique-de-confidentialite\/\" \/>\n<meta property=\"og:site_name\" content=\"Alquiler Autocaravanas SouthCamper\" \/>\n<meta property=\"article:publisher\" content=\"https:\/\/www.facebook.com\/southcampexperience\" \/>\n<meta property=\"article:modified_time\" content=\"2024-01-16T11:21:01+00:00\" \/>\n<meta property=\"og:image\" content=\"https:\/\/southcamper.com\/wp-content\/uploads\/2022\/11\/sobre-nosotros.jpg\" \/>\n<meta name=\"twitter:card\" content=\"summary_large_image\" \/>\n<meta name=\"twitter:label1\" content=\"Dur\u00e9e de lecture estim\u00e9e\" \/>\n\t<meta name=\"twitter:data1\" content=\"5 minutes\" \/>\n<!-- \/ Yoast SEO plugin. -->","yoast_head_json":{"title":"Politique de confidentialit\u00e9 &#187; Alquiler Autocaravanas SouthCamper","robots":{"index":"noindex","follow":"follow"},"og_locale":"fr_FR","og_type":"article","og_title":"Politique de confidentialit\u00e9 &#187; Alquiler Autocaravanas SouthCamper","og_description":"POLITIQUE DE CONFIDENTIALIT\u00c9 AVIS DE CONFIDENTIALIT\u00c9 Conform\u00e9ment \u00e0 la loi 34\/2002 du 11 juillet 2002 et \u00e0 toute autre l\u00e9gislation concordante, Southcamp Experience SL d\u00e9clare que son num\u00e9ro de TVA est B72209125, que son si\u00e8ge social est situ\u00e9 c\/ Amargura, 147 &#8211; 11510 Puerto Real, C\u00e1diz et que son adresse \u00e9lectronique de contact est info@southcamper.es. ... Lire la suite","og_url":"https:\/\/southcamper.com\/fr\/politique-de-confidentialite\/","og_site_name":"Alquiler Autocaravanas SouthCamper","article_publisher":"https:\/\/www.facebook.com\/southcampexperience","article_modified_time":"2024-01-16T11:21:01+00:00","og_image":[{"url":"https:\/\/southcamper.com\/wp-content\/uploads\/2022\/11\/sobre-nosotros.jpg","type":"","width":"","height":""}],"twitter_card":"summary_large_image","twitter_misc":{"Dur\u00e9e de lecture estim\u00e9e":"5 minutes"},"schema":{"@context":"https:\/\/schema.org","@graph":[{"@type":"WebPage","@id":"https:\/\/southcamper.com\/fr\/politique-de-confidentialite\/","url":"https:\/\/southcamper.com\/fr\/politique-de-confidentialite\/","name":"Politique de confidentialit\u00e9 &#187; Alquiler Autocaravanas SouthCamper","isPartOf":{"@id":"https:\/\/southcamper.com\/fr\/#website"},"primaryImageOfPage":{"@id":"https:\/\/southcamper.com\/fr\/politique-de-confidentialite\/#primaryimage"},"image":{"@id":"https:\/\/southcamper.com\/fr\/politique-de-confidentialite\/#primaryimage"},"thumbnailUrl":"https:\/\/southcamper.com\/wp-content\/uploads\/2022\/11\/sobre-nosotros.jpg","datePublished":"2018-09-12T13:53:26+00:00","dateModified":"2024-01-16T11:21:01+00:00","breadcrumb":{"@id":"https:\/\/southcamper.com\/fr\/politique-de-confidentialite\/#breadcrumb"},"inLanguage":"fr-FR","potentialAction":[{"@type":"ReadAction","target":["https:\/\/southcamper.com\/fr\/politique-de-confidentialite\/"]}]},{"@type":"ImageObject","inLanguage":"fr-FR","@id":"https:\/\/southcamper.com\/fr\/politique-de-confidentialite\/#primaryimage","url":"https:\/\/southcamper.com\/wp-content\/uploads\/2022\/11\/sobre-nosotros.jpg","contentUrl":"https:\/\/southcamper.com\/wp-content\/uploads\/2022\/11\/sobre-nosotros.jpg"},{"@type":"BreadcrumbList","@id":"https:\/\/southcamper.com\/fr\/politique-de-confidentialite\/#breadcrumb","itemListElement":[{"@type":"ListItem","position":1,"name":"Portada","item":"https:\/\/southcamper.com\/fr\/accueil\/"},{"@type":"ListItem","position":2,"name":"Politique de confidentialit\u00e9"}]},{"@type":"WebSite","@id":"https:\/\/southcamper.com\/fr\/#website","url":"https:\/\/southcamper.com\/fr\/","name":"Alquiler Autocaravanas SouthCamper","description":"Alquiler Autocaravanas y Campers en M\u00e1laga","publisher":{"@id":"https:\/\/southcamper.com\/fr\/#organization"},"potentialAction":[{"@type":"SearchAction","target":{"@type":"EntryPoint","urlTemplate":"https:\/\/southcamper.com\/fr\/?s={search_term_string}"},"query-input":{"@type":"PropertyValueSpecification","valueRequired":true,"valueName":"search_term_string"}}],"inLanguage":"fr-FR"},{"@type":"Organization","@id":"https:\/\/southcamper.com\/fr\/#organization","name":"Southcamper","url":"https:\/\/southcamper.com\/fr\/","logo":{"@type":"ImageObject","inLanguage":"fr-FR","@id":"https:\/\/southcamper.com\/fr\/#\/schema\/logo\/image\/","url":"https:\/\/southcamper.com\/wp-content\/uploads\/2020\/09\/logo-southcamp-02.png","contentUrl":"https:\/\/southcamper.com\/wp-content\/uploads\/2020\/09\/logo-southcamp-02.png","width":2049,"height":522,"caption":"Southcamper"},"image":{"@id":"https:\/\/southcamper.com\/fr\/#\/schema\/logo\/image\/"},"sameAs":["https:\/\/www.facebook.com\/southcampexperience","https:\/\/www.instagram.com\/southcamper.experience\/"]}]}},"_links":{"self":[{"href":"https:\/\/southcamper.com\/fr\/wp-json\/wp\/v2\/pages\/15833","targetHints":{"allow":["GET"]}}],"collection":[{"href":"https:\/\/southcamper.com\/fr\/wp-json\/wp\/v2\/pages"}],"about":[{"href":"https:\/\/southcamper.com\/fr\/wp-json\/wp\/v2\/types\/page"}],"author":[{"embeddable":true,"href":"https:\/\/southcamper.com\/fr\/wp-json\/wp\/v2\/users\/9"}],"replies":[{"embeddable":true,"href":"https:\/\/southcamper.com\/fr\/wp-json\/wp\/v2\/comments?post=15833"}],"version-history":[{"count":0,"href":"https:\/\/southcamper.com\/fr\/wp-json\/wp\/v2\/pages\/15833\/revisions"}],"wp:attachment":[{"href":"https:\/\/southcamper.com\/fr\/wp-json\/wp\/v2\/media?parent=15833"}],"curies":[{"name":"wp","href":"https:\/\/api.w.org\/{rel}","templated":true}]}}