{"id":14872,"date":"2020-09-18T07:35:30","date_gmt":"2020-09-18T07:35:30","guid":{"rendered":"https:\/\/southcamper.com\/sevilla\/"},"modified":"2024-01-09T12:04:45","modified_gmt":"2024-01-09T12:04:45","slug":"sevilla","status":"publish","type":"page","link":"https:\/\/southcamper.com\/nl\/sevilla\/","title":{"rendered":"Sevilla"},"content":{"rendered":"\t\t<div data-elementor-type=\"wp-page\" data-elementor-id=\"14872\" class=\"elementor elementor-14872 elementor-4394\" data-elementor-post-type=\"page\">\n\t\t\t\t<div class=\"elementor-element elementor-element-c022f08 e-con-full e-flex e-con e-parent\" data-id=\"c022f08\" data-element_type=\"container\" data-e-type=\"container\">\n\t\t<div class=\"elementor-element elementor-element-f408d63 e-con-full e-flex e-con e-parent\" data-id=\"f408d63\" data-element_type=\"container\" data-e-type=\"container\">\n\t\t\t\t<div class=\"elementor-element elementor-element-a74fd32 elementor-widget elementor-widget-image\" data-id=\"a74fd32\" data-element_type=\"widget\" data-e-type=\"widget\" data-widget_type=\"image.default\">\n\t\t\t\t<div class=\"elementor-widget-container\">\n\t\t\t\t\t\t\t\t\t\t\t\t\t\t\t<img fetchpriority=\"high\" decoding=\"async\" width=\"2000\" height=\"462\" src=\"https:\/\/southcamper.com\/wp-content\/uploads\/2023\/01\/cabecera-sevilla.jpg\" class=\"attachment-full size-full wp-image-14879\" alt=\"\" srcset=\"https:\/\/southcamper.com\/wp-content\/uploads\/2023\/01\/cabecera-sevilla.jpg 2000w, https:\/\/southcamper.com\/wp-content\/uploads\/2023\/01\/cabecera-sevilla-500x116.jpg 500w, https:\/\/southcamper.com\/wp-content\/uploads\/2023\/01\/cabecera-sevilla-1024x237.jpg 1024w, https:\/\/southcamper.com\/wp-content\/uploads\/2023\/01\/cabecera-sevilla-768x177.jpg 768w, https:\/\/southcamper.com\/wp-content\/uploads\/2023\/01\/cabecera-sevilla-1536x355.jpg 1536w\" sizes=\"(max-width: 2000px) 100vw, 2000px\" \/>\t\t\t\t\t\t\t\t\t\t\t\t\t\t\t<\/div>\n\t\t\t\t<\/div>\n\t\t\t\t<\/div>\n\t\t\t\t<\/div>\n\t\t<div class=\"elementor-element elementor-element-65eeaff e-flex e-con-boxed e-con e-parent\" data-id=\"65eeaff\" data-element_type=\"container\" data-e-type=\"container\">\n\t\t\t\t\t<div class=\"e-con-inner\">\n\t\t\t\t<div class=\"elementor-element elementor-element-bd06fb3 elementor-widget elementor-widget-heading\" data-id=\"bd06fb3\" data-element_type=\"widget\" data-e-type=\"widget\" data-widget_type=\"heading.default\">\n\t\t\t\t<div class=\"elementor-widget-container\">\n\t\t\t\t\t<h1 class=\"elementor-heading-title elementor-size-default\">Volg deze tips voor reizen met een camper of camper in Sevilla<\/h1>\t\t\t\t<\/div>\n\t\t\t\t<\/div>\n\t\t\t\t\t<\/div>\n\t\t\t\t<\/div>\n\t\t<div class=\"elementor-element elementor-element-769853a e-flex e-con-boxed e-con e-parent\" data-id=\"769853a\" data-element_type=\"container\" data-e-type=\"container\">\n\t\t\t\t\t<div class=\"e-con-inner\">\n\t\t<div class=\"elementor-element elementor-element-781febc e-con-full e-flex e-con e-parent\" data-id=\"781febc\" data-element_type=\"container\" data-e-type=\"container\">\n\t\t\t\t<div class=\"elementor-element elementor-element-3adbe79 elementor-widget elementor-widget-image\" data-id=\"3adbe79\" data-element_type=\"widget\" data-e-type=\"widget\" data-widget_type=\"image.default\">\n\t\t\t\t<div class=\"elementor-widget-container\">\n\t\t\t\t\t\t\t\t\t\t\t\t\t\t\t<img decoding=\"async\" width=\"2560\" height=\"1707\" src=\"https:\/\/southcamper.com\/wp-content\/uploads\/2020\/09\/seville-plaza-de-espana-spain-square-P2BBUWF-scaled.jpg\" class=\"attachment-full size-full wp-image-14876\" alt=\"\" srcset=\"https:\/\/southcamper.com\/wp-content\/uploads\/2020\/09\/seville-plaza-de-espana-spain-square-P2BBUWF-scaled.jpg 2560w, https:\/\/southcamper.com\/wp-content\/uploads\/2020\/09\/seville-plaza-de-espana-spain-square-P2BBUWF-scaled-300x200.jpg 300w, https:\/\/southcamper.com\/wp-content\/uploads\/2020\/09\/seville-plaza-de-espana-spain-square-P2BBUWF-scaled-1024x683.jpg 1024w, https:\/\/southcamper.com\/wp-content\/uploads\/2020\/09\/seville-plaza-de-espana-spain-square-P2BBUWF-scaled-768x512.jpg 768w, https:\/\/southcamper.com\/wp-content\/uploads\/2020\/09\/seville-plaza-de-espana-spain-square-P2BBUWF-scaled-1536x1024.jpg 1536w, https:\/\/southcamper.com\/wp-content\/uploads\/2020\/09\/seville-plaza-de-espana-spain-square-P2BBUWF-scaled-2048x1366.jpg 2048w, https:\/\/southcamper.com\/wp-content\/uploads\/2020\/09\/seville-plaza-de-espana-spain-square-P2BBUWF-scaled-1000x667.jpg 1000w\" sizes=\"(max-width: 2560px) 100vw, 2560px\" \/>\t\t\t\t\t\t\t\t\t\t\t\t\t\t\t<\/div>\n\t\t\t\t<\/div>\n\t\t\t\t<\/div>\n\t\t<div class=\"elementor-element elementor-element-96d3853 e-con-full e-flex e-con e-parent\" data-id=\"96d3853\" data-element_type=\"container\" data-e-type=\"container\">\n\t\t\t\t<div class=\"elementor-element elementor-element-f15ea4a elementor-widget elementor-widget-heading\" data-id=\"f15ea4a\" data-element_type=\"widget\" data-e-type=\"widget\" data-widget_type=\"heading.default\">\n\t\t\t\t<div class=\"elementor-widget-container\">\n\t\t\t\t\t<h2 class=\"elementor-heading-title elementor-size-default\">Sevilla<\/h2>\t\t\t\t<\/div>\n\t\t\t\t<\/div>\n\t\t\t\t<div class=\"elementor-element elementor-element-a1c4185 elementor-widget elementor-widget-text-editor\" data-id=\"a1c4185\" data-element_type=\"widget\" data-e-type=\"widget\" data-widget_type=\"text-editor.default\">\n\t\t\t\t<div class=\"elementor-widget-container\">\n\t\t\t\t\t\t\t\t\t<p>Wanneer je Sevilla met de camper bezoekt, is het belangrijk om te weten dat de maanden juni tot augustus erg warm zijn, wat oncomfortabel kan zijn in een camper. Om de Paas- en Feria-processies te zien, is het belangrijk om er rekening mee te houden dat de parkeerplaatsen en campergebieden net zo druk kunnen zijn als de hotels.<\/p>\n<p>Er zijn eindeloos veel dingen te zien in Sevilla, de bekendste bezienswaardigheden zijn de Torre de Oro, de Plaza Espa\u00f1a, de Giralda en de kathedraal, de wijken Santa Cruz en Triana, de Reales Alc\u00e1zares, het Mar\u00eda Luisa Park, de Setas de la Encarnaci\u00f3n en het Museum voor Schone Kunsten. Sevilla is een van de steden met de langste traditie van flamencodansen en -zingen en biedt het hele jaar door concerten.<\/p>\n\t\t\t\t\t\t\t\t<\/div>\n\t\t\t\t<\/div>\n\t\t\t\t<\/div>\n\t\t\t\t\t<\/div>\n\t\t\t\t<\/div>\n\t\t\t\t<section class=\"elementor-section elementor-top-section elementor-element elementor-element-2df44a75 elementor-section-boxed elementor-section-height-default elementor-section-height-default\" data-id=\"2df44a75\" data-element_type=\"section\" data-e-type=\"section\">\n\t\t\t\t\t\t<div class=\"elementor-container elementor-column-gap-default\">\n\t\t\t\t\t<div class=\"elementor-column elementor-col-100 elementor-top-column elementor-element elementor-element-5c32c7c\" data-id=\"5c32c7c\" data-element_type=\"column\" data-e-type=\"column\">\n\t\t\t<div class=\"elementor-widget-wrap elementor-element-populated\">\n\t\t\t\t\t\t<div class=\"elementor-element elementor-element-6d15764c elementor-widget elementor-widget-heading\" data-id=\"6d15764c\" data-element_type=\"widget\" data-e-type=\"widget\" data-widget_type=\"heading.default\">\n\t\t\t\t<div class=\"elementor-widget-container\">\n\t\t\t\t\t<h2 class=\"elementor-heading-title elementor-size-default\">Waar parkeren en overnachten in een camper?<\/h2>\t\t\t\t<\/div>\n\t\t\t\t<\/div>\n\t\t\t\t<div class=\"elementor-element elementor-element-4aa072cb elementor-widget elementor-widget-text-editor\" data-id=\"4aa072cb\" data-element_type=\"widget\" data-e-type=\"widget\" data-widget_type=\"text-editor.default\">\n\t\t\t\t<div class=\"elementor-widget-container\">\n\t\t\t\t\t\t\t\t\t<p>We informeren je dat het in Sevilla raadzaam is om de camper niet 24 uur per dag op onbewaakte parkeerplaatsen achter te laten. Sevilla biedt echter verschillende campergebieden.<\/p>\n\t\t\t\t\t\t\t\t<\/div>\n\t\t\t\t<\/div>\n\t\t\t\t\t<\/div>\n\t\t<\/div>\n\t\t\t\t\t<\/div>\n\t\t<\/section>\n\t\t<div class=\"elementor-element elementor-element-f8dcb8c e-flex e-con-boxed e-con e-parent\" data-id=\"f8dcb8c\" data-element_type=\"container\" data-e-type=\"container\">\n\t\t\t\t\t<div class=\"e-con-inner\">\n\t\t<div class=\"elementor-element elementor-element-33f4b3b e-con-full e-flex e-con e-parent\" data-id=\"33f4b3b\" data-element_type=\"container\" data-e-type=\"container\">\n\t\t\t\t<div class=\"elementor-element elementor-element-ec5ec19 elementor-position-inline-start elementor-view-default elementor-mobile-position-block-start elementor-widget elementor-widget-icon-box\" data-id=\"ec5ec19\" data-element_type=\"widget\" data-e-type=\"widget\" data-widget_type=\"icon-box.default\">\n\t\t\t\t<div class=\"elementor-widget-container\">\n\t\t\t\t\t\t\t<div class=\"elementor-icon-box-wrapper\">\n\n\t\t\t\t\t\t<div class=\"elementor-icon-box-icon\">\n\t\t\t\t<a href=\"http:\/\/areasautocaravanas.com\/area-de-sevilla\/\" target=\"_blank\" class=\"elementor-icon\" tabindex=\"-1\" aria-label=\"Sevilla campergebied\">\n\t\t\t\t<i aria-hidden=\"true\" class=\"fas fa-map-marked-alt\"><\/i>\t\t\t\t<\/a>\n\t\t\t<\/div>\n\t\t\t\n\t\t\t\t\t\t<div class=\"elementor-icon-box-content\">\n\n\t\t\t\t\t\t\t\t\t<h3 class=\"elementor-icon-box-title\">\n\t\t\t\t\t\t<a href=\"http:\/\/areasautocaravanas.com\/area-de-sevilla\/\" target=\"_blank\" >\n\t\t\t\t\t\t\tSevilla campergebied\t\t\t\t\t\t<\/a>\n\t\t\t\t\t<\/h3>\n\t\t\t\t\n\t\t\t\t\t\t\t\t\t<p class=\"elementor-icon-box-description\">\n\t\t\t\t\t\tAvenida Maestranza A\u00e9rea S\/N (Puerto de Sevilla) 41011 Sevilla\n<br><br>\nHet is de bekendste wijk in Sevilla met een directe buslijn naar het centrum. Het is ook een goed uitgangspunt voor caravanners die Sevilla op de fiets willen ontdekken.\n\t\t\t\t\t<\/p>\n\t\t\t\t\n\t\t\t<\/div>\n\t\t\t\n\t\t<\/div>\n\t\t\t\t\t\t<\/div>\n\t\t\t\t<\/div>\n\t\t\t\t<div class=\"elementor-element elementor-element-37ef6dc elementor-position-inline-start elementor-view-default elementor-mobile-position-block-start elementor-widget elementor-widget-icon-box\" data-id=\"37ef6dc\" data-element_type=\"widget\" data-e-type=\"widget\" data-widget_type=\"icon-box.default\">\n\t\t\t\t<div class=\"elementor-widget-container\">\n\t\t\t\t\t\t\t<div class=\"elementor-icon-box-wrapper\">\n\n\t\t\t\t\t\t<div class=\"elementor-icon-box-icon\">\n\t\t\t\t<a href=\"https:\/\/www.areasac.es\/sevilla\/sevilla\/sevilla-santa-justa_2423_1_ap.html\" target=\"_blank\" class=\"elementor-icon\" tabindex=\"-1\" aria-label=\"Parkeren Sevilla Santa Justa\">\n\t\t\t\t<i aria-hidden=\"true\" class=\"fas fa-map-marked-alt\"><\/i>\t\t\t\t<\/a>\n\t\t\t<\/div>\n\t\t\t\n\t\t\t\t\t\t<div class=\"elementor-icon-box-content\">\n\n\t\t\t\t\t\t\t\t\t<h3 class=\"elementor-icon-box-title\">\n\t\t\t\t\t\t<a href=\"https:\/\/www.areasac.es\/sevilla\/sevilla\/sevilla-santa-justa_2423_1_ap.html\" target=\"_blank\" >\n\t\t\t\t\t\t\tParkeren Sevilla Santa Justa\t\t\t\t\t\t<\/a>\n\t\t\t\t\t<\/h3>\n\t\t\t\t\n\t\t\t\t\t\t\t\t\t<p class=\"elementor-icon-box-description\">\n\t\t\t\t\t\tAvenida de Kansas City s\/n, 41007 Sevilla\n<br><br>\nDe parkeerplaats ligt naast het station Sevilla Santa Justa RENFE, tussen het treinstation en de Kansas City Avenue. Het heeft geen infrastructuur voor campers, maar kan dienen als centrale parkeerplaats voor een of twee nachten.\t\t\t\t\t<\/p>\n\t\t\t\t\n\t\t\t<\/div>\n\t\t\t\n\t\t<\/div>\n\t\t\t\t\t\t<\/div>\n\t\t\t\t<\/div>\n\t\t\t\t<div class=\"elementor-element elementor-element-ce440dc elementor-position-inline-start elementor-view-default elementor-mobile-position-block-start elementor-widget elementor-widget-icon-box\" data-id=\"ce440dc\" data-element_type=\"widget\" data-e-type=\"widget\" data-widget_type=\"icon-box.default\">\n\t\t\t\t<div class=\"elementor-widget-container\">\n\t\t\t\t\t\t\t<div class=\"elementor-icon-box-wrapper\">\n\n\t\t\t\t\t\t<div class=\"elementor-icon-box-icon\">\n\t\t\t\t<a href=\"https:\/\/parkingcaravane.com\/\" target=\"_blank\" class=\"elementor-icon\" tabindex=\"-1\" aria-label=\"Parkeren Caravane\">\n\t\t\t\t<i aria-hidden=\"true\" class=\"fas fa-map-marked-alt\"><\/i>\t\t\t\t<\/a>\n\t\t\t<\/div>\n\t\t\t\n\t\t\t\t\t\t<div class=\"elementor-icon-box-content\">\n\n\t\t\t\t\t\t\t\t\t<h3 class=\"elementor-icon-box-title\">\n\t\t\t\t\t\t<a href=\"https:\/\/parkingcaravane.com\/\" target=\"_blank\" >\n\t\t\t\t\t\t\tParkeren Caravane\t\t\t\t\t\t<\/a>\n\t\t\t\t\t<\/h3>\n\t\t\t\t\n\t\t\t\t\t\t\t\t\t<p class=\"elementor-icon-box-description\">\n\t\t\t\t\t\tAux. Carretera Sevilla-Cadiz N-IV, km 536, 41020 Sevilla\n<br><br>\nHet is een parkeerplaats voor alle soorten voertuigen. Het is een beetje ver van het centrum, maar er zijn verbindingen met het openbaar vervoer naar de stad.  \t\t\t\t\t<\/p>\n\t\t\t\t\n\t\t\t<\/div>\n\t\t\t\n\t\t<\/div>\n\t\t\t\t\t\t<\/div>\n\t\t\t\t<\/div>\n\t\t\t\t<\/div>\n\t\t<div class=\"elementor-element elementor-element-396857e e-con-full e-flex e-con e-parent\" data-id=\"396857e\" data-element_type=\"container\" data-e-type=\"container\">\n\t\t\t\t<div class=\"elementor-element elementor-element-4942de5 elementor-widget elementor-widget-image\" data-id=\"4942de5\" data-element_type=\"widget\" data-e-type=\"widget\" data-widget_type=\"image.default\">\n\t\t\t\t<div class=\"elementor-widget-container\">\n\t\t\t\t\t\t\t\t\t\t\t\t\t\t\t<img decoding=\"async\" width=\"768\" height=\"1152\" src=\"https:\/\/southcamper.com\/wp-content\/uploads\/2020\/09\/spain-square-sevilla-spain-PW56VYS-scaled-768x1152.jpg\" class=\"attachment-medium_large size-medium_large wp-image-14877\" alt=\"\" srcset=\"https:\/\/southcamper.com\/wp-content\/uploads\/2020\/09\/spain-square-sevilla-spain-PW56VYS-scaled-768x1152.jpg 768w, https:\/\/southcamper.com\/wp-content\/uploads\/2020\/09\/spain-square-sevilla-spain-PW56VYS-scaled-200x300.jpg 200w, https:\/\/southcamper.com\/wp-content\/uploads\/2020\/09\/spain-square-sevilla-spain-PW56VYS-scaled-683x1024.jpg 683w, https:\/\/southcamper.com\/wp-content\/uploads\/2020\/09\/spain-square-sevilla-spain-PW56VYS-scaled-1024x1536.jpg 1024w, https:\/\/southcamper.com\/wp-content\/uploads\/2020\/09\/spain-square-sevilla-spain-PW56VYS-scaled-1366x2048.jpg 1366w, https:\/\/southcamper.com\/wp-content\/uploads\/2020\/09\/spain-square-sevilla-spain-PW56VYS-scaled-1000x1500.jpg 1000w, https:\/\/southcamper.com\/wp-content\/uploads\/2020\/09\/spain-square-sevilla-spain-PW56VYS-scaled.jpg 1707w\" sizes=\"(max-width: 768px) 100vw, 768px\" \/>\t\t\t\t\t\t\t\t\t\t\t\t\t\t\t<\/div>\n\t\t\t\t<\/div>\n\t\t\t\t<\/div>\n\t\t\t\t\t<\/div>\n\t\t\t\t<\/div>\n\t\t\t\t<section class=\"elementor-section elementor-top-section elementor-element elementor-element-20c350e elementor-section-boxed elementor-section-height-default elementor-section-height-default\" data-id=\"20c350e\" data-element_type=\"section\" data-e-type=\"section\">\n\t\t\t\t\t\t<div class=\"elementor-container elementor-column-gap-default\">\n\t\t\t\t\t<div class=\"elementor-column elementor-col-100 elementor-top-column elementor-element elementor-element-1d23b9f\" data-id=\"1d23b9f\" data-element_type=\"column\" data-e-type=\"column\">\n\t\t\t<div class=\"elementor-widget-wrap elementor-element-populated\">\n\t\t\t\t\t\t<div class=\"elementor-element elementor-element-669616b elementor-widget elementor-widget-heading\" data-id=\"669616b\" data-element_type=\"widget\" data-e-type=\"widget\" data-widget_type=\"heading.default\">\n\t\t\t\t<div class=\"elementor-widget-container\">\n\t\t\t\t\t<h2 class=\"elementor-heading-title elementor-size-default\">Andere plaatsen om te overnachten in een camper in de provincie Sevilla<\/h2>\t\t\t\t<\/div>\n\t\t\t\t<\/div>\n\t\t\t\t<div class=\"elementor-element elementor-element-9c47c1c elementor-widget elementor-widget-text-editor\" data-id=\"9c47c1c\" data-element_type=\"widget\" data-e-type=\"widget\" data-widget_type=\"text-editor.default\">\n\t\t\t\t<div class=\"elementor-widget-container\">\n\t\t\t\t\t\t\t\t\t<p><a href=\"https:\/\/www.areasac.es\/cazalla-de-la-sierra\/sevilla\/cazalla-de-la-sierra_3376_1_ap.html\" target=\"_blank\" rel=\"noopener\"><span style=\"text-decoration: underline;\"><strong>Cazalla de la Sierra<\/strong><\/span><\/a><\/p>\n<p><a href=\"https:\/\/www.areasac.es\/las-pajanosas\/sevilla\/las-pajanosas_4033_1_ap.html\" target=\"_blank\" rel=\"noopener\"><span style=\"text-decoration: underline;\"><strong>Las Pajanosas<\/strong><\/span><\/a><\/p>\n<p><span style=\"text-decoration: underline;\"><strong><a href=\"https:\/\/www.areasac.es\/alanis-de-la-sierra\/sevilla\/alanis-de-la-sierra_2442_1_ap.html\" target=\"_blank\" rel=\"noopener\">Alanis<\/a><\/strong><\/span><\/p>\n\t\t\t\t\t\t\t\t<\/div>\n\t\t\t\t<\/div>\n\t\t\t\t\t<\/div>\n\t\t<\/div>\n\t\t\t\t\t<\/div>\n\t\t<\/section>\n\t\t\t\t<\/div>\n\t\t","protected":false},"excerpt":{"rendered":"<p>Volg deze tips voor reizen met een camper of camper in Sevilla Sevilla Wanneer je Sevilla met de camper bezoekt, is het belangrijk om te weten dat de maanden juni tot augustus erg warm zijn, wat oncomfortabel kan zijn in een camper. Om de Paas- en Feria-processies te zien, is het belangrijk om er rekening &#8230; <a title=\"Sevilla\" class=\"read-more\" href=\"https:\/\/southcamper.com\/nl\/sevilla\/\" aria-label=\"Lees meer over Sevilla\">Lees verder<\/a><\/p>\n","protected":false},"author":9,"featured_media":0,"parent":0,"menu_order":0,"comment_status":"closed","ping_status":"closed","template":"elementor_header_footer","meta":{"_acf_changed":false,"footnotes":""},"class_list":["post-14872","page","type-page","status-publish"],"acf":[],"yoast_head":"<!-- This site is optimized with the Yoast SEO plugin v27.4 - https:\/\/yoast.com\/product\/yoast-seo-wordpress\/ -->\n<title>Reistips voor campers en motorhomes in Sevilla<\/title>\n<meta name=\"description\" content=\"Reistips voor campers en motorhomes in de provincie Sevilla: gebieden om te overnachten, bezienswaardigheden en buitenactiviteiten.\" \/>\n<meta name=\"robots\" content=\"index, follow, max-snippet:-1, max-image-preview:large, max-video-preview:-1\" \/>\n<link rel=\"canonical\" href=\"https:\/\/southcamper.com\/nl\/sevilla\/\" \/>\n<meta property=\"og:locale\" content=\"nl_NL\" \/>\n<meta property=\"og:type\" content=\"article\" \/>\n<meta property=\"og:title\" content=\"Reistips voor campers en motorhomes in Sevilla\" \/>\n<meta property=\"og:description\" content=\"Reistips voor campers en motorhomes in de provincie Sevilla: gebieden om te overnachten, bezienswaardigheden en buitenactiviteiten.\" \/>\n<meta property=\"og:url\" content=\"https:\/\/southcamper.com\/nl\/sevilla\/\" \/>\n<meta property=\"og:site_name\" content=\"Alquiler Autocaravanas SouthCamper\" \/>\n<meta property=\"article:publisher\" content=\"https:\/\/www.facebook.com\/southcampexperience\" \/>\n<meta property=\"article:modified_time\" content=\"2024-01-09T12:04:45+00:00\" \/>\n<meta property=\"og:image\" content=\"https:\/\/southcamper.com\/wp-content\/uploads\/2023\/01\/cabecera-sevilla.jpg\" \/>\n<meta name=\"twitter:card\" content=\"summary_large_image\" \/>\n<meta name=\"twitter:label1\" content=\"Geschatte leestijd\" \/>\n\t<meta name=\"twitter:data1\" content=\"2 minuten\" \/>\n<!-- \/ Yoast SEO plugin. -->","yoast_head_json":{"title":"Reistips voor campers en motorhomes in Sevilla","description":"Reistips voor campers en motorhomes in de provincie Sevilla: gebieden om te overnachten, bezienswaardigheden en buitenactiviteiten.","robots":{"index":"index","follow":"follow","max-snippet":"max-snippet:-1","max-image-preview":"max-image-preview:large","max-video-preview":"max-video-preview:-1"},"canonical":"https:\/\/southcamper.com\/nl\/sevilla\/","og_locale":"nl_NL","og_type":"article","og_title":"Reistips voor campers en motorhomes in Sevilla","og_description":"Reistips voor campers en motorhomes in de provincie Sevilla: gebieden om te overnachten, bezienswaardigheden en buitenactiviteiten.","og_url":"https:\/\/southcamper.com\/nl\/sevilla\/","og_site_name":"Alquiler Autocaravanas SouthCamper","article_publisher":"https:\/\/www.facebook.com\/southcampexperience","article_modified_time":"2024-01-09T12:04:45+00:00","og_image":[{"url":"https:\/\/southcamper.com\/wp-content\/uploads\/2023\/01\/cabecera-sevilla.jpg","type":"","width":"","height":""}],"twitter_card":"summary_large_image","twitter_misc":{"Geschatte leestijd":"2 minuten"},"schema":{"@context":"https:\/\/schema.org","@graph":[{"@type":"WebPage","@id":"https:\/\/southcamper.com\/nl\/sevilla\/","url":"https:\/\/southcamper.com\/nl\/sevilla\/","name":"Reistips voor campers en motorhomes in Sevilla","isPartOf":{"@id":"https:\/\/southcamper.com\/nl\/#website"},"primaryImageOfPage":{"@id":"https:\/\/southcamper.com\/nl\/sevilla\/#primaryimage"},"image":{"@id":"https:\/\/southcamper.com\/nl\/sevilla\/#primaryimage"},"thumbnailUrl":"https:\/\/southcamper.com\/wp-content\/uploads\/2023\/01\/cabecera-sevilla.jpg","datePublished":"2020-09-18T07:35:30+00:00","dateModified":"2024-01-09T12:04:45+00:00","description":"Reistips voor campers en motorhomes in de provincie Sevilla: gebieden om te overnachten, bezienswaardigheden en buitenactiviteiten.","breadcrumb":{"@id":"https:\/\/southcamper.com\/nl\/sevilla\/#breadcrumb"},"inLanguage":"nl-NL","potentialAction":[{"@type":"ReadAction","target":["https:\/\/southcamper.com\/nl\/sevilla\/"]}]},{"@type":"ImageObject","inLanguage":"nl-NL","@id":"https:\/\/southcamper.com\/nl\/sevilla\/#primaryimage","url":"https:\/\/southcamper.com\/wp-content\/uploads\/2023\/01\/cabecera-sevilla.jpg","contentUrl":"https:\/\/southcamper.com\/wp-content\/uploads\/2023\/01\/cabecera-sevilla.jpg"},{"@type":"BreadcrumbList","@id":"https:\/\/southcamper.com\/nl\/sevilla\/#breadcrumb","itemListElement":[{"@type":"ListItem","position":1,"name":"Portada","item":"https:\/\/southcamper.com\/nl\/home\/"},{"@type":"ListItem","position":2,"name":"Sevilla"}]},{"@type":"WebSite","@id":"https:\/\/southcamper.com\/nl\/#website","url":"https:\/\/southcamper.com\/nl\/","name":"Alquiler Autocaravanas SouthCamper","description":"Alquiler Autocaravanas y Campers en M\u00e1laga","publisher":{"@id":"https:\/\/southcamper.com\/nl\/#organization"},"potentialAction":[{"@type":"SearchAction","target":{"@type":"EntryPoint","urlTemplate":"https:\/\/southcamper.com\/nl\/?s={search_term_string}"},"query-input":{"@type":"PropertyValueSpecification","valueRequired":true,"valueName":"search_term_string"}}],"inLanguage":"nl-NL"},{"@type":"Organization","@id":"https:\/\/southcamper.com\/nl\/#organization","name":"Southcamper","url":"https:\/\/southcamper.com\/nl\/","logo":{"@type":"ImageObject","inLanguage":"nl-NL","@id":"https:\/\/southcamper.com\/nl\/#\/schema\/logo\/image\/","url":"https:\/\/southcamper.com\/wp-content\/uploads\/2020\/09\/logo-southcamp-02.png","contentUrl":"https:\/\/southcamper.com\/wp-content\/uploads\/2020\/09\/logo-southcamp-02.png","width":2049,"height":522,"caption":"Southcamper"},"image":{"@id":"https:\/\/southcamper.com\/nl\/#\/schema\/logo\/image\/"},"sameAs":["https:\/\/www.facebook.com\/southcampexperience","https:\/\/www.instagram.com\/southcamper.experience\/"]}]}},"_links":{"self":[{"href":"https:\/\/southcamper.com\/nl\/wp-json\/wp\/v2\/pages\/14872","targetHints":{"allow":["GET"]}}],"collection":[{"href":"https:\/\/southcamper.com\/nl\/wp-json\/wp\/v2\/pages"}],"about":[{"href":"https:\/\/southcamper.com\/nl\/wp-json\/wp\/v2\/types\/page"}],"author":[{"embeddable":true,"href":"https:\/\/southcamper.com\/nl\/wp-json\/wp\/v2\/users\/9"}],"replies":[{"embeddable":true,"href":"https:\/\/southcamper.com\/nl\/wp-json\/wp\/v2\/comments?post=14872"}],"version-history":[{"count":0,"href":"https:\/\/southcamper.com\/nl\/wp-json\/wp\/v2\/pages\/14872\/revisions"}],"wp:attachment":[{"href":"https:\/\/southcamper.com\/nl\/wp-json\/wp\/v2\/media?parent=14872"}],"curies":[{"name":"wp","href":"https:\/\/api.w.org\/{rel}","templated":true}]}}