{"id":15148,"date":"2020-09-16T09:02:08","date_gmt":"2020-09-16T09:02:08","guid":{"rendered":"https:\/\/southcamper.com\/andalusie\/"},"modified":"2024-01-09T12:07:01","modified_gmt":"2024-01-09T12:07:01","slug":"andalusie","status":"publish","type":"page","link":"https:\/\/southcamper.com\/nl\/andalusie\/","title":{"rendered":"Andalusi\u00eb"},"content":{"rendered":"\t\t<div data-elementor-type=\"wp-page\" data-elementor-id=\"15148\" class=\"elementor elementor-15148 elementor-4285\" data-elementor-post-type=\"page\">\n\t\t\t\t\t\t<section class=\"elementor-section elementor-top-section elementor-element elementor-element-2c77ad4 elementor-reverse-mobile elementor-section-boxed elementor-section-height-default elementor-section-height-default\" data-id=\"2c77ad4\" data-element_type=\"section\" data-e-type=\"section\" data-settings=\"{&quot;background_background&quot;:&quot;classic&quot;}\">\n\t\t\t\t\t\t\t<div class=\"elementor-background-overlay\"><\/div>\n\t\t\t\t\t\t\t<div class=\"elementor-container elementor-column-gap-wider\">\n\t\t\t\t\t<div class=\"elementor-column elementor-col-50 elementor-top-column elementor-element elementor-element-b0b591c\" data-id=\"b0b591c\" data-element_type=\"column\" data-e-type=\"column\">\n\t\t\t<div class=\"elementor-widget-wrap elementor-element-populated\">\n\t\t\t\t\t\t<div class=\"elementor-element elementor-element-0796153 elementor-widget elementor-widget-heading\" data-id=\"0796153\" data-element_type=\"widget\" data-e-type=\"widget\" data-widget_type=\"heading.default\">\n\t\t\t\t<div class=\"elementor-widget-container\">\n\t\t\t\t\t<h1 class=\"elementor-heading-title elementor-size-default\">Aanbevelingen voor uw camperreizen in Andalusi\u00eb<\/h1>\t\t\t\t<\/div>\n\t\t\t\t<\/div>\n\t\t\t\t\t<\/div>\n\t\t<\/div>\n\t\t\t\t<div class=\"elementor-column elementor-col-50 elementor-top-column elementor-element elementor-element-567dccc\" data-id=\"567dccc\" data-element_type=\"column\" data-e-type=\"column\" data-settings=\"{&quot;background_background&quot;:&quot;classic&quot;}\">\n\t\t\t<div class=\"elementor-widget-wrap elementor-element-populated\">\n\t\t\t\t\t\t<div class=\"elementor-element elementor-element-788444c elementor-widget elementor-widget-html\" data-id=\"788444c\" data-element_type=\"widget\" data-e-type=\"widget\" data-widget_type=\"html.default\">\n\t\t\t\t<div class=\"elementor-widget-container\">\n\t\t\t\t\t<iframe src=\"https:\/\/reservation.southcamper.com\/?search=1&amp;idioma=es\" style=\"width:100%;height:425px;background-color:#ffffffd6;\" scrolling=\"no\" frameborder=\"0\"><\/iframe>\t\t\t\t<\/div>\n\t\t\t\t<\/div>\n\t\t\t\t\t<\/div>\n\t\t<\/div>\n\t\t\t\t\t<\/div>\n\t\t<\/section>\n\t\t\t\t<section class=\"elementor-section elementor-top-section elementor-element elementor-element-2b6fe4c elementor-section-boxed elementor-section-height-default elementor-section-height-default\" data-id=\"2b6fe4c\" data-element_type=\"section\" data-e-type=\"section\">\n\t\t\t\t\t\t<div class=\"elementor-container elementor-column-gap-default\">\n\t\t\t\t\t<div class=\"elementor-column elementor-col-50 elementor-top-column elementor-element elementor-element-de87e3e\" data-id=\"de87e3e\" data-element_type=\"column\" data-e-type=\"column\">\n\t\t\t<div class=\"elementor-widget-wrap elementor-element-populated\">\n\t\t\t\t\t\t<div class=\"elementor-element elementor-element-48e9ab7 elementor-widget elementor-widget-google_maps\" data-id=\"48e9ab7\" data-element_type=\"widget\" data-e-type=\"widget\" data-widget_type=\"google_maps.default\">\n\t\t\t\t<div class=\"elementor-widget-container\">\n\t\t\t\t\t\t\t<div class=\"elementor-custom-embed\">\n\t\t\t<iframe loading=\"lazy\"\n\t\t\t\t\tsrc=\"https:\/\/maps.google.com\/maps?q=Southcamper&#038;t=m&#038;z=12&#038;output=embed&#038;iwloc=near\"\n\t\t\t\t\ttitle=\"Southcamper\"\n\t\t\t\t\taria-label=\"Southcamper\"\n\t\t\t><\/iframe>\n\t\t<\/div>\n\t\t\t\t\t\t<\/div>\n\t\t\t\t<\/div>\n\t\t\t\t\t<\/div>\n\t\t<\/div>\n\t\t\t\t<div class=\"elementor-column elementor-col-50 elementor-top-column elementor-element elementor-element-88510c3\" data-id=\"88510c3\" data-element_type=\"column\" data-e-type=\"column\">\n\t\t\t<div class=\"elementor-widget-wrap elementor-element-populated\">\n\t\t\t\t\t\t<div class=\"elementor-element elementor-element-2f9e218 elementor-position-inline-start elementor-view-default elementor-mobile-position-block-start elementor-widget elementor-widget-icon-box\" data-id=\"2f9e218\" data-element_type=\"widget\" data-e-type=\"widget\" data-widget_type=\"icon-box.default\">\n\t\t\t\t<div class=\"elementor-widget-container\">\n\t\t\t\t\t\t\t<div class=\"elementor-icon-box-wrapper\">\n\n\t\t\t\t\t\t<div class=\"elementor-icon-box-icon\">\n\t\t\t\t<span  class=\"elementor-icon\">\n\t\t\t\t<i aria-hidden=\"true\" class=\"fas fa-directions\"><\/i>\t\t\t\t<\/span>\n\t\t\t<\/div>\n\t\t\t\n\t\t\t\t\t\t<div class=\"elementor-icon-box-content\">\n\n\t\t\t\t\t\t\t\t\t<h2 class=\"elementor-icon-box-title\">\n\t\t\t\t\t\t<span  >\n\t\t\t\t\t\t\tZuidcamper\t\t\t\t\t\t<\/span>\n\t\t\t\t\t<\/h2>\n\t\t\t\t\n\t\t\t\t\t\t\t\t\t<p class=\"elementor-icon-box-description\">\n\t\t\t\t\t\tCalle Torre del Mar 48, 29004 M\u00e1laga<br>Tel: <a href=\"tel:+34952751654\">+34-952-751654<\/a>\t\t\t\t\t<\/p>\n\t\t\t\t\n\t\t\t<\/div>\n\t\t\t\n\t\t<\/div>\n\t\t\t\t\t\t<\/div>\n\t\t\t\t<\/div>\n\t\t\t\t<div class=\"elementor-element elementor-element-b8bac02 elementor-position-inline-start elementor-view-default elementor-mobile-position-block-start elementor-widget elementor-widget-icon-box\" data-id=\"b8bac02\" data-element_type=\"widget\" data-e-type=\"widget\" data-widget_type=\"icon-box.default\">\n\t\t\t\t<div class=\"elementor-widget-container\">\n\t\t\t\t\t\t\t<div class=\"elementor-icon-box-wrapper\">\n\n\t\t\t\t\t\t<div class=\"elementor-icon-box-icon\">\n\t\t\t\t<span  class=\"elementor-icon\">\n\t\t\t\t<i aria-hidden=\"true\" class=\"far fa-clock\"><\/i>\t\t\t\t<\/span>\n\t\t\t<\/div>\n\t\t\t\n\t\t\t\t\t\t<div class=\"elementor-icon-box-content\">\n\n\t\t\t\t\t\t\t\t\t<h2 class=\"elementor-icon-box-title\">\n\t\t\t\t\t\t<span  >\n\t\t\t\t\t\t\tDienstregeling\t\t\t\t\t\t<\/span>\n\t\t\t\t\t<\/h2>\n\t\t\t\t\n\t\t\t\t\t\t\t\t\t<p class=\"elementor-icon-box-description\">\n\t\t\t\t\t\tMaandag t\/m zondag: 10:00 - 18:00 uur<br>Augustus: 10:00 - 14:00 uur<br>\t\t\t\t\t<\/p>\n\t\t\t\t\n\t\t\t<\/div>\n\t\t\t\n\t\t<\/div>\n\t\t\t\t\t\t<\/div>\n\t\t\t\t<\/div>\n\t\t\t\t<div class=\"elementor-element elementor-element-3687536 elementor-position-inline-start elementor-view-default elementor-mobile-position-block-start elementor-widget elementor-widget-icon-box\" data-id=\"3687536\" data-element_type=\"widget\" data-e-type=\"widget\" data-widget_type=\"icon-box.default\">\n\t\t\t\t<div class=\"elementor-widget-container\">\n\t\t\t\t\t\t\t<div class=\"elementor-icon-box-wrapper\">\n\n\t\t\t\t\t\t<div class=\"elementor-icon-box-icon\">\n\t\t\t\t<span  class=\"elementor-icon\">\n\t\t\t\t<i aria-hidden=\"true\" class=\"fas fa-taxi\"><\/i>\t\t\t\t<\/span>\n\t\t\t<\/div>\n\t\t\t\n\t\t\t\t\t\t<div class=\"elementor-icon-box-content\">\n\n\t\t\t\t\t\t\t\t\t<h2 class=\"elementor-icon-box-title\">\n\t\t\t\t\t\t<span  >\n\t\t\t\t\t\t\tTaxi\t\t\t\t\t\t<\/span>\n\t\t\t\t\t<\/h2>\n\t\t\t\t\n\t\t\t\t\t\t\t\t\t<p class=\"elementor-icon-box-description\">\n\t\t\t\t\t\tKosten bij benadering Taxi, Uber, Cabify van<br>\n<b>Luchthaven Malaga: <\/b>\u20ac15  <br><b>Maria Zambrano Malaga RENFE Station:<\/b> 20 \u20ac.\t\t\t\t\t<\/p>\n\t\t\t\t\n\t\t\t<\/div>\n\t\t\t\n\t\t<\/div>\n\t\t\t\t\t\t<\/div>\n\t\t\t\t<\/div>\n\t\t\t\t<div class=\"elementor-element elementor-element-065a0d5 elementor-position-inline-start elementor-view-default elementor-mobile-position-block-start elementor-widget elementor-widget-icon-box\" data-id=\"065a0d5\" data-element_type=\"widget\" data-e-type=\"widget\" data-widget_type=\"icon-box.default\">\n\t\t\t\t<div class=\"elementor-widget-container\">\n\t\t\t\t\t\t\t<div class=\"elementor-icon-box-wrapper\">\n\n\t\t\t\t\t\t<div class=\"elementor-icon-box-icon\">\n\t\t\t\t<span  class=\"elementor-icon\">\n\t\t\t\t<i aria-hidden=\"true\" class=\"far fa-flag\"><\/i>\t\t\t\t<\/span>\n\t\t\t<\/div>\n\t\t\t\n\t\t\t\t\t\t<div class=\"elementor-icon-box-content\">\n\n\t\t\t\t\t\t\t\t\t<h2 class=\"elementor-icon-box-title\">\n\t\t\t\t\t\t<span  >\n\t\t\t\t\t\t\tLocatie\t\t\t\t\t\t<\/span>\n\t\t\t\t\t<\/h2>\n\t\t\t\t\n\t\t\t\t\t\t\t\t\t<p class=\"elementor-icon-box-description\">\n\t\t\t\t\t\tDe basis ligt vlakbij het vliegveld van Malaga in het industriegebied Santa Teresa (afslag Guadalhorce).\t\t\t\t\t<\/p>\n\t\t\t\t\n\t\t\t<\/div>\n\t\t\t\n\t\t<\/div>\n\t\t\t\t\t\t<\/div>\n\t\t\t\t<\/div>\n\t\t\t\t\t<\/div>\n\t\t<\/div>\n\t\t\t\t\t<\/div>\n\t\t<\/section>\n\t\t<div class=\"elementor-element elementor-element-3d8b4f6 e-flex e-con-boxed e-con e-parent\" data-id=\"3d8b4f6\" data-element_type=\"container\" data-e-type=\"container\">\n\t\t\t\t\t<div class=\"e-con-inner\">\n\t\t<div class=\"elementor-element elementor-element-5d415d4 e-con-full e-flex e-con e-parent\" data-id=\"5d415d4\" data-element_type=\"container\" data-e-type=\"container\">\n\t\t\t\t<div class=\"elementor-element elementor-element-9ecfb1e elementor-widget elementor-widget-heading\" data-id=\"9ecfb1e\" data-element_type=\"widget\" data-e-type=\"widget\" data-widget_type=\"heading.default\">\n\t\t\t\t<div class=\"elementor-widget-container\">\n\t\t\t\t\t<h2 class=\"elementor-heading-title elementor-size-default\">Andalusi\u00eb<\/h2>\t\t\t\t<\/div>\n\t\t\t\t<\/div>\n\t\t\t\t<div class=\"elementor-element elementor-element-f65ad5d elementor-widget elementor-widget-text-editor\" data-id=\"f65ad5d\" data-element_type=\"widget\" data-e-type=\"widget\" data-widget_type=\"text-editor.default\">\n\t\t\t\t<div class=\"elementor-widget-container\">\n\t\t\t\t\t\t\t\t\t<p>Andalusi\u00eb heeft acht provincies waarvan er vijf aan de kust liggen en drie in het binnenland. Malaga ligt in het centrum van de stad waar ook de luchthaven Pablo Picasso ligt, de grootste van Andalusi\u00eb. De locatie maakt het een ideaal startpunt voor een camperreis, met veel alternatieven voor camperreizen binnen een straal van maximaal drie uur.<\/p>\n<p>In die zin kan Andalusi\u00eb worden onderverdeeld in drie zones. In het oosten vinden we de Sierra Nevada en de woestijn en stranden van Almeria. De provinciehoofdsteden Granada, Ja\u00e9n, C\u00f3rdoba en Sevilla liggen in het binnenland van het centrum. En in het westen liggen de stranden van de provincies C\u00e1diz en Huelva, met de kustplaatsen C\u00e1diz en Gibraltar als belangrijkste toeristische attracties. Alle provincies hebben natuurparken met een goede camperinfrastructuur in kleine steden of nabijgelegen dorpen.<\/p>\n\t\t\t\t\t\t\t\t<\/div>\n\t\t\t\t<\/div>\n\t\t\t\t<\/div>\n\t\t<div class=\"elementor-element elementor-element-80c7766 e-con-full e-flex e-con e-parent\" data-id=\"80c7766\" data-element_type=\"container\" data-e-type=\"container\">\n\t\t\t\t<div class=\"elementor-element elementor-element-eecdd91 elementor-widget elementor-widget-image\" data-id=\"eecdd91\" data-element_type=\"widget\" data-e-type=\"widget\" data-widget_type=\"image.default\">\n\t\t\t\t<div class=\"elementor-widget-container\">\n\t\t\t\t\t\t\t\t\t\t\t\t\t\t\t<img fetchpriority=\"high\" decoding=\"async\" width=\"1500\" height=\"970\" src=\"https:\/\/southcamper.com\/wp-content\/uploads\/2022\/01\/cordoba-alquiler-autocaravanas-andalucia-southcamper.jpeg\" class=\"attachment-full size-full wp-image-15160\" alt=\"\" srcset=\"https:\/\/southcamper.com\/wp-content\/uploads\/2022\/01\/cordoba-alquiler-autocaravanas-andalucia-southcamper.jpeg 1500w, https:\/\/southcamper.com\/wp-content\/uploads\/2022\/01\/cordoba-alquiler-autocaravanas-andalucia-southcamper-500x323.jpeg 500w, https:\/\/southcamper.com\/wp-content\/uploads\/2022\/01\/cordoba-alquiler-autocaravanas-andalucia-southcamper-1024x662.jpeg 1024w, https:\/\/southcamper.com\/wp-content\/uploads\/2022\/01\/cordoba-alquiler-autocaravanas-andalucia-southcamper-768x497.jpeg 768w\" sizes=\"(max-width: 1500px) 100vw, 1500px\" \/>\t\t\t\t\t\t\t\t\t\t\t\t\t\t\t<\/div>\n\t\t\t\t<\/div>\n\t\t\t\t<\/div>\n\t\t\t\t\t<\/div>\n\t\t\t\t<\/div>\n\t\t\t\t<section class=\"elementor-section elementor-top-section elementor-element elementor-element-91d4dd8 elementor-section-boxed elementor-section-height-default elementor-section-height-default\" data-id=\"91d4dd8\" data-element_type=\"section\" data-e-type=\"section\" data-settings=\"{&quot;background_background&quot;:&quot;classic&quot;}\">\n\t\t\t\t\t\t\t<div class=\"elementor-background-overlay\"><\/div>\n\t\t\t\t\t\t\t<div class=\"elementor-container elementor-column-gap-default\">\n\t\t\t\t\t<div class=\"elementor-column elementor-col-100 elementor-top-column elementor-element elementor-element-1223514\" data-id=\"1223514\" data-element_type=\"column\" data-e-type=\"column\">\n\t\t\t<div class=\"elementor-widget-wrap elementor-element-populated\">\n\t\t\t\t\t\t<div class=\"elementor-element elementor-element-4f41199 elementor-widget elementor-widget-heading\" data-id=\"4f41199\" data-element_type=\"widget\" data-e-type=\"widget\" data-widget_type=\"heading.default\">\n\t\t\t\t<div class=\"elementor-widget-container\">\n\t\t\t\t\t<h2 class=\"elementor-heading-title elementor-size-default\">Routes en klantervaringen<\/h2>\t\t\t\t<\/div>\n\t\t\t\t<\/div>\n\t\t\t\t\t<\/div>\n\t\t<\/div>\n\t\t\t\t\t<\/div>\n\t\t<\/section>\n\t\t<div class=\"elementor-element elementor-element-69e3290 e-flex e-con-boxed e-con e-parent\" data-id=\"69e3290\" data-element_type=\"container\" data-e-type=\"container\">\n\t\t\t\t\t<div class=\"e-con-inner\">\n\t\t\t\t<div class=\"elementor-element elementor-element-77bb266 elementor-widget elementor-widget-heading\" data-id=\"77bb266\" data-element_type=\"widget\" data-e-type=\"widget\" data-widget_type=\"heading.default\">\n\t\t\t\t<div class=\"elementor-widget-container\">\n\t\t\t\t\t<h2 class=\"elementor-heading-title elementor-size-default\">Reisstations<\/h2>\t\t\t\t<\/div>\n\t\t\t\t<\/div>\n\t\t\t\t<div class=\"elementor-element elementor-element-600ecb1 elementor-widget elementor-widget-text-editor\" data-id=\"600ecb1\" data-element_type=\"widget\" data-e-type=\"widget\" data-widget_type=\"text-editor.default\">\n\t\t\t\t<div class=\"elementor-widget-container\">\n\t\t\t\t\t\t\t\t\t<p>Andalusi\u00eb staat bekend als een populaire bestemming voor een typische zomerreis met veel zon, strand en zee. Met een camper ben je flexibel en kun je het gedoe van all-inclusive toerisme vermijden. Je kunt Andalusi\u00eb het hele jaar door bezoeken met een camper. Afhankelijk van de tijd van het jaar die je kiest, zijn er verschillende alternatieven.<\/p>\n\t\t\t\t\t\t\t\t<\/div>\n\t\t\t\t<\/div>\n\t\t\t\t\t<\/div>\n\t\t\t\t<\/div>\n\t\t<div class=\"elementor-element elementor-element-9f97429 e-flex e-con-boxed e-con e-parent\" data-id=\"9f97429\" data-element_type=\"container\" data-e-type=\"container\">\n\t\t\t\t\t<div class=\"e-con-inner\">\n\t\t<div class=\"elementor-element elementor-element-1652d4d e-con-full e-flex e-con e-parent\" data-id=\"1652d4d\" data-element_type=\"container\" data-e-type=\"container\">\n\t\t\t\t<div class=\"elementor-element elementor-element-1bc2732 elementor-widget elementor-widget-image\" data-id=\"1bc2732\" data-element_type=\"widget\" data-e-type=\"widget\" data-widget_type=\"image.default\">\n\t\t\t\t<div class=\"elementor-widget-container\">\n\t\t\t\t\t\t\t\t\t\t\t\t\t\t\t<img decoding=\"async\" width=\"1200\" height=\"1256\" src=\"https:\/\/southcamper.com\/wp-content\/uploads\/2020\/09\/IMG-20200831-WA0027-e1600411514447.jpg\" class=\"attachment-full size-full wp-image-15154\" alt=\"\" srcset=\"https:\/\/southcamper.com\/wp-content\/uploads\/2020\/09\/IMG-20200831-WA0027-e1600411514447.jpg 1200w, https:\/\/southcamper.com\/wp-content\/uploads\/2020\/09\/IMG-20200831-WA0027-e1600411514447-287x300.jpg 287w, https:\/\/southcamper.com\/wp-content\/uploads\/2020\/09\/IMG-20200831-WA0027-e1600411514447-978x1024.jpg 978w, https:\/\/southcamper.com\/wp-content\/uploads\/2020\/09\/IMG-20200831-WA0027-e1600411514447-768x804.jpg 768w, https:\/\/southcamper.com\/wp-content\/uploads\/2020\/09\/IMG-20200831-WA0027-e1600411514447-32x32.jpg 32w, https:\/\/southcamper.com\/wp-content\/uploads\/2020\/09\/IMG-20200831-WA0027-e1600411514447-1000x1047.jpg 1000w\" sizes=\"(max-width: 1200px) 100vw, 1200px\" \/>\t\t\t\t\t\t\t\t\t\t\t\t\t\t\t<\/div>\n\t\t\t\t<\/div>\n\t\t\t\t<\/div>\n\t\t<div class=\"elementor-element elementor-element-3180087 e-con-full e-flex e-con e-parent\" data-id=\"3180087\" data-element_type=\"container\" data-e-type=\"container\">\n\t\t\t\t<div class=\"elementor-element elementor-element-dd3f3be elementor-widget elementor-widget-heading\" data-id=\"dd3f3be\" data-element_type=\"widget\" data-e-type=\"widget\" data-widget_type=\"heading.default\">\n\t\t\t\t<div class=\"elementor-widget-container\">\n\t\t\t\t\t<h3 class=\"elementor-heading-title elementor-size-default\">Lente<\/h3>\t\t\t\t<\/div>\n\t\t\t\t<\/div>\n\t\t\t\t<div class=\"elementor-element elementor-element-063c61d elementor-widget elementor-widget-text-editor\" data-id=\"063c61d\" data-element_type=\"widget\" data-e-type=\"widget\" data-widget_type=\"text-editor.default\">\n\t\t\t\t<div class=\"elementor-widget-container\">\n\t\t\t\t\t\t\t\t\t<p>Met Pasen kun je een van de vele natuurparken in het binnenland bezoeken. In deze periode kun je genieten van de natuur in al haar pracht door te wandelen, fietsen, raften, klimmen en natuurlijk kamperen. Ideale bestemmingen voor een uitje in een camper zijn de witte dorpen in de provincies Cadiz en M\u00e1laga of de Alpujarras in Granada.<\/p>\n<p>Andere natuurparken die een bezoek met de camper waard zijn, zijn het Parque Natural de los Alcornocales in het zuiden van de Sierra de Grazalema en de Sierra de Cazorla, Segura y Las Villas in de provincie Ja\u00e9n. In deze regio liggen ook de oude universiteitssteden \u00dabeda en Baeza.<\/p>\n\t\t\t\t\t\t\t\t<\/div>\n\t\t\t\t<\/div>\n\t\t\t\t<\/div>\n\t\t\t\t\t<\/div>\n\t\t\t\t<\/div>\n\t\t<div class=\"elementor-element elementor-element-7c22984 inversa e-flex e-con-boxed e-con e-parent\" data-id=\"7c22984\" data-element_type=\"container\" data-e-type=\"container\">\n\t\t\t\t\t<div class=\"e-con-inner\">\n\t\t<div class=\"elementor-element elementor-element-4a33647 e-con-full e-flex e-con e-parent\" data-id=\"4a33647\" data-element_type=\"container\" data-e-type=\"container\">\n\t\t\t\t<div class=\"elementor-element elementor-element-0a8cd27 elementor-widget elementor-widget-heading\" data-id=\"0a8cd27\" data-element_type=\"widget\" data-e-type=\"widget\" data-widget_type=\"heading.default\">\n\t\t\t\t<div class=\"elementor-widget-container\">\n\t\t\t\t\t<h3 class=\"elementor-heading-title elementor-size-default\">Winter<\/h3>\t\t\t\t<\/div>\n\t\t\t\t<\/div>\n\t\t\t\t<div class=\"elementor-element elementor-element-94b609a elementor-widget elementor-widget-text-editor\" data-id=\"94b609a\" data-element_type=\"widget\" data-e-type=\"widget\" data-widget_type=\"text-editor.default\">\n\t\t\t\t<div class=\"elementor-widget-container\">\n\t\t\t\t\t\t\t\t\t<p>De campings en AC-gebieden aan de Costa del Sol zijn erg populair bij winterkampeerders. Je hoeft geen maanden in Andalusi\u00eb door te brengen, je kunt ook vier tot zes weken ontsnappen aan de winter met onze winteraanbiedingen.<\/p>\n<p>Onze voertuigen zijn uitgerust met verwarming en een warmwaterboiler. Daarom blijven ze altijd warm en knus, zelfs als het buiten na zonsondergang wat koeler wordt.<\/p>\n\t\t\t\t\t\t\t\t<\/div>\n\t\t\t\t<\/div>\n\t\t\t\t<\/div>\n\t\t<div class=\"elementor-element elementor-element-0b87452 e-con-full e-flex e-con e-parent\" data-id=\"0b87452\" data-element_type=\"container\" data-e-type=\"container\">\n\t\t\t\t<div class=\"elementor-element elementor-element-7e7b63c elementor-widget elementor-widget-image\" data-id=\"7e7b63c\" data-element_type=\"widget\" data-e-type=\"widget\" data-widget_type=\"image.default\">\n\t\t\t\t<div class=\"elementor-widget-container\">\n\t\t\t\t\t\t\t\t\t\t\t\t\t\t\t<img decoding=\"async\" width=\"2560\" height=\"1710\" src=\"https:\/\/southcamper.com\/wp-content\/uploads\/2020\/09\/woman-is-standing-with-a-mug-of-coffee-near-the-ca-P6VA4TK-scaled.jpg\" class=\"attachment-full size-full wp-image-15157\" alt=\"\" srcset=\"https:\/\/southcamper.com\/wp-content\/uploads\/2020\/09\/woman-is-standing-with-a-mug-of-coffee-near-the-ca-P6VA4TK-scaled.jpg 2560w, https:\/\/southcamper.com\/wp-content\/uploads\/2020\/09\/woman-is-standing-with-a-mug-of-coffee-near-the-ca-P6VA4TK-scaled-300x200.jpg 300w, https:\/\/southcamper.com\/wp-content\/uploads\/2020\/09\/woman-is-standing-with-a-mug-of-coffee-near-the-ca-P6VA4TK-scaled-1024x684.jpg 1024w, https:\/\/southcamper.com\/wp-content\/uploads\/2020\/09\/woman-is-standing-with-a-mug-of-coffee-near-the-ca-P6VA4TK-scaled-768x513.jpg 768w, https:\/\/southcamper.com\/wp-content\/uploads\/2020\/09\/woman-is-standing-with-a-mug-of-coffee-near-the-ca-P6VA4TK-scaled-1536x1026.jpg 1536w, https:\/\/southcamper.com\/wp-content\/uploads\/2020\/09\/woman-is-standing-with-a-mug-of-coffee-near-the-ca-P6VA4TK-scaled-2048x1368.jpg 2048w, https:\/\/southcamper.com\/wp-content\/uploads\/2020\/09\/woman-is-standing-with-a-mug-of-coffee-near-the-ca-P6VA4TK-scaled-1000x668.jpg 1000w\" sizes=\"(max-width: 2560px) 100vw, 2560px\" \/>\t\t\t\t\t\t\t\t\t\t\t\t\t\t\t<\/div>\n\t\t\t\t<\/div>\n\t\t\t\t<\/div>\n\t\t\t\t\t<\/div>\n\t\t\t\t<\/div>\n\t\t<div class=\"elementor-element elementor-element-036009e e-flex e-con-boxed e-con e-parent\" data-id=\"036009e\" data-element_type=\"container\" data-e-type=\"container\">\n\t\t\t\t\t<div class=\"e-con-inner\">\n\t\t<div class=\"elementor-element elementor-element-0b94c81 e-con-full e-flex e-con e-parent\" data-id=\"0b94c81\" data-element_type=\"container\" data-e-type=\"container\">\n\t\t\t\t<div class=\"elementor-element elementor-element-bb38836 elementor-widget elementor-widget-image\" data-id=\"bb38836\" data-element_type=\"widget\" data-e-type=\"widget\" data-widget_type=\"image.default\">\n\t\t\t\t<div class=\"elementor-widget-container\">\n\t\t\t\t\t\t\t\t\t\t\t\t\t\t\t<img loading=\"lazy\" decoding=\"async\" width=\"1600\" height=\"1200\" src=\"https:\/\/southcamper.com\/wp-content\/uploads\/2020\/09\/IMG-20200831-WA0032.jpg\" class=\"attachment-full size-full wp-image-15153\" alt=\"\" srcset=\"https:\/\/southcamper.com\/wp-content\/uploads\/2020\/09\/IMG-20200831-WA0032.jpg 1600w, https:\/\/southcamper.com\/wp-content\/uploads\/2020\/09\/IMG-20200831-WA0032-300x225.jpg 300w, https:\/\/southcamper.com\/wp-content\/uploads\/2020\/09\/IMG-20200831-WA0032-1024x768.jpg 1024w, https:\/\/southcamper.com\/wp-content\/uploads\/2020\/09\/IMG-20200831-WA0032-768x576.jpg 768w, https:\/\/southcamper.com\/wp-content\/uploads\/2020\/09\/IMG-20200831-WA0032-1536x1152.jpg 1536w, https:\/\/southcamper.com\/wp-content\/uploads\/2020\/09\/IMG-20200831-WA0032-1000x750.jpg 1000w\" sizes=\"(max-width: 1600px) 100vw, 1600px\" \/>\t\t\t\t\t\t\t\t\t\t\t\t\t\t\t<\/div>\n\t\t\t\t<\/div>\n\t\t\t\t<\/div>\n\t\t<div class=\"elementor-element elementor-element-de514cd e-con-full e-flex e-con e-parent\" data-id=\"de514cd\" data-element_type=\"container\" data-e-type=\"container\">\n\t\t\t\t<div class=\"elementor-element elementor-element-882cc3d elementor-widget elementor-widget-heading\" data-id=\"882cc3d\" data-element_type=\"widget\" data-e-type=\"widget\" data-widget_type=\"heading.default\">\n\t\t\t\t<div class=\"elementor-widget-container\">\n\t\t\t\t\t<h3 class=\"elementor-heading-title elementor-size-default\">Herfst<\/h3>\t\t\t\t<\/div>\n\t\t\t\t<\/div>\n\t\t\t\t<div class=\"elementor-element elementor-element-8e4e5bb elementor-widget elementor-widget-text-editor\" data-id=\"8e4e5bb\" data-element_type=\"widget\" data-e-type=\"widget\" data-widget_type=\"text-editor.default\">\n\t\t\t\t<div class=\"elementor-widget-container\">\n\t\t\t\t\t\t\t\t\t<p>Als je flexibel bent, is de herfst de beste tijd om naar Andalusi\u00eb te reizen. Het badseizoen eindigt in oktober, maar het weer is nog steeds mild en af en toe heet. De temperatuur van het zeewater is aangenaam en je hebt de prachtige stranden van de Costa de la Luz bijna voor jezelf. In deze periode kun je op je gemak het Alhambra in Granada of de kathedraal in Sevilla bezoeken.<\/p>\n<p>De prijzen op campings, in bars en restaurants zijn aanzienlijk lager dan in de zomer.<\/p>\n\t\t\t\t\t\t\t\t<\/div>\n\t\t\t\t<\/div>\n\t\t\t\t<\/div>\n\t\t\t\t\t<\/div>\n\t\t\t\t<\/div>\n\t\t<div class=\"elementor-element elementor-element-7fe27fe inversa e-flex e-con-boxed e-con e-parent\" data-id=\"7fe27fe\" data-element_type=\"container\" data-e-type=\"container\">\n\t\t\t\t\t<div class=\"e-con-inner\">\n\t\t<div class=\"elementor-element elementor-element-33880db e-con-full e-flex e-con e-parent\" data-id=\"33880db\" data-element_type=\"container\" data-e-type=\"container\">\n\t\t\t\t<div class=\"elementor-element elementor-element-898e058 elementor-widget elementor-widget-heading\" data-id=\"898e058\" data-element_type=\"widget\" data-e-type=\"widget\" data-widget_type=\"heading.default\">\n\t\t\t\t<div class=\"elementor-widget-container\">\n\t\t\t\t\t<h3 class=\"elementor-heading-title elementor-size-default\">Zomer<\/h3>\t\t\t\t<\/div>\n\t\t\t\t<\/div>\n\t\t\t\t<div class=\"elementor-element elementor-element-94ad225 elementor-widget elementor-widget-text-editor\" data-id=\"94ad225\" data-element_type=\"widget\" data-e-type=\"widget\" data-widget_type=\"text-editor.default\">\n\t\t\t\t<div class=\"elementor-widget-container\">\n\t\t\t\t\t\t\t\t\t<p>De zomer in Andalusi\u00eb is beroemd heet, dus het is aan te raden om dicht bij de kust te blijven en korte excursies naar het binnenland te maken. De Atlantische kust tussen Tarifa en Huelva biedt in deze periode het beste weer. Het gebied tussen Tarifa en C\u00e1diz is erg populair in augustus. Als er te veel mensen zijn, kun je gemakkelijk omrijden naar minder bezochte gebieden. Aan de Costa de la Luz in de provincie Huelva ten westen van het Do\u00f1ana Nationaal Park zijn lange stranden en vaak bomen in de schaduw waarvan je met je camper kunt kamperen.<\/p>\n\t\t\t\t\t\t\t\t<\/div>\n\t\t\t\t<\/div>\n\t\t\t\t<\/div>\n\t\t<div class=\"elementor-element elementor-element-9ccfb30 e-con-full e-flex e-con e-parent\" data-id=\"9ccfb30\" data-element_type=\"container\" data-e-type=\"container\">\n\t\t\t\t<div class=\"elementor-element elementor-element-13839c3 elementor-widget elementor-widget-image\" data-id=\"13839c3\" data-element_type=\"widget\" data-e-type=\"widget\" data-widget_type=\"image.default\">\n\t\t\t\t<div class=\"elementor-widget-container\">\n\t\t\t\t\t\t\t\t\t\t\t\t\t\t\t<img loading=\"lazy\" decoding=\"async\" width=\"1600\" height=\"1200\" src=\"https:\/\/southcamper.com\/wp-content\/uploads\/2020\/09\/IMG-20200831-WA00381.jpg\" class=\"attachment-full size-full wp-image-15158\" alt=\"\" srcset=\"https:\/\/southcamper.com\/wp-content\/uploads\/2020\/09\/IMG-20200831-WA00381.jpg 1600w, https:\/\/southcamper.com\/wp-content\/uploads\/2020\/09\/IMG-20200831-WA00381-1000x750.jpg 1000w, https:\/\/southcamper.com\/wp-content\/uploads\/2020\/09\/IMG-20200831-WA00381-300x225.jpg 300w, https:\/\/southcamper.com\/wp-content\/uploads\/2020\/09\/IMG-20200831-WA00381-1024x768.jpg 1024w, https:\/\/southcamper.com\/wp-content\/uploads\/2020\/09\/IMG-20200831-WA00381-768x576.jpg 768w, https:\/\/southcamper.com\/wp-content\/uploads\/2020\/09\/IMG-20200831-WA00381-1536x1152.jpg 1536w\" sizes=\"(max-width: 1600px) 100vw, 1600px\" \/>\t\t\t\t\t\t\t\t\t\t\t\t\t\t\t<\/div>\n\t\t\t\t<\/div>\n\t\t\t\t<\/div>\n\t\t\t\t\t<\/div>\n\t\t\t\t<\/div>\n\t\t<div class=\"elementor-element elementor-element-2549e03 e-flex e-con-boxed e-con e-parent\" data-id=\"2549e03\" data-element_type=\"container\" data-e-type=\"container\">\n\t\t\t\t\t<div class=\"e-con-inner\">\n\t\t<div class=\"elementor-element elementor-element-2acf941 e-con-full e-flex e-con e-parent\" data-id=\"2acf941\" data-element_type=\"container\" data-e-type=\"container\">\n\t\t\t\t<div class=\"elementor-element elementor-element-2cbf1e4 elementor-widget elementor-widget-image\" data-id=\"2cbf1e4\" data-element_type=\"widget\" data-e-type=\"widget\" data-widget_type=\"image.default\">\n\t\t\t\t<div class=\"elementor-widget-container\">\n\t\t\t\t\t\t\t\t\t\t\t\t\t\t\t<img loading=\"lazy\" decoding=\"async\" width=\"1600\" height=\"1200\" src=\"https:\/\/southcamper.com\/wp-content\/uploads\/2020\/09\/IMG-20200831-WA0036.jpg\" class=\"attachment-full size-full wp-image-15159\" alt=\"\" srcset=\"https:\/\/southcamper.com\/wp-content\/uploads\/2020\/09\/IMG-20200831-WA0036.jpg 1600w, https:\/\/southcamper.com\/wp-content\/uploads\/2020\/09\/IMG-20200831-WA0036-300x225.jpg 300w, https:\/\/southcamper.com\/wp-content\/uploads\/2020\/09\/IMG-20200831-WA0036-1024x768.jpg 1024w, https:\/\/southcamper.com\/wp-content\/uploads\/2020\/09\/IMG-20200831-WA0036-768x576.jpg 768w, https:\/\/southcamper.com\/wp-content\/uploads\/2020\/09\/IMG-20200831-WA0036-1536x1152.jpg 1536w, https:\/\/southcamper.com\/wp-content\/uploads\/2020\/09\/IMG-20200831-WA0036-1000x750.jpg 1000w\" sizes=\"(max-width: 1600px) 100vw, 1600px\" \/>\t\t\t\t\t\t\t\t\t\t\t\t\t\t\t<\/div>\n\t\t\t\t<\/div>\n\t\t\t\t<\/div>\n\t\t<div class=\"elementor-element elementor-element-7ef968f e-con-full e-flex e-con e-parent\" data-id=\"7ef968f\" data-element_type=\"container\" data-e-type=\"container\">\n\t\t\t\t<div class=\"elementor-element elementor-element-7d251c5 elementor-widget elementor-widget-heading\" data-id=\"7d251c5\" data-element_type=\"widget\" data-e-type=\"widget\" data-widget_type=\"heading.default\">\n\t\t\t\t<div class=\"elementor-widget-container\">\n\t\t\t\t\t<h2 class=\"elementor-heading-title elementor-size-default\">Feestdagen<\/h2>\t\t\t\t<\/div>\n\t\t\t\t<\/div>\n\t\t\t\t<div class=\"elementor-element elementor-element-996fe33 elementor-widget elementor-widget-text-editor\" data-id=\"996fe33\" data-element_type=\"widget\" data-e-type=\"widget\" data-widget_type=\"text-editor.default\">\n\t\t\t\t<div class=\"elementor-widget-container\">\n\t\t\t\t\t\t\t\t\t<ul>\n<li>1 januari: Nieuwjaar<\/li>\n<li>6 januari: Driekoningen van de Heer<\/li>\n<li>19 maart: Sint Jozef<\/li>\n<li>(Tussen 19 maart en 22 april): Witte Donderdag<\/li>\n<li>(Tussen 20 maart en 23 april): Goede Vrijdag<\/li>\n<li>Begin mei: maandag na de Dag van de Arbeid<\/li>\n<li>25 juli: Sint Jakobus de apostel<\/li>\n<li>15 augustus: Maria Hemelvaart<\/li>\n<li>12 oktober: Nationale feestdag van Spanje<\/li>\n<li>1 november: Allerheiligen<\/li>\n<li>6 december: Dag van de Spaanse grondwet<\/li>\n<li>8 december: Onbevlekte Ontvangenis<\/li>\n<li>26 december: Dag na de Geboorte van de Heer of Sint-Stefanusdag<\/li>\n<\/ul>\n\t\t\t\t\t\t\t\t<\/div>\n\t\t\t\t<\/div>\n\t\t\t\t<\/div>\n\t\t\t\t\t<\/div>\n\t\t\t\t<\/div>\n\t\t<div class=\"elementor-element elementor-element-3e60d93 inversa e-flex e-con-boxed e-con e-parent\" data-id=\"3e60d93\" data-element_type=\"container\" data-e-type=\"container\">\n\t\t\t\t\t<div class=\"e-con-inner\">\n\t\t<div class=\"elementor-element elementor-element-fbcddf8 e-con-full e-flex e-con e-parent\" data-id=\"fbcddf8\" data-element_type=\"container\" data-e-type=\"container\">\n\t\t\t\t<div class=\"elementor-element elementor-element-3495c90 elementor-widget elementor-widget-heading\" data-id=\"3495c90\" data-element_type=\"widget\" data-e-type=\"widget\" data-widget_type=\"heading.default\">\n\t\t\t\t<div class=\"elementor-widget-container\">\n\t\t\t\t\t<h2 class=\"elementor-heading-title elementor-size-default\">CAMPINGS EN CAMPERPLAATSEN<\/h2>\t\t\t\t<\/div>\n\t\t\t\t<\/div>\n\t\t\t\t<div class=\"elementor-element elementor-element-23c8b28 elementor-widget elementor-widget-text-editor\" data-id=\"23c8b28\" data-element_type=\"widget\" data-e-type=\"widget\" data-widget_type=\"text-editor.default\">\n\t\t\t\t<div class=\"elementor-widget-container\">\n\t\t\t\t\t\t\t\t\t<p>Andalusi\u00eb biedt veel campings in alle categorie\u00ebn. Aan de kust zijn er campings die het hele jaar open zijn, terwijl campings in het binnenland meestal met Pasen openen en in september of oktober sluiten. Sommige campings bieden de mogelijkheid om online te reserveren. Onder de websites met zoekmachines voor campings vinden we bijvoorbeeld de website van de <a href=\"https:\/\/www.campingsandalucia.es\/\" target=\"_blank\" rel=\"noopener\">Andalusische Federatie van Campings<\/a>.<\/p>\n<p>Er zijn ook steeds meer gebieden voor campers, omdat veel gemeenten voor dit type toerisme hebben gekozen en serviceplaatsen aanbieden. De bekendste zoekmachines voor deze gebieden zijn <a href=\"http:\/\/www.park4night.com\">Park4night<\/a>, <a href=\"http:\/\/www.campercontact.com\">Campercontact<\/a> of <a href=\"http:\/\/www.areasac.es\">AreasAC<\/a>. De camperplaatsen zijn bijna het hele jaar geopend.<\/p>\n\t\t\t\t\t\t\t\t<\/div>\n\t\t\t\t<\/div>\n\t\t\t\t<\/div>\n\t\t<div class=\"elementor-element elementor-element-553b629 e-con-full e-flex e-con e-parent\" data-id=\"553b629\" data-element_type=\"container\" data-e-type=\"container\">\n\t\t\t\t<div class=\"elementor-element elementor-element-e7e0624 elementor-widget elementor-widget-image\" data-id=\"e7e0624\" data-element_type=\"widget\" data-e-type=\"widget\" data-widget_type=\"image.default\">\n\t\t\t\t<div class=\"elementor-widget-container\">\n\t\t\t\t\t\t\t\t\t\t\t\t\t\t\t<img loading=\"lazy\" decoding=\"async\" width=\"2560\" height=\"1440\" src=\"https:\/\/southcamper.com\/wp-content\/uploads\/2020\/09\/campers-and-motorhomes-4UNT9EX-1-scaled.jpg\" class=\"attachment-full size-full wp-image-15156\" alt=\"\" srcset=\"https:\/\/southcamper.com\/wp-content\/uploads\/2020\/09\/campers-and-motorhomes-4UNT9EX-1-scaled.jpg 2560w, https:\/\/southcamper.com\/wp-content\/uploads\/2020\/09\/campers-and-motorhomes-4UNT9EX-1-scaled-1000x563.jpg 1000w, https:\/\/southcamper.com\/wp-content\/uploads\/2020\/09\/campers-and-motorhomes-4UNT9EX-1-300x169.jpg 300w, https:\/\/southcamper.com\/wp-content\/uploads\/2020\/09\/campers-and-motorhomes-4UNT9EX-1-1024x576.jpg 1024w, https:\/\/southcamper.com\/wp-content\/uploads\/2020\/09\/campers-and-motorhomes-4UNT9EX-1-768x432.jpg 768w, https:\/\/southcamper.com\/wp-content\/uploads\/2020\/09\/campers-and-motorhomes-4UNT9EX-1-1536x864.jpg 1536w, https:\/\/southcamper.com\/wp-content\/uploads\/2020\/09\/campers-and-motorhomes-4UNT9EX-1-2048x1152.jpg 2048w\" sizes=\"(max-width: 2560px) 100vw, 2560px\" \/>\t\t\t\t\t\t\t\t\t\t\t\t\t\t\t<\/div>\n\t\t\t\t<\/div>\n\t\t\t\t<\/div>\n\t\t\t\t\t<\/div>\n\t\t\t\t<\/div>\n\t\t<div class=\"elementor-element elementor-element-8493670 e-flex e-con-boxed e-con e-parent\" data-id=\"8493670\" data-element_type=\"container\" data-e-type=\"container\">\n\t\t\t\t\t<div class=\"e-con-inner\">\n\t\t<div class=\"elementor-element elementor-element-cabb036 e-con-full e-flex e-con e-parent\" data-id=\"cabb036\" data-element_type=\"container\" data-e-type=\"container\">\n\t\t\t\t<div class=\"elementor-element elementor-element-5ceb742 elementor-widget elementor-widget-image\" data-id=\"5ceb742\" data-element_type=\"widget\" data-e-type=\"widget\" data-widget_type=\"image.default\">\n\t\t\t\t<div class=\"elementor-widget-container\">\n\t\t\t\t\t\t\t\t\t\t\t\t\t\t\t<img loading=\"lazy\" decoding=\"async\" width=\"1024\" height=\"768\" src=\"https:\/\/southcamper.com\/wp-content\/uploads\/2020\/08\/K1024_Principal3.jpg\" class=\"attachment-full size-full wp-image-15178\" alt=\"\" srcset=\"https:\/\/southcamper.com\/wp-content\/uploads\/2020\/08\/K1024_Principal3.jpg 1024w, https:\/\/southcamper.com\/wp-content\/uploads\/2020\/08\/K1024_Principal3-300x225.jpg 300w, https:\/\/southcamper.com\/wp-content\/uploads\/2020\/08\/K1024_Principal3-768x576.jpg 768w, https:\/\/southcamper.com\/wp-content\/uploads\/2020\/08\/K1024_Principal3-1000x750.jpg 1000w\" sizes=\"(max-width: 1024px) 100vw, 1024px\" \/>\t\t\t\t\t\t\t\t\t\t\t\t\t\t\t<\/div>\n\t\t\t\t<\/div>\n\t\t\t\t<\/div>\n\t\t<div class=\"elementor-element elementor-element-0c7edd3 e-con-full e-flex e-con e-parent\" data-id=\"0c7edd3\" data-element_type=\"container\" data-e-type=\"container\">\n\t\t\t\t<div class=\"elementor-element elementor-element-3fe41ad elementor-widget elementor-widget-heading\" data-id=\"3fe41ad\" data-element_type=\"widget\" data-e-type=\"widget\" data-widget_type=\"heading.default\">\n\t\t\t\t<div class=\"elementor-widget-container\">\n\t\t\t\t\t<h2 class=\"elementor-heading-title elementor-size-default\">Snelheidslimieten voor campers<\/h2>\t\t\t\t<\/div>\n\t\t\t\t<\/div>\n\t\t\t\t<div class=\"elementor-element elementor-element-ee966db elementor-widget elementor-widget-text-editor\" data-id=\"ee966db\" data-element_type=\"widget\" data-e-type=\"widget\" data-widget_type=\"text-editor.default\">\n\t\t\t\t<div class=\"elementor-widget-container\">\n\t\t\t\t\t\t\t\t\t<p>Vanaf 2019 is de maximumsnelheid voor campers met een maximumgewicht van 3500 kg of minder 120 km\/u op snelwegen en autowegen. Op interlokale wegen is het 90 km\/u en in steden 50 km\/u. Op voorwaarde dat er geen andere snelheid wordt aangegeven.<\/p>\n\t\t\t\t\t\t\t\t<\/div>\n\t\t\t\t<\/div>\n\t\t\t\t<\/div>\n\t\t\t\t\t<\/div>\n\t\t\t\t<\/div>\n\t\t\t\t<\/div>\n\t\t","protected":false},"excerpt":{"rendered":"<p>Aanbevelingen voor uw camperreizen in Andalusi\u00eb Zuidcamper Calle Torre del Mar 48, 29004 M\u00e1lagaTel: +34-952-751654 Dienstregeling Maandag t\/m zondag: 10:00 &#8211; 18:00 uurAugustus: 10:00 &#8211; 14:00 uur Taxi Kosten bij benadering Taxi, Uber, Cabify van Luchthaven Malaga: \u20ac15 Maria Zambrano Malaga RENFE Station: 20 \u20ac. Locatie De basis ligt vlakbij het vliegveld van Malaga in &#8230; <a title=\"Andalusi\u00eb\" class=\"read-more\" href=\"https:\/\/southcamper.com\/nl\/andalusie\/\" aria-label=\"Lees meer over Andalusi\u00eb\">Lees verder<\/a><\/p>\n","protected":false},"author":9,"featured_media":0,"parent":0,"menu_order":0,"comment_status":"closed","ping_status":"closed","template":"elementor_header_footer","meta":{"_acf_changed":false,"footnotes":""},"class_list":["post-15148","page","type-page","status-publish"],"acf":[],"yoast_head":"<!-- This site is optimized with the Yoast SEO plugin v27.4 - https:\/\/yoast.com\/product\/yoast-seo-wordpress\/ -->\n<title>Tips voor uw camperreizen in Andalusi\u00eb<\/title>\n<meta name=\"description\" content=\"Wij bieden je zeer nuttige tips voor je camperreis in Andalusi\u00eb: routes en ervaringen, campergebieden, enz.\" \/>\n<meta name=\"robots\" content=\"index, follow, max-snippet:-1, max-image-preview:large, max-video-preview:-1\" \/>\n<link rel=\"canonical\" href=\"https:\/\/southcamper.com\/nl\/andalusie\/\" \/>\n<meta property=\"og:locale\" content=\"nl_NL\" \/>\n<meta property=\"og:type\" content=\"article\" \/>\n<meta property=\"og:title\" content=\"Tips voor uw camperreizen in Andalusi\u00eb\" \/>\n<meta property=\"og:description\" content=\"Wij bieden je zeer nuttige tips voor je camperreis in Andalusi\u00eb: routes en ervaringen, campergebieden, enz.\" \/>\n<meta property=\"og:url\" content=\"https:\/\/southcamper.com\/nl\/andalusie\/\" \/>\n<meta property=\"og:site_name\" content=\"Alquiler Autocaravanas SouthCamper\" \/>\n<meta property=\"article:publisher\" content=\"https:\/\/www.facebook.com\/southcampexperience\" \/>\n<meta property=\"article:modified_time\" content=\"2024-01-09T12:07:01+00:00\" \/>\n<meta property=\"og:image\" content=\"https:\/\/southcamper.com\/wp-content\/uploads\/2022\/01\/cordoba-alquiler-autocaravanas-andalucia-southcamper.jpeg\" \/>\n<meta name=\"twitter:card\" content=\"summary_large_image\" \/>\n<meta name=\"twitter:label1\" content=\"Geschatte leestijd\" \/>\n\t<meta name=\"twitter:data1\" content=\"4 minuten\" \/>\n<!-- \/ Yoast SEO plugin. -->","yoast_head_json":{"title":"Tips voor uw camperreizen in Andalusi\u00eb","description":"Wij bieden je zeer nuttige tips voor je camperreis in Andalusi\u00eb: routes en ervaringen, campergebieden, enz.","robots":{"index":"index","follow":"follow","max-snippet":"max-snippet:-1","max-image-preview":"max-image-preview:large","max-video-preview":"max-video-preview:-1"},"canonical":"https:\/\/southcamper.com\/nl\/andalusie\/","og_locale":"nl_NL","og_type":"article","og_title":"Tips voor uw camperreizen in Andalusi\u00eb","og_description":"Wij bieden je zeer nuttige tips voor je camperreis in Andalusi\u00eb: routes en ervaringen, campergebieden, enz.","og_url":"https:\/\/southcamper.com\/nl\/andalusie\/","og_site_name":"Alquiler Autocaravanas SouthCamper","article_publisher":"https:\/\/www.facebook.com\/southcampexperience","article_modified_time":"2024-01-09T12:07:01+00:00","og_image":[{"url":"https:\/\/southcamper.com\/wp-content\/uploads\/2022\/01\/cordoba-alquiler-autocaravanas-andalucia-southcamper.jpeg","type":"","width":"","height":""}],"twitter_card":"summary_large_image","twitter_misc":{"Geschatte leestijd":"4 minuten"},"schema":{"@context":"https:\/\/schema.org","@graph":[{"@type":"WebPage","@id":"https:\/\/southcamper.com\/nl\/andalusie\/","url":"https:\/\/southcamper.com\/nl\/andalusie\/","name":"Tips voor uw camperreizen in Andalusi\u00eb","isPartOf":{"@id":"https:\/\/southcamper.com\/nl\/#website"},"primaryImageOfPage":{"@id":"https:\/\/southcamper.com\/nl\/andalusie\/#primaryimage"},"image":{"@id":"https:\/\/southcamper.com\/nl\/andalusie\/#primaryimage"},"thumbnailUrl":"https:\/\/southcamper.com\/wp-content\/uploads\/2022\/01\/cordoba-alquiler-autocaravanas-andalucia-southcamper.jpeg","datePublished":"2020-09-16T09:02:08+00:00","dateModified":"2024-01-09T12:07:01+00:00","description":"Wij bieden je zeer nuttige tips voor je camperreis in Andalusi\u00eb: routes en ervaringen, campergebieden, enz.","breadcrumb":{"@id":"https:\/\/southcamper.com\/nl\/andalusie\/#breadcrumb"},"inLanguage":"nl-NL","potentialAction":[{"@type":"ReadAction","target":["https:\/\/southcamper.com\/nl\/andalusie\/"]}]},{"@type":"ImageObject","inLanguage":"nl-NL","@id":"https:\/\/southcamper.com\/nl\/andalusie\/#primaryimage","url":"https:\/\/southcamper.com\/wp-content\/uploads\/2022\/01\/cordoba-alquiler-autocaravanas-andalucia-southcamper.jpeg","contentUrl":"https:\/\/southcamper.com\/wp-content\/uploads\/2022\/01\/cordoba-alquiler-autocaravanas-andalucia-southcamper.jpeg"},{"@type":"BreadcrumbList","@id":"https:\/\/southcamper.com\/nl\/andalusie\/#breadcrumb","itemListElement":[{"@type":"ListItem","position":1,"name":"Portada","item":"https:\/\/southcamper.com\/nl\/home\/"},{"@type":"ListItem","position":2,"name":"Andalusi\u00eb"}]},{"@type":"WebSite","@id":"https:\/\/southcamper.com\/nl\/#website","url":"https:\/\/southcamper.com\/nl\/","name":"Alquiler Autocaravanas SouthCamper","description":"Alquiler Autocaravanas y Campers en M\u00e1laga","publisher":{"@id":"https:\/\/southcamper.com\/nl\/#organization"},"potentialAction":[{"@type":"SearchAction","target":{"@type":"EntryPoint","urlTemplate":"https:\/\/southcamper.com\/nl\/?s={search_term_string}"},"query-input":{"@type":"PropertyValueSpecification","valueRequired":true,"valueName":"search_term_string"}}],"inLanguage":"nl-NL"},{"@type":"Organization","@id":"https:\/\/southcamper.com\/nl\/#organization","name":"Southcamper","url":"https:\/\/southcamper.com\/nl\/","logo":{"@type":"ImageObject","inLanguage":"nl-NL","@id":"https:\/\/southcamper.com\/nl\/#\/schema\/logo\/image\/","url":"https:\/\/southcamper.com\/wp-content\/uploads\/2020\/09\/logo-southcamp-02.png","contentUrl":"https:\/\/southcamper.com\/wp-content\/uploads\/2020\/09\/logo-southcamp-02.png","width":2049,"height":522,"caption":"Southcamper"},"image":{"@id":"https:\/\/southcamper.com\/nl\/#\/schema\/logo\/image\/"},"sameAs":["https:\/\/www.facebook.com\/southcampexperience","https:\/\/www.instagram.com\/southcamper.experience\/"]}]}},"_links":{"self":[{"href":"https:\/\/southcamper.com\/nl\/wp-json\/wp\/v2\/pages\/15148","targetHints":{"allow":["GET"]}}],"collection":[{"href":"https:\/\/southcamper.com\/nl\/wp-json\/wp\/v2\/pages"}],"about":[{"href":"https:\/\/southcamper.com\/nl\/wp-json\/wp\/v2\/types\/page"}],"author":[{"embeddable":true,"href":"https:\/\/southcamper.com\/nl\/wp-json\/wp\/v2\/users\/9"}],"replies":[{"embeddable":true,"href":"https:\/\/southcamper.com\/nl\/wp-json\/wp\/v2\/comments?post=15148"}],"version-history":[{"count":0,"href":"https:\/\/southcamper.com\/nl\/wp-json\/wp\/v2\/pages\/15148\/revisions"}],"wp:attachment":[{"href":"https:\/\/southcamper.com\/nl\/wp-json\/wp\/v2\/media?parent=15148"}],"curies":[{"name":"wp","href":"https:\/\/api.w.org\/{rel}","templated":true}]}}